{"id":12,"date":"2023-09-02T00:17:15","date_gmt":"2023-09-02T00:17:15","guid":{"rendered":"https:\/\/igrejapresbiteriana.com\/?page_id=12"},"modified":"2025-10-07T13:16:03","modified_gmt":"2025-10-07T13:16:03","slug":"home","status":"publish","type":"page","link":"https:\/\/igrejapresbiteriana.com\/","title":{"rendered":"Home"},"content":{"rendered":"\t\t<div data-elementor-type=\"wp-page\" data-elementor-id=\"12\" class=\"elementor elementor-12\" data-elementor-post-type=\"page\">\n\t\t\t\t<div class=\"elementor-element elementor-element-174b844 e-con-full e-flex e-con e-parent\" data-id=\"174b844\" data-element_type=\"container\" data-e-type=\"container\" data-settings=\"{&quot;jet_parallax_layout_list&quot;:[]}\">\n\t\t\t\t<div class=\"elementor-element elementor-element-67927a7 elementor-widget elementor-widget-spacer\" data-id=\"67927a7\" data-element_type=\"widget\" data-e-type=\"widget\" data-widget_type=\"spacer.default\">\n\t\t\t\t<div class=\"elementor-widget-container\">\n\t\t\t\t\t\t\t<div class=\"elementor-spacer\">\n\t\t\t<div class=\"elementor-spacer-inner\"><\/div>\n\t\t<\/div>\n\t\t\t\t\t\t<\/div>\n\t\t\t\t<\/div>\n\t\t<div class=\"elementor-element elementor-element-9ad9875 e-con-full e-flex e-con e-child\" data-id=\"9ad9875\" data-element_type=\"container\" data-e-type=\"container\" data-settings=\"{&quot;jet_parallax_layout_list&quot;:[]}\">\n\t\t<div class=\"elementor-element elementor-element-e1cd538 e-con-full e-flex e-con e-child\" data-id=\"e1cd538\" data-element_type=\"container\" data-e-type=\"container\" data-settings=\"{&quot;jet_parallax_layout_list&quot;:[]}\">\n\t\t\t\t<div class=\"elementor-element elementor-element-c449916 elementor-widget elementor-widget-spacer\" data-id=\"c449916\" data-element_type=\"widget\" data-e-type=\"widget\" data-widget_type=\"spacer.default\">\n\t\t\t\t<div class=\"elementor-widget-container\">\n\t\t\t\t\t\t\t<div class=\"elementor-spacer\">\n\t\t\t<div class=\"elementor-spacer-inner\"><\/div>\n\t\t<\/div>\n\t\t\t\t\t\t<\/div>\n\t\t\t\t<\/div>\n\t\t\t\t<div class=\"elementor-element elementor-element-fb29b7b elementor-widget elementor-widget-image\" data-id=\"fb29b7b\" data-element_type=\"widget\" data-e-type=\"widget\" data-widget_type=\"image.default\">\n\t\t\t\t<div class=\"elementor-widget-container\">\n\t\t\t\t\t\t\t\t\t\t\t\t\t\t\t<img decoding=\"async\" width=\"375\" height=\"47\" src=\"https:\/\/igrejapresbiteriana.com\/wp-content\/uploads\/2023\/09\/logo.png\" class=\"attachment-large size-large wp-image-24\" alt=\"\" srcset=\"https:\/\/igrejapresbiteriana.com\/wp-content\/uploads\/2023\/09\/logo.png 375w, https:\/\/igrejapresbiteriana.com\/wp-content\/uploads\/2023\/09\/logo-300x38.png 300w\" sizes=\"(max-width: 375px) 100vw, 375px\" \/>\t\t\t\t\t\t\t\t\t\t\t\t\t\t\t<\/div>\n\t\t\t\t<\/div>\n\t\t\t\t<div class=\"elementor-element elementor-element-a673988 elementor-widget elementor-widget-spacer\" data-id=\"a673988\" data-element_type=\"widget\" data-e-type=\"widget\" data-widget_type=\"spacer.default\">\n\t\t\t\t<div class=\"elementor-widget-container\">\n\t\t\t\t\t\t\t<div class=\"elementor-spacer\">\n\t\t\t<div class=\"elementor-spacer-inner\"><\/div>\n\t\t<\/div>\n\t\t\t\t\t\t<\/div>\n\t\t\t\t<\/div>\n\t\t\t\t<div class=\"elementor-element elementor-element-f702840 elementor-widget elementor-widget-heading\" data-id=\"f702840\" data-element_type=\"widget\" data-e-type=\"widget\" data-widget_type=\"heading.default\">\n\t\t\t\t<div class=\"elementor-widget-container\">\n\t\t\t\t\t<h2 class=\"elementor-heading-title elementor-size-default\">Bem-vindo a<\/h2>\t\t\t\t<\/div>\n\t\t\t\t<\/div>\n\t\t\t\t<div class=\"elementor-element elementor-element-493431d elementor-widget__width-initial elementor-widget elementor-widget-heading\" data-id=\"493431d\" data-element_type=\"widget\" data-e-type=\"widget\" data-widget_type=\"heading.default\">\n\t\t\t\t<div class=\"elementor-widget-container\">\n\t\t\t\t\t<h2 class=\"elementor-heading-title elementor-size-default\">Igreja Presbiteriana <br>de Winter Garden<\/h2>\t\t\t\t<\/div>\n\t\t\t\t<\/div>\n\t\t\t\t<div class=\"elementor-element elementor-element-24891af e-grid-align-left elementor-shape-rounded elementor-grid-0 elementor-widget elementor-widget-social-icons\" data-id=\"24891af\" data-element_type=\"widget\" data-e-type=\"widget\" data-widget_type=\"social-icons.default\">\n\t\t\t\t<div class=\"elementor-widget-container\">\n\t\t\t\t\t\t\t<div class=\"elementor-social-icons-wrapper elementor-grid\" role=\"list\">\n\t\t\t\t\t\t\t<span class=\"elementor-grid-item\" role=\"listitem\">\n\t\t\t\t\t<a class=\"elementor-icon elementor-social-icon elementor-social-icon-facebook elementor-repeater-item-e1b1943\" target=\"_blank\">\n\t\t\t\t\t\t<span class=\"elementor-screen-only\">Facebook<\/span>\n\t\t\t\t\t\t<i aria-hidden=\"true\" class=\"fab fa-facebook\"><\/i>\t\t\t\t\t<\/a>\n\t\t\t\t<\/span>\n\t\t\t\t\t\t\t<span class=\"elementor-grid-item\" role=\"listitem\">\n\t\t\t\t\t<a class=\"elementor-icon elementor-social-icon elementor-social-icon-instagram elementor-repeater-item-41690af\" href=\"https:\/\/www.instagram.com\/presbiterianawintergarden\/\" target=\"_blank\">\n\t\t\t\t\t\t<span class=\"elementor-screen-only\">Instagram<\/span>\n\t\t\t\t\t\t<i aria-hidden=\"true\" class=\"fab fa-instagram\"><\/i>\t\t\t\t\t<\/a>\n\t\t\t\t<\/span>\n\t\t\t\t\t\t\t<span class=\"elementor-grid-item\" role=\"listitem\">\n\t\t\t\t\t<a class=\"elementor-icon elementor-social-icon elementor-social-icon-youtube elementor-repeater-item-658b1b3\" target=\"_blank\">\n\t\t\t\t\t\t<span class=\"elementor-screen-only\">Youtube<\/span>\n\t\t\t\t\t\t<i aria-hidden=\"true\" class=\"fab fa-youtube\"><\/i>\t\t\t\t\t<\/a>\n\t\t\t\t<\/span>\n\t\t\t\t\t<\/div>\n\t\t\t\t\t\t<\/div>\n\t\t\t\t<\/div>\n\t\t\t\t<\/div>\n\t\t\t\t<\/div>\n\t\t<div class=\"elementor-element elementor-element-672d278 e-con-full e-flex e-con e-child\" data-id=\"672d278\" data-element_type=\"container\" data-e-type=\"container\" data-settings=\"{&quot;background_background&quot;:&quot;classic&quot;,&quot;jet_parallax_layout_list&quot;:[]}\">\n\t\t\t\t<div class=\"elementor-element elementor-element-99bf669 elementor-widget elementor-widget-image\" data-id=\"99bf669\" data-element_type=\"widget\" data-e-type=\"widget\" data-widget_type=\"image.default\">\n\t\t\t\t<div class=\"elementor-widget-container\">\n\t\t\t\t\t\t\t\t\t\t\t\t\t\t\t<img fetchpriority=\"high\" decoding=\"async\" width=\"1323\" height=\"1327\" src=\"https:\/\/igrejapresbiteriana.com\/wp-content\/uploads\/2023\/09\/principal_.png\" class=\"attachment-1536x1536 size-1536x1536 wp-image-14\" alt=\"\" srcset=\"https:\/\/igrejapresbiteriana.com\/wp-content\/uploads\/2023\/09\/principal_.png 1323w, https:\/\/igrejapresbiteriana.com\/wp-content\/uploads\/2023\/09\/principal_-300x300.png 300w, https:\/\/igrejapresbiteriana.com\/wp-content\/uploads\/2023\/09\/principal_-1021x1024.png 1021w, https:\/\/igrejapresbiteriana.com\/wp-content\/uploads\/2023\/09\/principal_-150x150.png 150w, https:\/\/igrejapresbiteriana.com\/wp-content\/uploads\/2023\/09\/principal_-768x770.png 768w\" sizes=\"(max-width: 1323px) 100vw, 1323px\" \/>\t\t\t\t\t\t\t\t\t\t\t\t\t\t\t<\/div>\n\t\t\t\t<\/div>\n\t\t\t\t<\/div>\n\t\t\t\t<\/div>\n\t\t<div class=\"elementor-element elementor-element-06bfa4d e-con-full e-flex e-con e-parent\" data-id=\"06bfa4d\" data-element_type=\"container\" data-e-type=\"container\" data-settings=\"{&quot;jet_parallax_layout_list&quot;:[]}\">\n\t\t<div class=\"elementor-element elementor-element-35c0911 e-con-full e-flex e-con e-child\" data-id=\"35c0911\" data-element_type=\"container\" data-e-type=\"container\" data-settings=\"{&quot;jet_parallax_layout_list&quot;:[]}\">\n\t\t\t\t<div class=\"elementor-element elementor-element-3ab3f19 elementor-widget elementor-widget-image\" data-id=\"3ab3f19\" data-element_type=\"widget\" data-e-type=\"widget\" data-widget_type=\"image.default\">\n\t\t\t\t<div class=\"elementor-widget-container\">\n\t\t\t\t\t\t\t\t\t\t\t\t\t\t\t<img decoding=\"async\" width=\"800\" height=\"600\" src=\"https:\/\/igrejapresbiteriana.com\/wp-content\/uploads\/2024\/03\/WhatsApp-Image-2024-03-16-at-7.42.41-PM.jpeg\" class=\"attachment-large size-large wp-image-392\" alt=\"\" srcset=\"https:\/\/igrejapresbiteriana.com\/wp-content\/uploads\/2024\/03\/WhatsApp-Image-2024-03-16-at-7.42.41-PM.jpeg 1024w, https:\/\/igrejapresbiteriana.com\/wp-content\/uploads\/2024\/03\/WhatsApp-Image-2024-03-16-at-7.42.41-PM-300x225.jpeg 300w, https:\/\/igrejapresbiteriana.com\/wp-content\/uploads\/2024\/03\/WhatsApp-Image-2024-03-16-at-7.42.41-PM-768x576.jpeg 768w\" sizes=\"(max-width: 800px) 100vw, 800px\" \/>\t\t\t\t\t\t\t\t\t\t\t\t\t\t\t<\/div>\n\t\t\t\t<\/div>\n\t\t\t\t<\/div>\n\t\t<div class=\"elementor-element elementor-element-657a6c2 e-con-full e-flex e-con e-child\" data-id=\"657a6c2\" data-element_type=\"container\" data-e-type=\"container\" data-settings=\"{&quot;jet_parallax_layout_list&quot;:[]}\">\n\t\t\t\t<div class=\"elementor-element elementor-element-637974a elementor-widget elementor-widget-image\" data-id=\"637974a\" data-element_type=\"widget\" data-e-type=\"widget\" data-widget_type=\"image.default\">\n\t\t\t\t<div class=\"elementor-widget-container\">\n\t\t\t\t\t\t\t\t\t\t\t\t\t\t\t<img loading=\"lazy\" decoding=\"async\" width=\"516\" height=\"363\" src=\"https:\/\/igrejapresbiteriana.com\/wp-content\/uploads\/2023\/09\/3.png\" class=\"attachment-large size-large wp-image-118\" alt=\"\" srcset=\"https:\/\/igrejapresbiteriana.com\/wp-content\/uploads\/2023\/09\/3.png 516w, https:\/\/igrejapresbiteriana.com\/wp-content\/uploads\/2023\/09\/3-300x211.png 300w\" sizes=\"(max-width: 516px) 100vw, 516px\" \/>\t\t\t\t\t\t\t\t\t\t\t\t\t\t\t<\/div>\n\t\t\t\t<\/div>\n\t\t\t\t<\/div>\n\t\t<div class=\"elementor-element elementor-element-076378d e-con-full e-flex e-con e-child\" data-id=\"076378d\" data-element_type=\"container\" data-e-type=\"container\" data-settings=\"{&quot;jet_parallax_layout_list&quot;:[]}\">\n\t\t\t\t<div class=\"elementor-element elementor-element-9f70e53 elementor-widget elementor-widget-image\" data-id=\"9f70e53\" data-element_type=\"widget\" data-e-type=\"widget\" data-widget_type=\"image.default\">\n\t\t\t\t<div class=\"elementor-widget-container\">\n\t\t\t\t\t\t\t\t\t\t\t\t\t\t\t<img loading=\"lazy\" decoding=\"async\" width=\"509\" height=\"363\" src=\"https:\/\/igrejapresbiteriana.com\/wp-content\/uploads\/2023\/09\/4.png\" class=\"attachment-large size-large wp-image-119\" alt=\"\" srcset=\"https:\/\/igrejapresbiteriana.com\/wp-content\/uploads\/2023\/09\/4.png 509w, https:\/\/igrejapresbiteriana.com\/wp-content\/uploads\/2023\/09\/4-300x214.png 300w\" sizes=\"(max-width: 509px) 100vw, 509px\" \/>\t\t\t\t\t\t\t\t\t\t\t\t\t\t\t<\/div>\n\t\t\t\t<\/div>\n\t\t\t\t<\/div>\n\t\t\t\t<\/div>\n\t\t<div class=\"elementor-element elementor-element-04bc588 e-flex e-con-boxed e-con e-parent\" data-id=\"04bc588\" data-element_type=\"container\" data-e-type=\"container\" data-settings=\"{&quot;jet_parallax_layout_list&quot;:[]}\">\n\t\t\t\t\t<div class=\"e-con-inner\">\n\t\t<div class=\"elementor-element elementor-element-d65a330 e-con-full e-flex e-con e-child\" data-id=\"d65a330\" data-element_type=\"container\" data-e-type=\"container\" data-settings=\"{&quot;jet_parallax_layout_list&quot;:[]}\">\n\t\t\t\t<div class=\"elementor-element elementor-element-4626540 elementor-widget elementor-widget-jet-slider\" data-id=\"4626540\" data-element_type=\"widget\" data-e-type=\"widget\" data-settings=\"{&quot;slider_height&quot;:{&quot;unit&quot;:&quot;px&quot;,&quot;size&quot;:200,&quot;sizes&quot;:[]},&quot;slider_height_tablet&quot;:{&quot;unit&quot;:&quot;px&quot;,&quot;size&quot;:&quot;&quot;,&quot;sizes&quot;:[]},&quot;slider_height_mobile&quot;:{&quot;unit&quot;:&quot;px&quot;,&quot;size&quot;:&quot;&quot;,&quot;sizes&quot;:[]}}\" data-widget_type=\"jet-slider.default\">\n\t\t\t\t<div class=\"elementor-widget-container\">\n\t\t\t\t\t<div class=\"elementor-jet-slider jet-elements\">\n<div class=\"jet-slider jet-slider__image-exact\" data-settings='{\"sliderWidth\":{\"unit\":\"%\",\"size\":100,\"sizes\":[]},\"sliderHeight\":{\"unit\":\"px\",\"size\":200,\"sizes\":[]},\"sliderNavigation\":false,\"sliderNavigationIcon\":\"jet-slider__arrow-icon-4626540\",\"sliderNaviOnHover\":false,\"sliderPagination\":false,\"sliderAutoplay\":false,\"sliderAutoplayDelay\":5000,\"sliderAutoplayOnHover\":\"pause\",\"sliderFullScreen\":false,\"sliderFullscreenIcon\":\"jet-slider__fullscreen-icon-4626540\",\"sliderShuffle\":false,\"sliderLoop\":false,\"sliderFadeMode\":false,\"slideDistance\":{\"unit\":\"px\",\"size\":0,\"sizes\":[]},\"slideDuration\":500,\"imageScaleMode\":\"exact\",\"thumbnails\":false,\"thumbnailWidth\":120,\"thumbnailHeight\":80,\"rightToLeft\":false,\"touchswipe\":false,\"fractionPag\":false}'>\n\t\n<div class=\"slider-pro\"><div class=\"jet-slider__arrow-icon-4626540 hidden-html\"><\/div><div class=\"jet-slider__fullscreen-icon-4626540 hidden-html\"><\/div><div class=\"jet-slider__items sp-slides\">\n\n<div  class=\"jet-slider__item sp-slide elementor-repeater-item-f3d0ceb\"><img decoding=\"async\" class=\"sp-image\" src=\"https:\/\/igrejapresbiteriana.com\/wp-content\/uploads\/2023\/09\/afe-da-manha_.png\" alt=\"af\u00e9 da manha_\"><div class=\"jet-slider__content sp-layer \" data-position=\"centerCenter\" data-width=\"100%\" data-height=\"100%\" data-horizontal=\"0%\" data-show-transition=\"up\" data-show-duration=\"400\" data-show-delay=\"400\" >\n\t\t<div class=\"jet-slider__content-item\">\n\t\t\t<div class=\"jet-slider__content-inner\"><h5 class=\"jet-slider__title\">Domingo,<\/h5><h5 class=\"jet-slider__subtitle\">Caf\u00e9 da manh\u00e3 <br>\u00e0s 9:30 am<\/h5>\n\t\t\t\t\t\t<div class=\"jet-slider__button-wrapper\">\t\t\t\t\t\t<\/div><\/div>\n\t\t<\/div>\n\t\t\t<\/div>\n<\/div>\n\n<\/div>\n<\/div>\n<\/div>\n<\/div>\t\t\t\t<\/div>\n\t\t\t\t<\/div>\n\t\t\t\t<\/div>\n\t\t<div class=\"elementor-element elementor-element-ce48292 e-con-full e-flex e-con e-child\" data-id=\"ce48292\" data-element_type=\"container\" data-e-type=\"container\" data-settings=\"{&quot;jet_parallax_layout_list&quot;:[]}\">\n\t\t\t\t<div class=\"elementor-element elementor-element-5d2ece6 elementor-widget elementor-widget-jet-slider\" data-id=\"5d2ece6\" data-element_type=\"widget\" data-e-type=\"widget\" data-settings=\"{&quot;slider_height&quot;:{&quot;unit&quot;:&quot;px&quot;,&quot;size&quot;:200,&quot;sizes&quot;:[]},&quot;slider_height_tablet&quot;:{&quot;unit&quot;:&quot;px&quot;,&quot;size&quot;:&quot;&quot;,&quot;sizes&quot;:[]},&quot;slider_height_mobile&quot;:{&quot;unit&quot;:&quot;px&quot;,&quot;size&quot;:&quot;&quot;,&quot;sizes&quot;:[]}}\" data-widget_type=\"jet-slider.default\">\n\t\t\t\t<div class=\"elementor-widget-container\">\n\t\t\t\t\t<div class=\"elementor-jet-slider jet-elements\">\n<div class=\"jet-slider jet-slider__image-exact\" data-settings='{\"sliderWidth\":{\"unit\":\"%\",\"size\":100,\"sizes\":[]},\"sliderHeight\":{\"unit\":\"px\",\"size\":200,\"sizes\":[]},\"sliderNavigation\":false,\"sliderNavigationIcon\":\"jet-slider__arrow-icon-5d2ece6\",\"sliderNaviOnHover\":false,\"sliderPagination\":false,\"sliderAutoplay\":false,\"sliderAutoplayDelay\":5000,\"sliderAutoplayOnHover\":\"pause\",\"sliderFullScreen\":false,\"sliderFullscreenIcon\":\"jet-slider__fullscreen-icon-5d2ece6\",\"sliderShuffle\":false,\"sliderLoop\":false,\"sliderFadeMode\":false,\"slideDistance\":{\"unit\":\"px\",\"size\":10,\"sizes\":[]},\"slideDuration\":500,\"imageScaleMode\":\"exact\",\"thumbnails\":false,\"thumbnailWidth\":120,\"thumbnailHeight\":80,\"rightToLeft\":false,\"touchswipe\":false,\"fractionPag\":false}'>\n\t\n<div class=\"slider-pro\"><div class=\"jet-slider__arrow-icon-5d2ece6 hidden-html\"><\/div><div class=\"jet-slider__fullscreen-icon-5d2ece6 hidden-html\"><\/div><div class=\"jet-slider__items sp-slides\">\n\n<div  class=\"jet-slider__item sp-slide elementor-repeater-item-f3d0ceb\"><img decoding=\"async\" class=\"sp-image\" src=\"https:\/\/igrejapresbiteriana.com\/wp-content\/uploads\/2023\/09\/worship_.png\" alt=\"worship_\"><div class=\"jet-slider__content sp-layer \" data-position=\"centerCenter\" data-width=\"100%\" data-height=\"100%\" data-horizontal=\"0%\" data-show-transition=\"up\" data-show-duration=\"400\" data-show-delay=\"400\" >\n\t\t<div class=\"jet-slider__content-item\">\n\t\t\t<div class=\"jet-slider__content-inner\"><h5 class=\"jet-slider__title\">Domingo,<\/h5><h5 class=\"jet-slider__subtitle\">Culto <br>\u00e0s 10:30 am<\/h5>\n\t\t\t\t\t\t<div class=\"jet-slider__button-wrapper\">\t\t\t\t\t\t<\/div><\/div>\n\t\t<\/div>\n\t\t\t<\/div>\n<\/div>\n\n<\/div>\n<\/div>\n<\/div>\n<\/div>\t\t\t\t<\/div>\n\t\t\t\t<\/div>\n\t\t\t\t<\/div>\n\t\t<div class=\"elementor-element elementor-element-e8caddf e-con-full e-flex e-con e-child\" data-id=\"e8caddf\" data-element_type=\"container\" data-e-type=\"container\" data-settings=\"{&quot;jet_parallax_layout_list&quot;:[]}\">\n\t\t\t\t<div class=\"elementor-element elementor-element-e4e045e elementor-widget elementor-widget-jet-slider\" data-id=\"e4e045e\" data-element_type=\"widget\" data-e-type=\"widget\" data-settings=\"{&quot;slider_height&quot;:{&quot;unit&quot;:&quot;px&quot;,&quot;size&quot;:200,&quot;sizes&quot;:[]},&quot;slider_height_tablet&quot;:{&quot;unit&quot;:&quot;px&quot;,&quot;size&quot;:&quot;&quot;,&quot;sizes&quot;:[]},&quot;slider_height_mobile&quot;:{&quot;unit&quot;:&quot;px&quot;,&quot;size&quot;:&quot;&quot;,&quot;sizes&quot;:[]}}\" data-widget_type=\"jet-slider.default\">\n\t\t\t\t<div class=\"elementor-widget-container\">\n\t\t\t\t\t<div class=\"elementor-jet-slider jet-elements\">\n<div class=\"jet-slider jet-slider__image-exact\" data-settings='{\"sliderWidth\":{\"unit\":\"%\",\"size\":100,\"sizes\":[]},\"sliderHeight\":{\"unit\":\"px\",\"size\":200,\"sizes\":[]},\"sliderNavigation\":false,\"sliderNavigationIcon\":\"jet-slider__arrow-icon-e4e045e\",\"sliderNaviOnHover\":false,\"sliderPagination\":false,\"sliderAutoplay\":false,\"sliderAutoplayDelay\":5000,\"sliderAutoplayOnHover\":\"pause\",\"sliderFullScreen\":false,\"sliderFullscreenIcon\":\"jet-slider__fullscreen-icon-e4e045e\",\"sliderShuffle\":false,\"sliderLoop\":false,\"sliderFadeMode\":false,\"slideDistance\":{\"unit\":\"px\",\"size\":0,\"sizes\":[]},\"slideDuration\":500,\"imageScaleMode\":\"exact\",\"thumbnails\":false,\"thumbnailWidth\":120,\"thumbnailHeight\":80,\"rightToLeft\":false,\"touchswipe\":false,\"fractionPag\":false}'>\n\t\n<div class=\"slider-pro\"><div class=\"jet-slider__arrow-icon-e4e045e hidden-html\"><\/div><div class=\"jet-slider__fullscreen-icon-e4e045e hidden-html\"><\/div><div class=\"jet-slider__items sp-slides\">\n\n<div  class=\"jet-slider__item sp-slide elementor-repeater-item-f3d0ceb\"><img decoding=\"async\" class=\"sp-image\" src=\"https:\/\/igrejapresbiteriana.com\/wp-content\/uploads\/2023\/09\/sunday-scholol-2_.png\" alt=\"sunday scholol 2_\"><div class=\"jet-slider__content sp-layer \" data-position=\"centerCenter\" data-width=\"100%\" data-height=\"100%\" data-horizontal=\"0%\" data-show-transition=\"up\" data-show-duration=\"400\" data-show-delay=\"400\" >\n\t\t<div class=\"jet-slider__content-item\">\n\t\t\t<div class=\"jet-slider__content-inner\"><h5 class=\"jet-slider__title\">Domingo,<\/h5><h5 class=\"jet-slider__subtitle\">Escola B\u00edblica<br>\u00e0s 12 pm<\/h5>\n\t\t\t\t\t\t<div class=\"jet-slider__button-wrapper\">\t\t\t\t\t\t<\/div><\/div>\n\t\t<\/div>\n\t\t\t<\/div>\n<\/div>\n\n<\/div>\n<\/div>\n<\/div>\n<\/div>\t\t\t\t<\/div>\n\t\t\t\t<\/div>\n\t\t\t\t<\/div>\n\t\t\t\t\t<\/div>\n\t\t\t\t<\/div>\n\t\t<div class=\"elementor-element elementor-element-4080646 e-flex e-con-boxed e-con e-parent\" data-id=\"4080646\" data-element_type=\"container\" data-e-type=\"container\" data-settings=\"{&quot;jet_parallax_layout_list&quot;:[]}\">\n\t\t\t\t\t<div class=\"e-con-inner\">\n\t\t<div class=\"elementor-element elementor-element-93146e6 e-con-full e-flex e-con e-child\" data-id=\"93146e6\" data-element_type=\"container\" data-e-type=\"container\" data-settings=\"{&quot;jet_parallax_layout_list&quot;:[]}\">\n\t\t\t\t<div class=\"elementor-element elementor-element-a143390 elementor-hidden-desktop elementor-hidden-tablet elementor-widget elementor-widget-spacer\" data-id=\"a143390\" data-element_type=\"widget\" data-e-type=\"widget\" data-widget_type=\"spacer.default\">\n\t\t\t\t<div class=\"elementor-widget-container\">\n\t\t\t\t\t\t\t<div class=\"elementor-spacer\">\n\t\t\t<div class=\"elementor-spacer-inner\"><\/div>\n\t\t<\/div>\n\t\t\t\t\t\t<\/div>\n\t\t\t\t<\/div>\n\t\t\t\t<div class=\"elementor-element elementor-element-e757858 elementor-widget__width-initial elementor-widget elementor-widget-heading\" data-id=\"e757858\" data-element_type=\"widget\" data-e-type=\"widget\" data-widget_type=\"heading.default\">\n\t\t\t\t<div class=\"elementor-widget-container\">\n\t\t\t\t\t<h2 class=\"elementor-heading-title elementor-size-default\">Nossa Agenda<\/h2>\t\t\t\t<\/div>\n\t\t\t\t<\/div>\n\t\t\t\t<\/div>\n\t\t<div class=\"elementor-element elementor-element-cd2007e e-con-full e-flex e-con e-child\" data-id=\"cd2007e\" data-element_type=\"container\" data-e-type=\"container\" data-settings=\"{&quot;jet_parallax_layout_list&quot;:[]}\">\n\t\t\t\t<div class=\"elementor-element elementor-element-a211f6c elementor-widget elementor-widget-jet-slider\" data-id=\"a211f6c\" data-element_type=\"widget\" data-e-type=\"widget\" data-settings=\"{&quot;slider_height&quot;:{&quot;unit&quot;:&quot;px&quot;,&quot;size&quot;:200,&quot;sizes&quot;:[]},&quot;slider_height_tablet&quot;:{&quot;unit&quot;:&quot;px&quot;,&quot;size&quot;:&quot;&quot;,&quot;sizes&quot;:[]},&quot;slider_height_mobile&quot;:{&quot;unit&quot;:&quot;px&quot;,&quot;size&quot;:&quot;&quot;,&quot;sizes&quot;:[]}}\" data-widget_type=\"jet-slider.default\">\n\t\t\t\t<div class=\"elementor-widget-container\">\n\t\t\t\t\t<div class=\"elementor-jet-slider jet-elements\">\n<div class=\"jet-slider jet-slider__image-exact\" data-settings='{\"sliderWidth\":{\"unit\":\"%\",\"size\":97,\"sizes\":[]},\"sliderHeight\":{\"unit\":\"px\",\"size\":200,\"sizes\":[]},\"sliderNavigation\":false,\"sliderNavigationIcon\":\"jet-slider__arrow-icon-a211f6c\",\"sliderNaviOnHover\":false,\"sliderPagination\":false,\"sliderAutoplay\":false,\"sliderAutoplayDelay\":5000,\"sliderAutoplayOnHover\":\"pause\",\"sliderFullScreen\":false,\"sliderFullscreenIcon\":\"jet-slider__fullscreen-icon-a211f6c\",\"sliderShuffle\":false,\"sliderLoop\":false,\"sliderFadeMode\":false,\"slideDistance\":{\"unit\":\"px\",\"size\":\"\",\"sizes\":[]},\"slideDuration\":500,\"imageScaleMode\":\"exact\",\"thumbnails\":false,\"thumbnailWidth\":120,\"thumbnailHeight\":80,\"rightToLeft\":false,\"touchswipe\":false,\"fractionPag\":false}'>\n\t\n<div class=\"slider-pro\"><div class=\"jet-slider__arrow-icon-a211f6c hidden-html\"><\/div><div class=\"jet-slider__fullscreen-icon-a211f6c hidden-html\"><\/div><div class=\"jet-slider__items sp-slides\">\n\n<div  class=\"jet-slider__item sp-slide elementor-repeater-item-f3d0ceb\"><img decoding=\"async\" class=\"sp-image\" src=\"https:\/\/igrejapresbiteriana.com\/wp-content\/uploads\/2023\/09\/Almoco.png\" alt=\"Almo\u00e7o\"><div class=\"jet-slider__content sp-layer \" data-position=\"centerCenter\" data-width=\"100%\" data-height=\"100%\" data-horizontal=\"0%\" data-show-transition=\"up\" data-show-duration=\"400\" data-show-delay=\"400\" >\n\t\t<div class=\"jet-slider__content-item\">\n\t\t\t<div class=\"jet-slider__content-inner\"><h5 class=\"jet-slider__title\">Domingo,<\/h5><h5 class=\"jet-slider__subtitle\">Almo\u00e7o<br>\u00e0s 12 pm<\/h5><div class=\"jet-slider__desc\">TODO O PRIMEIRO <BR>\nDOMINGO DO M\u00caS<\/div>\n\t\t\t\t\t\t<div class=\"jet-slider__button-wrapper\">\t\t\t\t\t\t<\/div><\/div>\n\t\t<\/div>\n\t\t\t<\/div>\n<\/div>\n\n<\/div>\n<\/div>\n<\/div>\n<\/div>\t\t\t\t<\/div>\n\t\t\t\t<\/div>\n\t\t\t\t<\/div>\n\t\t<div class=\"elementor-element elementor-element-14e843a e-con-full e-flex e-con e-child\" data-id=\"14e843a\" data-element_type=\"container\" data-e-type=\"container\" data-settings=\"{&quot;jet_parallax_layout_list&quot;:[]}\">\n\t\t\t\t<div class=\"elementor-element elementor-element-4885060 elementor-widget elementor-widget-jet-slider\" data-id=\"4885060\" data-element_type=\"widget\" data-e-type=\"widget\" data-settings=\"{&quot;slider_height&quot;:{&quot;unit&quot;:&quot;px&quot;,&quot;size&quot;:200,&quot;sizes&quot;:[]},&quot;slider_height_tablet&quot;:{&quot;unit&quot;:&quot;px&quot;,&quot;size&quot;:&quot;&quot;,&quot;sizes&quot;:[]},&quot;slider_height_mobile&quot;:{&quot;unit&quot;:&quot;px&quot;,&quot;size&quot;:&quot;&quot;,&quot;sizes&quot;:[]}}\" data-widget_type=\"jet-slider.default\">\n\t\t\t\t<div class=\"elementor-widget-container\">\n\t\t\t\t\t<div class=\"elementor-jet-slider jet-elements\">\n<div class=\"jet-slider jet-slider__image-exact\" data-settings='{\"sliderWidth\":{\"unit\":\"%\",\"size\":95,\"sizes\":[]},\"sliderHeight\":{\"unit\":\"px\",\"size\":200,\"sizes\":[]},\"sliderNavigation\":false,\"sliderNavigationIcon\":\"jet-slider__arrow-icon-4885060\",\"sliderNaviOnHover\":false,\"sliderPagination\":false,\"sliderAutoplay\":false,\"sliderAutoplayDelay\":5000,\"sliderAutoplayOnHover\":\"pause\",\"sliderFullScreen\":false,\"sliderFullscreenIcon\":\"jet-slider__fullscreen-icon-4885060\",\"sliderShuffle\":false,\"sliderLoop\":false,\"sliderFadeMode\":false,\"slideDistance\":{\"unit\":\"px\",\"size\":10,\"sizes\":[]},\"slideDuration\":500,\"imageScaleMode\":\"exact\",\"thumbnails\":false,\"thumbnailWidth\":120,\"thumbnailHeight\":80,\"rightToLeft\":false,\"touchswipe\":false,\"fractionPag\":false}'>\n\t\n<div class=\"slider-pro\"><div class=\"jet-slider__arrow-icon-4885060 hidden-html\"><\/div><div class=\"jet-slider__fullscreen-icon-4885060 hidden-html\"><\/div><div class=\"jet-slider__items sp-slides\">\n\n<div  class=\"jet-slider__item sp-slide elementor-repeater-item-f3d0ceb\"><img decoding=\"async\" class=\"sp-image\" src=\"https:\/\/igrejapresbiteriana.com\/wp-content\/uploads\/2024\/03\/jovens.png\" alt=\"jovens\"><div class=\"jet-slider__content sp-layer \" data-position=\"centerCenter\" data-width=\"100%\" data-height=\"100%\" data-horizontal=\"0%\" data-show-transition=\"up\" data-show-duration=\"400\" data-show-delay=\"400\" >\n\t\t<div class=\"jet-slider__content-item\">\n\t\t\t<div class=\"jet-slider__content-inner\"><h5 class=\"jet-slider__title\">Sexta,<\/h5><h5 class=\"jet-slider__subtitle\">Encontro<br>dos Jovens <br> e adolescentes<br>\u00e0s 7:30 pm<\/h5><div class=\"jet-slider__desc\">TODAS AS  <BR>\nSEXTAS-FEIRAS DO M\u00caS<\/div>\n\t\t\t\t\t\t<div class=\"jet-slider__button-wrapper\">\t\t\t\t\t\t<\/div><\/div>\n\t\t<\/div>\n\t\t\t<\/div>\n<\/div>\n\n<\/div>\n<\/div>\n<\/div>\n<\/div>\t\t\t\t<\/div>\n\t\t\t\t<\/div>\n\t\t\t\t<\/div>\n\t\t\t\t\t<\/div>\n\t\t\t\t<\/div>\n\t\t<div class=\"elementor-element elementor-element-6dbdb6a e-flex e-con-boxed e-con e-parent\" data-id=\"6dbdb6a\" data-element_type=\"container\" data-e-type=\"container\" data-settings=\"{&quot;jet_parallax_layout_list&quot;:[]}\">\n\t\t\t\t\t<div class=\"e-con-inner\">\n\t\t<div class=\"elementor-element elementor-element-84af3b7 e-con-full e-flex e-con e-child\" data-id=\"84af3b7\" data-element_type=\"container\" data-e-type=\"container\" data-settings=\"{&quot;jet_parallax_layout_list&quot;:[]}\">\n\t\t\t\t<div class=\"elementor-element elementor-element-2638fa1 elementor-widget elementor-widget-jet-slider\" data-id=\"2638fa1\" data-element_type=\"widget\" data-e-type=\"widget\" data-settings=\"{&quot;slider_height&quot;:{&quot;unit&quot;:&quot;px&quot;,&quot;size&quot;:200,&quot;sizes&quot;:[]},&quot;slider_height_tablet&quot;:{&quot;unit&quot;:&quot;px&quot;,&quot;size&quot;:&quot;&quot;,&quot;sizes&quot;:[]},&quot;slider_height_mobile&quot;:{&quot;unit&quot;:&quot;px&quot;,&quot;size&quot;:&quot;&quot;,&quot;sizes&quot;:[]}}\" data-widget_type=\"jet-slider.default\">\n\t\t\t\t<div class=\"elementor-widget-container\">\n\t\t\t\t\t<div class=\"elementor-jet-slider jet-elements\">\n<div class=\"jet-slider jet-slider__image-exact\" data-settings='{\"sliderWidth\":{\"unit\":\"%\",\"size\":96,\"sizes\":[]},\"sliderHeight\":{\"unit\":\"px\",\"size\":200,\"sizes\":[]},\"sliderNavigation\":false,\"sliderNavigationIcon\":\"jet-slider__arrow-icon-2638fa1\",\"sliderNaviOnHover\":false,\"sliderPagination\":false,\"sliderAutoplay\":false,\"sliderAutoplayDelay\":5000,\"sliderAutoplayOnHover\":\"pause\",\"sliderFullScreen\":false,\"sliderFullscreenIcon\":\"jet-slider__fullscreen-icon-2638fa1\",\"sliderShuffle\":false,\"sliderLoop\":false,\"sliderFadeMode\":false,\"slideDistance\":{\"unit\":\"px\",\"size\":0,\"sizes\":[]},\"slideDuration\":500,\"imageScaleMode\":\"exact\",\"thumbnails\":false,\"thumbnailWidth\":120,\"thumbnailHeight\":80,\"rightToLeft\":false,\"touchswipe\":false,\"fractionPag\":false}'>\n\t\n<div class=\"slider-pro\"><div class=\"jet-slider__arrow-icon-2638fa1 hidden-html\"><\/div><div class=\"jet-slider__fullscreen-icon-2638fa1 hidden-html\"><\/div><div class=\"jet-slider__items sp-slides\">\n\n<div  class=\"jet-slider__item sp-slide elementor-repeater-item-f3d0ceb\"><img decoding=\"async\" class=\"sp-image\" src=\"https:\/\/igrejapresbiteriana.com\/wp-content\/uploads\/2023\/09\/reuniao-das-mulhers.png\" alt=\"reuni\u00e3o das mulhers\"><div class=\"jet-slider__content sp-layer \" data-position=\"centerCenter\" data-width=\"100%\" data-height=\"100%\" data-horizontal=\"0%\" data-show-transition=\"up\" data-show-duration=\"400\" data-show-delay=\"400\" >\n\t\t<div class=\"jet-slider__content-item\">\n\t\t\t<div class=\"jet-slider__content-inner\"><h5 class=\"jet-slider__title\">Ter\u00e7a,<\/h5><h5 class=\"jet-slider__subtitle\">Reuni\u00e3o <br>das Mulheres<br>\u00e0s 7:30 pm<\/h5><div class=\"jet-slider__desc\">TODA QUARTA<BR>TER\u00c7A-FEIRA DO M\u00caS<\/div>\n\t\t\t\t\t\t<div class=\"jet-slider__button-wrapper\">\t\t\t\t\t\t<\/div><\/div>\n\t\t<\/div>\n\t\t\t<\/div>\n<\/div>\n\n<\/div>\n<\/div>\n<\/div>\n<\/div>\t\t\t\t<\/div>\n\t\t\t\t<\/div>\n\t\t\t\t<\/div>\n\t\t<div class=\"elementor-element elementor-element-f6bf637 e-con-full e-flex e-con e-child\" data-id=\"f6bf637\" data-element_type=\"container\" data-e-type=\"container\" data-settings=\"{&quot;jet_parallax_layout_list&quot;:[]}\">\n\t\t\t\t<div class=\"elementor-element elementor-element-e21c193 elementor-widget elementor-widget-jet-slider\" data-id=\"e21c193\" data-element_type=\"widget\" data-e-type=\"widget\" data-settings=\"{&quot;slider_height&quot;:{&quot;unit&quot;:&quot;px&quot;,&quot;size&quot;:200,&quot;sizes&quot;:[]},&quot;slider_height_tablet&quot;:{&quot;unit&quot;:&quot;px&quot;,&quot;size&quot;:&quot;&quot;,&quot;sizes&quot;:[]},&quot;slider_height_mobile&quot;:{&quot;unit&quot;:&quot;px&quot;,&quot;size&quot;:&quot;&quot;,&quot;sizes&quot;:[]}}\" data-widget_type=\"jet-slider.default\">\n\t\t\t\t<div class=\"elementor-widget-container\">\n\t\t\t\t\t<div class=\"elementor-jet-slider jet-elements\">\n<div class=\"jet-slider jet-slider__image-exact\" data-settings='{\"sliderWidth\":{\"unit\":\"%\",\"size\":100,\"sizes\":[]},\"sliderHeight\":{\"unit\":\"px\",\"size\":200,\"sizes\":[]},\"sliderNavigation\":false,\"sliderNavigationIcon\":\"jet-slider__arrow-icon-e21c193\",\"sliderNaviOnHover\":false,\"sliderPagination\":false,\"sliderAutoplay\":false,\"sliderAutoplayDelay\":5000,\"sliderAutoplayOnHover\":\"pause\",\"sliderFullScreen\":false,\"sliderFullscreenIcon\":\"jet-slider__fullscreen-icon-e21c193\",\"sliderShuffle\":false,\"sliderLoop\":false,\"sliderFadeMode\":false,\"slideDistance\":{\"unit\":\"px\",\"size\":\"\",\"sizes\":[]},\"slideDuration\":500,\"imageScaleMode\":\"exact\",\"thumbnails\":false,\"thumbnailWidth\":120,\"thumbnailHeight\":80,\"rightToLeft\":false,\"touchswipe\":false,\"fractionPag\":false}'>\n\t\n<div class=\"slider-pro\"><div class=\"jet-slider__arrow-icon-e21c193 hidden-html\"><\/div><div class=\"jet-slider__fullscreen-icon-e21c193 hidden-html\"><\/div><div class=\"jet-slider__items sp-slides\">\n\n<div  class=\"jet-slider__item sp-slide elementor-repeater-item-f3d0ceb\"><img decoding=\"async\" class=\"sp-image\" src=\"https:\/\/igrejapresbiteriana.com\/wp-content\/uploads\/2023\/09\/reuniao-dos-homens.png\" alt=\"reuni\u00e3o dos homens\"><div class=\"jet-slider__content sp-layer \" data-position=\"centerCenter\" data-width=\"100%\" data-height=\"100%\" data-horizontal=\"0%\" data-show-transition=\"up\" data-show-duration=\"400\" data-show-delay=\"400\" >\n\t\t<div class=\"jet-slider__content-item\">\n\t\t\t<div class=\"jet-slider__content-inner\"><h5 class=\"jet-slider__title\">Ter\u00e7a,<\/h5><h5 class=\"jet-slider__subtitle\">Reuni\u00e3o <br>dos Homens<br>\u00e0s 7:30 pm<\/h5><div class=\"jet-slider__desc\">TODA SEGUNDA<BR>TER\u00c7A-FEIRA  DO M\u00caS<\/div>\n\t\t\t\t\t\t<div class=\"jet-slider__button-wrapper\">\t\t\t\t\t\t<\/div><\/div>\n\t\t<\/div>\n\t\t\t<\/div>\n<\/div>\n\n<\/div>\n<\/div>\n<\/div>\n<\/div>\t\t\t\t<\/div>\n\t\t\t\t<\/div>\n\t\t\t\t<\/div>\n\t\t<div class=\"elementor-element elementor-element-41885b8 e-con-full e-flex e-con e-child\" data-id=\"41885b8\" data-element_type=\"container\" data-e-type=\"container\" data-settings=\"{&quot;jet_parallax_layout_list&quot;:[]}\">\n\t\t\t\t<div class=\"elementor-element elementor-element-6597c49 elementor-widget elementor-widget-jet-slider\" data-id=\"6597c49\" data-element_type=\"widget\" data-e-type=\"widget\" data-settings=\"{&quot;slider_height&quot;:{&quot;unit&quot;:&quot;px&quot;,&quot;size&quot;:200,&quot;sizes&quot;:[]},&quot;slider_height_tablet&quot;:{&quot;unit&quot;:&quot;px&quot;,&quot;size&quot;:&quot;&quot;,&quot;sizes&quot;:[]},&quot;slider_height_mobile&quot;:{&quot;unit&quot;:&quot;px&quot;,&quot;size&quot;:&quot;&quot;,&quot;sizes&quot;:[]}}\" data-widget_type=\"jet-slider.default\">\n\t\t\t\t<div class=\"elementor-widget-container\">\n\t\t\t\t\t<div class=\"elementor-jet-slider jet-elements\">\n<div class=\"jet-slider jet-slider__image-exact\" data-settings='{\"sliderWidth\":{\"unit\":\"%\",\"size\":140,\"sizes\":[]},\"sliderHeight\":{\"unit\":\"px\",\"size\":200,\"sizes\":[]},\"sliderNavigation\":false,\"sliderNavigationIcon\":\"jet-slider__arrow-icon-6597c49\",\"sliderNaviOnHover\":false,\"sliderPagination\":false,\"sliderAutoplay\":false,\"sliderAutoplayDelay\":5000,\"sliderAutoplayOnHover\":\"pause\",\"sliderFullScreen\":false,\"sliderFullscreenIcon\":\"jet-slider__fullscreen-icon-6597c49\",\"sliderShuffle\":false,\"sliderLoop\":false,\"sliderFadeMode\":false,\"slideDistance\":{\"unit\":\"px\",\"size\":0,\"sizes\":[]},\"slideDuration\":500,\"imageScaleMode\":\"exact\",\"thumbnails\":false,\"thumbnailWidth\":120,\"thumbnailHeight\":80,\"rightToLeft\":false,\"touchswipe\":false,\"fractionPag\":false}'>\n\t\n<div class=\"slider-pro\"><div class=\"jet-slider__arrow-icon-6597c49 hidden-html\"><\/div><div class=\"jet-slider__fullscreen-icon-6597c49 hidden-html\"><\/div><div class=\"jet-slider__items sp-slides\">\n\n<div  class=\"jet-slider__item sp-slide elementor-repeater-item-f3d0ceb\"><img decoding=\"async\" class=\"sp-image\" src=\"https:\/\/igrejapresbiteriana.com\/wp-content\/uploads\/2024\/03\/Group-30.png\" alt=\"Group 30\"><div class=\"jet-slider__content sp-layer \" data-position=\"centerCenter\" data-width=\"100%\" data-height=\"100%\" data-horizontal=\"0%\" data-show-transition=\"up\" data-show-duration=\"400\" data-show-delay=\"400\" >\n\t\t<div class=\"jet-slider__content-item\">\n\t\t\t<div class=\"jet-slider__content-inner\"><h5 class=\"jet-slider__title\">Quinta,<\/h5><h5 class=\"jet-slider__subtitle\">Grupos <br>Familiares<br>\u00e0s 7:30 pm<\/h5><div class=\"jet-slider__desc\">TODAS AS <br>QUINTAS-FEIRAS DO M\u00caS<\/div>\n\t\t\t\t\t\t<div class=\"jet-slider__button-wrapper\">\t\t\t\t\t\t<\/div><\/div>\n\t\t<\/div>\n\t\t\t<\/div>\n<\/div>\n\n<\/div>\n<\/div>\n<\/div>\n<\/div>\t\t\t\t<\/div>\n\t\t\t\t<\/div>\n\t\t\t\t<\/div>\n\t\t\t\t\t<\/div>\n\t\t\t\t<\/div>\n\t\t<div class=\"elementor-element elementor-element-62f1558 e-con-full elementor-hidden-desktop elementor-hidden-tablet e-flex e-con e-parent\" data-id=\"62f1558\" data-element_type=\"container\" data-e-type=\"container\" data-settings=\"{&quot;jet_parallax_layout_list&quot;:[]}\">\n\t\t\t\t<div class=\"elementor-element elementor-element-fa04410 elementor-widget__width-inherit elementor-widget elementor-widget-jet-tabs\" data-id=\"fa04410\" data-element_type=\"widget\" data-e-type=\"widget\" data-settings=\"{&quot;no_active_tabs&quot;:&quot;yes&quot;,&quot;tabs_position&quot;:&quot;top&quot;}\" data-widget_type=\"jet-tabs.default\">\n\t\t\t\t<div class=\"elementor-widget-container\">\n\t\t\t\t\t\t\t<div class=\"jet-tabs jet-tabs-position-top jet-tabs-fade-effect \" data-settings=\"{&quot;activeIndex&quot;:-1,&quot;event&quot;:&quot;click&quot;,&quot;autoSwitch&quot;:false,&quot;autoSwitchDelay&quot;:3000,&quot;ajaxTemplate&quot;:false,&quot;tabsPosition&quot;:&quot;top&quot;,&quot;switchScrolling&quot;:false,&quot;switchScrollingOffset&quot;:0}\" role=\"tablist\">\n\t\t\t<div class=\"jet-tabs__control-wrapper\">\n\t\t\t\t<div id=\"jet-tabs-control-2621\" class=\"jet-tabs__control jet-tabs__control-icon-left elementor-menu-anchor \" data-tab=\"1\" tabindex=\"0\" role=\"tab\" aria-controls=\"jet-tabs-content-2621\" aria-expanded=\"true\" data-template-id=\"222\"><div class=\"jet-tabs__control-inner\"><img decoding=\"async\" class=\"jet-tabs__label-image\" src=\"https:\/\/igrejapresbiteriana.com\/wp-content\/uploads\/2023\/10\/quem-somos_.png\" alt=\"\"><\/div><\/div>\t\t\t<\/div>\n\t\t\t<div class=\"jet-tabs__content-wrapper\">\n\t\t\t\t<div id=\"jet-tabs-content-2621\" class=\"jet-tabs__content \" data-tab=\"1\" role=\"tabpanel\" aria-hidden=\"false\" data-template-id=\"222\">\t\t<div data-elementor-type=\"container\" data-elementor-id=\"222\" class=\"elementor elementor-222\" data-elementor-post-type=\"elementor_library\">\n\t\t\t\t<div class=\"elementor-element elementor-element-5084e65 e-flex e-con-boxed e-con e-parent\" data-id=\"5084e65\" data-element_type=\"container\" data-e-type=\"container\" data-settings=\"{&quot;jet_parallax_layout_list&quot;:[]}\">\n\t\t\t\t\t<div class=\"e-con-inner\">\n\t\t\t\t<div class=\"elementor-element elementor-element-d67fc94 elementor-widget__width-initial elementor-widget elementor-widget-heading\" data-id=\"d67fc94\" data-element_type=\"widget\" data-e-type=\"widget\" data-widget_type=\"heading.default\">\n\t\t\t\t<div class=\"elementor-widget-container\">\n\t\t\t\t\t<h2 class=\"elementor-heading-title elementor-size-default\">Nossa Hist\u00f3ria<\/h2>\t\t\t\t<\/div>\n\t\t\t\t<\/div>\n\t\t\t\t\t<\/div>\n\t\t\t\t<\/div>\n\t\t<div class=\"elementor-element elementor-element-5619f6a e-flex e-con-boxed e-con e-parent\" data-id=\"5619f6a\" data-element_type=\"container\" data-e-type=\"container\" data-settings=\"{&quot;jet_parallax_layout_list&quot;:[]}\">\n\t\t\t\t\t<div class=\"e-con-inner\">\n\t\t\t\t<div class=\"elementor-element elementor-element-9be819a elementor-widget elementor-widget-heading\" data-id=\"9be819a\" data-element_type=\"widget\" data-e-type=\"widget\" data-widget_type=\"heading.default\">\n\t\t\t\t<div class=\"elementor-widget-container\">\n\t\t\t\t\t<h2 class=\"elementor-heading-title elementor-size-default\">Nossa igreja nasceu em abril de 2006 sob o nome Christian Church of Orlando quando o Pastor Roberto Boselli \ne sua fam\u00edlia come\u00e7aram a se reunir em Orlando. Em um ano, \u00e0 medida que a congrega\u00e7\u00e3o cresceu, foram aben\u00e7oados por adquirir um pr\u00e9dio \nna mesma regi\u00e3o, fornecendo um lar permanente para suas reuni\u00f5es. <p><p>\nDesde ent\u00e3o, nosso caminho tem sido guiado pelo desejo de formar uma comunidade dedicada a viver vidas com prop\u00f3sito por meio \nde um relacionamento com Jesus Cristo.\n<p><p>\nEm 2010, a equipe de lideran\u00e7a composta pelo Pastor Roberto Boselli e pelos di\u00e1conos Jose Pestana e Rafael Boselli come\u00e7ou a se conectar com \na f\u00e9 Reformada Hist\u00f3rica. Conforme aprofundavam seu estudo da B\u00edblia, Teologia e Hist\u00f3ria da Igreja, sua compreens\u00e3o da Justifica\u00e7\u00e3o pela \nF\u00e9 Somente se tornou mais profunda. Eles reconheceram que o \u00fanico m\u00e9rito de Jesus Cristo forma a base exclusiva de nossa justifica\u00e7\u00e3o. Em 2013,\n esse compromisso gerou uma mudan\u00e7a transformadora na identidade da igreja, levando \u00e0 ado\u00e7\u00e3o \ndo nome \"Reformed Christian Church of Orlando\" (Igreja Crist\u00e3 Reformada de Orlando).\n\n<p><p>\nEm 2023, alinhado com o amadurecimento de nossas convic\u00e7\u00f5es teol\u00f3gicas e para fortalecer esse compromisso, enfatizamos ainda mais nossa \ndedica\u00e7\u00e3o em atender ao chamado b\u00edblico para a unidade da igreja, conforme destacado em Jo\u00e3o 17:21: \"Para que todos sejam um, como tu, \u00f3 Pai, \no \u00e9s em mim, e eu, em ti; que tamb\u00e9m eles sejam um em n\u00f3s, para que o mundo creia que tu me enviaste\". Esse processo culminou em nossa decis\u00e3o r\nesoluta de mudar o nome da igreja para \"Presbyterian Church in Winter Garden\" (Igreja Presbiteriana em Winter Garden).<\/h2>\t\t\t\t<\/div>\n\t\t\t\t<\/div>\n\t\t\t\t<div class=\"elementor-element elementor-element-56f2382 elementor-widget elementor-widget-image\" data-id=\"56f2382\" data-element_type=\"widget\" data-e-type=\"widget\" data-widget_type=\"image.default\">\n\t\t\t\t<div class=\"elementor-widget-container\">\n\t\t\t\t\t\t\t\t\t\t\t\t\t\t\t<img loading=\"lazy\" decoding=\"async\" width=\"800\" height=\"367\" src=\"https:\/\/igrejapresbiteriana.com\/wp-content\/uploads\/2023\/09\/LOGO-GRAFICA-19-1024x470.png\" class=\"attachment-large size-large wp-image-223\" alt=\"\" srcset=\"https:\/\/igrejapresbiteriana.com\/wp-content\/uploads\/2023\/09\/LOGO-GRAFICA-19-1024x470.png 1024w, https:\/\/igrejapresbiteriana.com\/wp-content\/uploads\/2023\/09\/LOGO-GRAFICA-19-300x138.png 300w, https:\/\/igrejapresbiteriana.com\/wp-content\/uploads\/2023\/09\/LOGO-GRAFICA-19-768x352.png 768w, https:\/\/igrejapresbiteriana.com\/wp-content\/uploads\/2023\/09\/LOGO-GRAFICA-19.png 1251w\" sizes=\"(max-width: 800px) 100vw, 800px\" \/>\t\t\t\t\t\t\t\t\t\t\t\t\t\t\t<\/div>\n\t\t\t\t<\/div>\n\t\t\t\t<div class=\"elementor-element elementor-element-a98b638 elementor-view-default elementor-widget elementor-widget-icon\" data-id=\"a98b638\" data-element_type=\"widget\" data-e-type=\"widget\" data-widget_type=\"icon.default\">\n\t\t\t\t<div class=\"elementor-widget-container\">\n\t\t\t\t\t\t\t<div class=\"elementor-icon-wrapper\">\n\t\t\t<div class=\"elementor-icon\">\n\t\t\t<i aria-hidden=\"true\" class=\"fas fa-arrow-down\"><\/i>\t\t\t<\/div>\n\t\t<\/div>\n\t\t\t\t\t\t<\/div>\n\t\t\t\t<\/div>\n\t\t\t\t\t<\/div>\n\t\t\t\t<\/div>\n\t\t\t\t<\/div>\n\t\t<\/div>\t\t\t<\/div>\n\t\t<\/div>\n\t\t\t\t\t\t<\/div>\n\t\t\t\t<\/div>\n\t\t\t\t<\/div>\n\t\t<div class=\"elementor-element elementor-element-8dcf50c e-con-full elementor-hidden-desktop elementor-hidden-tablet e-flex e-con e-parent\" data-id=\"8dcf50c\" data-element_type=\"container\" data-e-type=\"container\" data-settings=\"{&quot;jet_parallax_layout_list&quot;:[]}\">\n\t\t\t\t<div class=\"elementor-element elementor-element-ee34853 elementor-widget__width-inherit elementor-widget elementor-widget-jet-tabs\" data-id=\"ee34853\" data-element_type=\"widget\" data-e-type=\"widget\" data-settings=\"{&quot;no_active_tabs&quot;:&quot;yes&quot;,&quot;tabs_position&quot;:&quot;top&quot;}\" data-widget_type=\"jet-tabs.default\">\n\t\t\t\t<div class=\"elementor-widget-container\">\n\t\t\t\t\t\t\t<div class=\"jet-tabs jet-tabs-position-top jet-tabs-fade-effect \" data-settings=\"{&quot;activeIndex&quot;:-1,&quot;event&quot;:&quot;click&quot;,&quot;autoSwitch&quot;:false,&quot;autoSwitchDelay&quot;:3000,&quot;ajaxTemplate&quot;:false,&quot;tabsPosition&quot;:&quot;top&quot;,&quot;switchScrolling&quot;:false,&quot;switchScrollingOffset&quot;:0}\" role=\"tablist\">\n\t\t\t<div class=\"jet-tabs__control-wrapper\">\n\t\t\t\t<div id=\"jet-tabs-control-2491\" class=\"jet-tabs__control jet-tabs__control-icon-left elementor-menu-anchor \" data-tab=\"1\" tabindex=\"0\" role=\"tab\" aria-controls=\"jet-tabs-content-2491\" aria-expanded=\"true\" data-template-id=\"265\"><div class=\"jet-tabs__control-inner\"><img decoding=\"async\" class=\"jet-tabs__label-image\" src=\"https:\/\/igrejapresbiteriana.com\/wp-content\/uploads\/2023\/10\/nossa-lideranca-2_.png\" alt=\"\"><\/div><\/div>\t\t\t<\/div>\n\t\t\t<div class=\"jet-tabs__content-wrapper\">\n\t\t\t\t<div id=\"jet-tabs-content-2491\" class=\"jet-tabs__content \" data-tab=\"1\" role=\"tabpanel\" aria-hidden=\"false\" data-template-id=\"265\">\t\t<div data-elementor-type=\"container\" data-elementor-id=\"265\" class=\"elementor elementor-265\" data-elementor-post-type=\"elementor_library\">\n\t\t\t\t<div class=\"elementor-element elementor-element-29b820c e-flex e-con-boxed e-con e-parent\" data-id=\"29b820c\" data-element_type=\"container\" data-e-type=\"container\" data-settings=\"{&quot;jet_parallax_layout_list&quot;:[]}\">\n\t\t\t\t\t<div class=\"e-con-inner\">\n\t\t\t\t<div class=\"elementor-element elementor-element-a8d74f7 elementor-widget__width-initial elementor-widget elementor-widget-heading\" data-id=\"a8d74f7\" data-element_type=\"widget\" data-e-type=\"widget\" data-widget_type=\"heading.default\">\n\t\t\t\t<div class=\"elementor-widget-container\">\n\t\t\t\t\t<h2 class=\"elementor-heading-title elementor-size-default\">Nossa Lideran\u00e7a<\/h2>\t\t\t\t<\/div>\n\t\t\t\t<\/div>\n\t\t\t\t\t<\/div>\n\t\t\t\t<\/div>\n\t\t<div class=\"elementor-element elementor-element-86038f0 e-flex e-con-boxed e-con e-parent\" data-id=\"86038f0\" data-element_type=\"container\" data-e-type=\"container\" data-settings=\"{&quot;jet_parallax_layout_list&quot;:[]}\">\n\t\t\t\t\t<div class=\"e-con-inner\">\n\t\t<div class=\"elementor-element elementor-element-49bbc6b e-con-full e-flex e-con e-child\" data-id=\"49bbc6b\" data-element_type=\"container\" data-e-type=\"container\" data-settings=\"{&quot;jet_parallax_layout_list&quot;:[]}\">\n\t\t\t\t<div class=\"elementor-element elementor-element-31d03af elementor-widget elementor-widget-image\" data-id=\"31d03af\" data-element_type=\"widget\" data-e-type=\"widget\" data-widget_type=\"image.default\">\n\t\t\t\t<div class=\"elementor-widget-container\">\n\t\t\t\t\t\t\t\t\t\t\t\t\t\t\t<img loading=\"lazy\" decoding=\"async\" width=\"683\" height=\"1024\" src=\"https:\/\/igrejapresbiteriana.com\/wp-content\/uploads\/2023\/09\/MG_1795-683x1024.jpg\" class=\"attachment-large size-large wp-image-501\" alt=\"\" srcset=\"https:\/\/igrejapresbiteriana.com\/wp-content\/uploads\/2023\/09\/MG_1795-683x1024.jpg 683w, https:\/\/igrejapresbiteriana.com\/wp-content\/uploads\/2023\/09\/MG_1795-200x300.jpg 200w, https:\/\/igrejapresbiteriana.com\/wp-content\/uploads\/2023\/09\/MG_1795-768x1152.jpg 768w, https:\/\/igrejapresbiteriana.com\/wp-content\/uploads\/2023\/09\/MG_1795-1024x1536.jpg 1024w, https:\/\/igrejapresbiteriana.com\/wp-content\/uploads\/2023\/09\/MG_1795-1365x2048.jpg 1365w, https:\/\/igrejapresbiteriana.com\/wp-content\/uploads\/2023\/09\/MG_1795-scaled.jpg 1707w\" sizes=\"(max-width: 683px) 100vw, 683px\" \/>\t\t\t\t\t\t\t\t\t\t\t\t\t\t\t<\/div>\n\t\t\t\t<\/div>\n\t\t\t\t<div class=\"elementor-element elementor-element-fcd79ec elementor-widget__width-initial elementor-widget elementor-widget-heading\" data-id=\"fcd79ec\" data-element_type=\"widget\" data-e-type=\"widget\" data-widget_type=\"heading.default\">\n\t\t\t\t<div class=\"elementor-widget-container\">\n\t\t\t\t\t<h2 class=\"elementor-heading-title elementor-size-default\">Pastor (CPT)<\/h2>\t\t\t\t<\/div>\n\t\t\t\t<\/div>\n\t\t\t\t<div class=\"elementor-element elementor-element-cf6fe66 elementor-widget__width-initial elementor-widget elementor-widget-heading\" data-id=\"cf6fe66\" data-element_type=\"widget\" data-e-type=\"widget\" data-widget_type=\"heading.default\">\n\t\t\t\t<div class=\"elementor-widget-container\">\n\t\t\t\t\t<h2 class=\"elementor-heading-title elementor-size-default\">Celso Berwanger<\/h2>\t\t\t\t<\/div>\n\t\t\t\t<\/div>\n\t\t\t\t<\/div>\n\t\t<div class=\"elementor-element elementor-element-77094d3 e-con-full e-flex e-con e-child\" data-id=\"77094d3\" data-element_type=\"container\" data-e-type=\"container\" data-settings=\"{&quot;jet_parallax_layout_list&quot;:[]}\">\n\t\t\t\t<div class=\"elementor-element elementor-element-2d57927 elementor-widget elementor-widget-image\" data-id=\"2d57927\" data-element_type=\"widget\" data-e-type=\"widget\" data-widget_type=\"image.default\">\n\t\t\t\t<div class=\"elementor-widget-container\">\n\t\t\t\t\t\t\t\t\t\t\t\t\t\t\t<img loading=\"lazy\" decoding=\"async\" width=\"683\" height=\"1024\" src=\"https:\/\/igrejapresbiteriana.com\/wp-content\/uploads\/2023\/09\/MG_1789-683x1024.jpg\" class=\"attachment-large size-large wp-image-503\" alt=\"\" srcset=\"https:\/\/igrejapresbiteriana.com\/wp-content\/uploads\/2023\/09\/MG_1789-683x1024.jpg 683w, https:\/\/igrejapresbiteriana.com\/wp-content\/uploads\/2023\/09\/MG_1789-200x300.jpg 200w, https:\/\/igrejapresbiteriana.com\/wp-content\/uploads\/2023\/09\/MG_1789-768x1152.jpg 768w, https:\/\/igrejapresbiteriana.com\/wp-content\/uploads\/2023\/09\/MG_1789-1024x1536.jpg 1024w, https:\/\/igrejapresbiteriana.com\/wp-content\/uploads\/2023\/09\/MG_1789-1365x2048.jpg 1365w, https:\/\/igrejapresbiteriana.com\/wp-content\/uploads\/2023\/09\/MG_1789-scaled.jpg 1707w\" sizes=\"(max-width: 683px) 100vw, 683px\" \/>\t\t\t\t\t\t\t\t\t\t\t\t\t\t\t<\/div>\n\t\t\t\t<\/div>\n\t\t\t\t<div class=\"elementor-element elementor-element-ceb843f elementor-widget__width-initial elementor-widget elementor-widget-heading\" data-id=\"ceb843f\" data-element_type=\"widget\" data-e-type=\"widget\" data-widget_type=\"heading.default\">\n\t\t\t\t<div class=\"elementor-widget-container\">\n\t\t\t\t\t<h2 class=\"elementor-heading-title elementor-size-default\">Presb\u00edtero Regente<\/h2>\t\t\t\t<\/div>\n\t\t\t\t<\/div>\n\t\t\t\t<div class=\"elementor-element elementor-element-abc7161 elementor-widget__width-initial elementor-widget elementor-widget-heading\" data-id=\"abc7161\" data-element_type=\"widget\" data-e-type=\"widget\" data-widget_type=\"heading.default\">\n\t\t\t\t<div class=\"elementor-widget-container\">\n\t\t\t\t\t<h2 class=\"elementor-heading-title elementor-size-default\">Vinicius Lara<\/h2>\t\t\t\t<\/div>\n\t\t\t\t<\/div>\n\t\t\t\t<\/div>\n\t\t<div class=\"elementor-element elementor-element-d231a5b e-con-full e-flex e-con e-child\" data-id=\"d231a5b\" data-element_type=\"container\" data-e-type=\"container\" data-settings=\"{&quot;jet_parallax_layout_list&quot;:[]}\">\n\t\t\t\t<div class=\"elementor-element elementor-element-b0b3f09 elementor-widget elementor-widget-image\" data-id=\"b0b3f09\" data-element_type=\"widget\" data-e-type=\"widget\" data-widget_type=\"image.default\">\n\t\t\t\t<div class=\"elementor-widget-container\">\n\t\t\t\t\t\t\t\t\t\t\t\t\t\t\t<img loading=\"lazy\" decoding=\"async\" width=\"683\" height=\"1024\" src=\"https:\/\/igrejapresbiteriana.com\/wp-content\/uploads\/2023\/09\/MG_1793-683x1024.jpg\" class=\"attachment-large size-large wp-image-502\" alt=\"\" srcset=\"https:\/\/igrejapresbiteriana.com\/wp-content\/uploads\/2023\/09\/MG_1793-683x1024.jpg 683w, https:\/\/igrejapresbiteriana.com\/wp-content\/uploads\/2023\/09\/MG_1793-200x300.jpg 200w, https:\/\/igrejapresbiteriana.com\/wp-content\/uploads\/2023\/09\/MG_1793-768x1152.jpg 768w, https:\/\/igrejapresbiteriana.com\/wp-content\/uploads\/2023\/09\/MG_1793-1024x1536.jpg 1024w, https:\/\/igrejapresbiteriana.com\/wp-content\/uploads\/2023\/09\/MG_1793-1365x2048.jpg 1365w, https:\/\/igrejapresbiteriana.com\/wp-content\/uploads\/2023\/09\/MG_1793-scaled.jpg 1707w\" sizes=\"(max-width: 683px) 100vw, 683px\" \/>\t\t\t\t\t\t\t\t\t\t\t\t\t\t\t<\/div>\n\t\t\t\t<\/div>\n\t\t\t\t<div class=\"elementor-element elementor-element-e3a4849 elementor-widget__width-initial elementor-widget elementor-widget-heading\" data-id=\"e3a4849\" data-element_type=\"widget\" data-e-type=\"widget\" data-widget_type=\"heading.default\">\n\t\t\t\t<div class=\"elementor-widget-container\">\n\t\t\t\t\t<h2 class=\"elementor-heading-title elementor-size-default\">Presb\u00edtero Regente<\/h2>\t\t\t\t<\/div>\n\t\t\t\t<\/div>\n\t\t\t\t<div class=\"elementor-element elementor-element-2e32422 elementor-widget__width-initial elementor-widget elementor-widget-heading\" data-id=\"2e32422\" data-element_type=\"widget\" data-e-type=\"widget\" data-widget_type=\"heading.default\">\n\t\t\t\t<div class=\"elementor-widget-container\">\n\t\t\t\t\t<h2 class=\"elementor-heading-title elementor-size-default\">Andre Carvalho<\/h2>\t\t\t\t<\/div>\n\t\t\t\t<\/div>\n\t\t\t\t<\/div>\n\t\t\t\t\t<\/div>\n\t\t\t\t<\/div>\n\t\t<div class=\"elementor-element elementor-element-f0b5055 e-flex e-con-boxed e-con e-parent\" data-id=\"f0b5055\" data-element_type=\"container\" data-e-type=\"container\" data-settings=\"{&quot;jet_parallax_layout_list&quot;:[]}\">\n\t\t\t\t\t<div class=\"e-con-inner\">\n\t\t<div class=\"elementor-element elementor-element-43c5d9b e-con-full e-flex e-con e-child\" data-id=\"43c5d9b\" data-element_type=\"container\" data-e-type=\"container\" data-settings=\"{&quot;jet_parallax_layout_list&quot;:[]}\">\n\t\t\t\t<div class=\"elementor-element elementor-element-4f27263 elementor-widget elementor-widget-image\" data-id=\"4f27263\" data-element_type=\"widget\" data-e-type=\"widget\" data-widget_type=\"image.default\">\n\t\t\t\t<div class=\"elementor-widget-container\">\n\t\t\t\t\t\t\t\t\t\t\t\t\t\t\t<img loading=\"lazy\" decoding=\"async\" width=\"576\" height=\"1024\" src=\"https:\/\/igrejapresbiteriana.com\/wp-content\/uploads\/2023\/09\/WhatsApp-Image-2026-01-28-at-15.59.54-576x1024.jpeg\" class=\"attachment-large size-large wp-image-509\" alt=\"\" srcset=\"https:\/\/igrejapresbiteriana.com\/wp-content\/uploads\/2023\/09\/WhatsApp-Image-2026-01-28-at-15.59.54-576x1024.jpeg 576w, https:\/\/igrejapresbiteriana.com\/wp-content\/uploads\/2023\/09\/WhatsApp-Image-2026-01-28-at-15.59.54-169x300.jpeg 169w, https:\/\/igrejapresbiteriana.com\/wp-content\/uploads\/2023\/09\/WhatsApp-Image-2026-01-28-at-15.59.54-768x1365.jpeg 768w, https:\/\/igrejapresbiteriana.com\/wp-content\/uploads\/2023\/09\/WhatsApp-Image-2026-01-28-at-15.59.54-864x1536.jpeg 864w, https:\/\/igrejapresbiteriana.com\/wp-content\/uploads\/2023\/09\/WhatsApp-Image-2026-01-28-at-15.59.54.jpeg 900w\" sizes=\"(max-width: 576px) 100vw, 576px\" \/>\t\t\t\t\t\t\t\t\t\t\t\t\t\t\t<\/div>\n\t\t\t\t<\/div>\n\t\t\t\t<div class=\"elementor-element elementor-element-43adf29 elementor-widget__width-initial elementor-widget elementor-widget-heading\" data-id=\"43adf29\" data-element_type=\"widget\" data-e-type=\"widget\" data-widget_type=\"heading.default\">\n\t\t\t\t<div class=\"elementor-widget-container\">\n\t\t\t\t\t<h2 class=\"elementor-heading-title elementor-size-default\">Di\u00e1cono<\/h2>\t\t\t\t<\/div>\n\t\t\t\t<\/div>\n\t\t\t\t<div class=\"elementor-element elementor-element-7aa2ace elementor-widget__width-initial elementor-widget elementor-widget-heading\" data-id=\"7aa2ace\" data-element_type=\"widget\" data-e-type=\"widget\" data-widget_type=\"heading.default\">\n\t\t\t\t<div class=\"elementor-widget-container\">\n\t\t\t\t\t<h2 class=\"elementor-heading-title elementor-size-default\">Guilherme Morais<\/h2>\t\t\t\t<\/div>\n\t\t\t\t<\/div>\n\t\t\t\t<\/div>\n\t\t<div class=\"elementor-element elementor-element-837eb58 e-con-full e-flex e-con e-child\" data-id=\"837eb58\" data-element_type=\"container\" data-e-type=\"container\" data-settings=\"{&quot;jet_parallax_layout_list&quot;:[]}\">\n\t\t\t\t<div class=\"elementor-element elementor-element-f64bf22 elementor-widget elementor-widget-image\" data-id=\"f64bf22\" data-element_type=\"widget\" data-e-type=\"widget\" data-widget_type=\"image.default\">\n\t\t\t\t<div class=\"elementor-widget-container\">\n\t\t\t\t\t\t\t\t\t\t\t\t\t\t\t<img loading=\"lazy\" decoding=\"async\" width=\"576\" height=\"1024\" src=\"https:\/\/igrejapresbiteriana.com\/wp-content\/uploads\/2023\/09\/WhatsApp-Image-2026-01-28-at-15.59.54-1-576x1024.jpeg\" class=\"attachment-large size-large wp-image-508\" alt=\"Marcelo\" srcset=\"https:\/\/igrejapresbiteriana.com\/wp-content\/uploads\/2023\/09\/WhatsApp-Image-2026-01-28-at-15.59.54-1-576x1024.jpeg 576w, https:\/\/igrejapresbiteriana.com\/wp-content\/uploads\/2023\/09\/WhatsApp-Image-2026-01-28-at-15.59.54-1-169x300.jpeg 169w, https:\/\/igrejapresbiteriana.com\/wp-content\/uploads\/2023\/09\/WhatsApp-Image-2026-01-28-at-15.59.54-1-768x1365.jpeg 768w, https:\/\/igrejapresbiteriana.com\/wp-content\/uploads\/2023\/09\/WhatsApp-Image-2026-01-28-at-15.59.54-1-864x1536.jpeg 864w, https:\/\/igrejapresbiteriana.com\/wp-content\/uploads\/2023\/09\/WhatsApp-Image-2026-01-28-at-15.59.54-1.jpeg 900w\" sizes=\"(max-width: 576px) 100vw, 576px\" \/>\t\t\t\t\t\t\t\t\t\t\t\t\t\t\t<\/div>\n\t\t\t\t<\/div>\n\t\t\t\t<div class=\"elementor-element elementor-element-fd0ad13 elementor-widget__width-initial elementor-widget elementor-widget-heading\" data-id=\"fd0ad13\" data-element_type=\"widget\" data-e-type=\"widget\" data-widget_type=\"heading.default\">\n\t\t\t\t<div class=\"elementor-widget-container\">\n\t\t\t\t\t<h2 class=\"elementor-heading-title elementor-size-default\">Di\u00e1cono<\/h2>\t\t\t\t<\/div>\n\t\t\t\t<\/div>\n\t\t\t\t<div class=\"elementor-element elementor-element-1636b41 elementor-widget__width-initial elementor-widget elementor-widget-heading\" data-id=\"1636b41\" data-element_type=\"widget\" data-e-type=\"widget\" data-widget_type=\"heading.default\">\n\t\t\t\t<div class=\"elementor-widget-container\">\n\t\t\t\t\t<h2 class=\"elementor-heading-title elementor-size-default\">Marcelo Comelli<\/h2>\t\t\t\t<\/div>\n\t\t\t\t<\/div>\n\t\t\t\t<\/div>\n\t\t\t\t\t<\/div>\n\t\t\t\t<\/div>\n\t\t<div class=\"elementor-element elementor-element-756e9ff e-flex e-con-boxed e-con e-parent\" data-id=\"756e9ff\" data-element_type=\"container\" data-e-type=\"container\" data-settings=\"{&quot;jet_parallax_layout_list&quot;:[]}\">\n\t\t\t\t\t<div class=\"e-con-inner\">\n\t\t<div class=\"elementor-element elementor-element-2ab27e6 e-con-full e-flex e-con e-child\" data-id=\"2ab27e6\" data-element_type=\"container\" data-e-type=\"container\" data-settings=\"{&quot;jet_parallax_layout_list&quot;:[]}\">\n\t\t\t\t<div class=\"elementor-element elementor-element-445d8ce elementor-widget elementor-widget-image\" data-id=\"445d8ce\" data-element_type=\"widget\" data-e-type=\"widget\" data-widget_type=\"image.default\">\n\t\t\t\t<div class=\"elementor-widget-container\">\n\t\t\t\t\t\t\t\t\t\t\t\t\t\t\t<img loading=\"lazy\" decoding=\"async\" width=\"800\" height=\"600\" src=\"https:\/\/igrejapresbiteriana.com\/wp-content\/uploads\/2023\/09\/WhatsApp-Image-2023-09-11-at-8.30.29-PM-1024x768.jpeg\" class=\"attachment-large size-large wp-image-266\" alt=\"\" srcset=\"https:\/\/igrejapresbiteriana.com\/wp-content\/uploads\/2023\/09\/WhatsApp-Image-2023-09-11-at-8.30.29-PM-1024x768.jpeg 1024w, https:\/\/igrejapresbiteriana.com\/wp-content\/uploads\/2023\/09\/WhatsApp-Image-2023-09-11-at-8.30.29-PM-300x225.jpeg 300w, https:\/\/igrejapresbiteriana.com\/wp-content\/uploads\/2023\/09\/WhatsApp-Image-2023-09-11-at-8.30.29-PM-768x576.jpeg 768w, https:\/\/igrejapresbiteriana.com\/wp-content\/uploads\/2023\/09\/WhatsApp-Image-2023-09-11-at-8.30.29-PM.jpeg 1200w\" sizes=\"(max-width: 800px) 100vw, 800px\" \/>\t\t\t\t\t\t\t\t\t\t\t\t\t\t\t<\/div>\n\t\t\t\t<\/div>\n\t\t\t\t<div class=\"elementor-element elementor-element-72e201f elementor-widget__width-initial elementor-widget elementor-widget-heading\" data-id=\"72e201f\" data-element_type=\"widget\" data-e-type=\"widget\" data-widget_type=\"heading.default\">\n\t\t\t\t<div class=\"elementor-widget-container\">\n\t\t\t\t\t<h2 class=\"elementor-heading-title elementor-size-default\">Pastor Em\u00e9rito<\/h2>\t\t\t\t<\/div>\n\t\t\t\t<\/div>\n\t\t\t\t<div class=\"elementor-element elementor-element-df1320d elementor-widget__width-initial elementor-widget elementor-widget-heading\" data-id=\"df1320d\" data-element_type=\"widget\" data-e-type=\"widget\" data-widget_type=\"heading.default\">\n\t\t\t\t<div class=\"elementor-widget-container\">\n\t\t\t\t\t<h2 class=\"elementor-heading-title elementor-size-default\">Roberto Boselli<\/h2>\t\t\t\t<\/div>\n\t\t\t\t<\/div>\n\t\t\t\t<\/div>\n\t\t\t\t\t<\/div>\n\t\t\t\t<\/div>\n\t\t\t\t<\/div>\n\t\t<\/div>\t\t\t<\/div>\n\t\t<\/div>\n\t\t\t\t\t\t<\/div>\n\t\t\t\t<\/div>\n\t\t\t\t<\/div>\n\t\t<div class=\"elementor-element elementor-element-951c542 e-con-full elementor-hidden-desktop elementor-hidden-tablet e-flex e-con e-parent\" data-id=\"951c542\" data-element_type=\"container\" data-e-type=\"container\" data-settings=\"{&quot;jet_parallax_layout_list&quot;:[]}\">\n\t\t\t\t<div class=\"elementor-element elementor-element-fb8f71e elementor-widget__width-inherit elementor-widget elementor-widget-jet-tabs\" data-id=\"fb8f71e\" data-element_type=\"widget\" data-e-type=\"widget\" data-settings=\"{&quot;no_active_tabs&quot;:&quot;yes&quot;,&quot;tabs_position&quot;:&quot;top&quot;}\" data-widget_type=\"jet-tabs.default\">\n\t\t\t\t<div class=\"elementor-widget-container\">\n\t\t\t\t\t\t\t<div class=\"jet-tabs jet-tabs-position-top jet-tabs-fade-effect \" data-settings=\"{&quot;activeIndex&quot;:-1,&quot;event&quot;:&quot;click&quot;,&quot;autoSwitch&quot;:false,&quot;autoSwitchDelay&quot;:3000,&quot;ajaxTemplate&quot;:false,&quot;tabsPosition&quot;:&quot;top&quot;,&quot;switchScrolling&quot;:false,&quot;switchScrollingOffset&quot;:0}\" role=\"tablist\">\n\t\t\t<div class=\"jet-tabs__control-wrapper\">\n\t\t\t\t<div id=\"jet-tabs-control-2631\" class=\"jet-tabs__control jet-tabs__control-icon-left elementor-menu-anchor \" data-tab=\"1\" tabindex=\"0\" role=\"tab\" aria-controls=\"jet-tabs-content-2631\" aria-expanded=\"true\" data-template-id=\"232\"><div class=\"jet-tabs__control-inner\"><img decoding=\"async\" class=\"jet-tabs__label-image\" src=\"https:\/\/igrejapresbiteriana.com\/wp-content\/uploads\/2023\/10\/declaracao-de-fe_.png\" alt=\"\"><\/div><\/div>\t\t\t<\/div>\n\t\t\t<div class=\"jet-tabs__content-wrapper\">\n\t\t\t\t<div id=\"jet-tabs-content-2631\" class=\"jet-tabs__content \" data-tab=\"1\" role=\"tabpanel\" aria-hidden=\"false\" data-template-id=\"232\">\t\t<div data-elementor-type=\"container\" data-elementor-id=\"232\" class=\"elementor elementor-232\" data-elementor-post-type=\"elementor_library\">\n\t\t\t\t<div class=\"elementor-element elementor-element-732cd62 e-flex e-con-boxed e-con e-parent\" data-id=\"732cd62\" data-element_type=\"container\" data-e-type=\"container\" data-settings=\"{&quot;jet_parallax_layout_list&quot;:[]}\">\n\t\t\t\t\t<div class=\"e-con-inner\">\n\t\t\t\t<div class=\"elementor-element elementor-element-73c60fa elementor-widget__width-initial elementor-widget elementor-widget-heading\" data-id=\"73c60fa\" data-element_type=\"widget\" data-e-type=\"widget\" data-widget_type=\"heading.default\">\n\t\t\t\t<div class=\"elementor-widget-container\">\n\t\t\t\t\t<h2 class=\"elementor-heading-title elementor-size-default\">Declara\u00e7\u00e3o de F\u00e9<\/h2>\t\t\t\t<\/div>\n\t\t\t\t<\/div>\n\t\t\t\t<div class=\"elementor-element elementor-element-875aec9 elementor-widget elementor-widget-spacer\" data-id=\"875aec9\" data-element_type=\"widget\" data-e-type=\"widget\" data-widget_type=\"spacer.default\">\n\t\t\t\t<div class=\"elementor-widget-container\">\n\t\t\t\t\t\t\t<div class=\"elementor-spacer\">\n\t\t\t<div class=\"elementor-spacer-inner\"><\/div>\n\t\t<\/div>\n\t\t\t\t\t\t<\/div>\n\t\t\t\t<\/div>\n\t\t\t\t<div class=\"elementor-element elementor-element-1a11385 elementor-widget elementor-widget-heading\" data-id=\"1a11385\" data-element_type=\"widget\" data-e-type=\"widget\" data-widget_type=\"heading.default\">\n\t\t\t\t<div class=\"elementor-widget-container\">\n\t\t\t\t\t<h2 class=\"elementor-heading-title elementor-size-default\"><h2>As Escrituras<\/h2>\n<p>N&oacute;s estamos comprometidos com a suprema autoridade e completa veracidade da Palavra de Deus e acreditamos que as Sagradas Escrituras do Antigo e Novo Testamento s&atilde;o a Palavra de Deus verbalmente inspirada, a autoridade final para a f&eacute; e a vida, sem erros nos escritos originais, infal&iacute;vel e inspirada por Deus (2 Tim&oacute;teo 3:16, 17; 2 Pedro 1:20, 21; Mateus 5:18; Jo&atilde;o 16:12, 13).<\/p>\n<p>Acreditamos que as inten&ccedil;&otilde;es de Deus, reveladas na B&iacute;blia, s&atilde;o a suprema e final autoridade para testar todas as reivindica&ccedil;&otilde;es sobre o que &eacute; verdadeiro e correto. Em assuntos n&atilde;o abordados pela B&iacute;blia, o que &eacute; verdadeiro e correto &eacute; avaliado de acordo com crit&eacute;rios consistentes com os ensinamentos das Escrituras.<\/p>\n<p>Portanto, o processo de descobrir a inten&ccedil;&atilde;o de Deus na B&iacute;blia - que &eacute; seu significado mais completo, &eacute; um esfor&ccedil;o humilde e cuidadoso para encontrar na linguagem das Escrituras o que os autores humanos pretendiam comunicar. Limita&ccedil;&otilde;es, vi&eacute;s tradicional, pecado pessoal e pressupostos culturais muitas vezes obscurecem os textos b&iacute;blicos. Por essa raz&atilde;o, o trabalho do Esp&iacute;rito Santo &eacute; essencial para a compreens&atilde;o correta da B&iacute;blia, e a ora&ccedil;&atilde;o por Sua assist&ecirc;ncia faz parte de um esfor&ccedil;o adequado para entender e aplicar a Palavra de Deus.<\/p>\n<p>Central para nossa adora&ccedil;&atilde;o est&aacute; a proclama&ccedil;&atilde;o da Palavra de Deus por meio da exposi&ccedil;&atilde;o b&iacute;blica, na tradi&ccedil;&atilde;o da f&eacute; e pr&aacute;tica da Reforma. Nossa Teologia &eacute; evang&eacute;lica ao afirmar, com o protestantismo hist&oacute;rico, doutrinas vitais como Sola Scriptura e Sola Fide.<\/p>\n<p>Acreditamos que a Palavra de Deus fornece instru&ccedil;&otilde;es claras n&atilde;o apenas para o caminho da salva&ccedil;&atilde;o, mas tamb&eacute;m para a vida cotidiana do homem no mundo, Sua cura divina e o Esp&iacute;rito Santo nos auxiliando na perseveran&ccedil;a. Acreditamos que todas as esferas e dom&iacute;nios da vida, inclusive a educa&ccedil;&atilde;o, devem estar sujeitos &agrave;s ordenan&ccedil;as e &agrave; gl&oacute;ria de Deus. \"Portanto, quer comais, quer bebais ou fa&ccedil;ais qualquer outra coisa, fazei tudo para a gl&oacute;ria de Deus\" (1 Cor&iacute;ntios 10:31).<\/p>\n<h3>As cren&ccedil;as teol&oacute;gicas b&aacute;sicas dos Reformadores no s&eacute;culo XVI<\/h3>\n<p><strong>Sola Scriptura<\/strong> - A B&iacute;blia &eacute; a &uacute;nica revela&ccedil;&atilde;o divina escrita, nossa &uacute;nica regra infal&iacute;vel para f&eacute; e vida, e sozinha pode vincular a consci&ecirc;ncia dos crentes de forma absoluta (Mateus 4:4; 2 Tim&oacute;teo 3:16).<\/p>\n<p><strong>Sola Fide<\/strong> - A justifica&ccedil;&atilde;o &eacute; somente pela f&eacute;. Pela gra&ccedil;a gratuita de Deus, a justi&ccedil;a de Jesus Cristo &eacute; imputada a n&oacute;s pela f&eacute; e &eacute; a &uacute;nica base de nossa aceita&ccedil;&atilde;o por Deus, pela qual nossos pecados s&atilde;o perdoados (Romanos 5:1; G&aacute;latas 2:16; Ef&eacute;sios 2:8-10).<\/p>\n<p><strong>Solus Christus<\/strong> - Jesus Cristo &eacute; o &uacute;nico mediador por meio de cuja obra somos redimidos (Jo&atilde;o 14:6; Jo&atilde;o 3:16).<\/p>\n<p><strong>Sola Gratia<\/strong> - Nossa salva&ccedil;&atilde;o repousa unicamente na obra da gra&ccedil;a de Deus por n&oacute;s (Romanos 2:4; Ef&eacute;sios 2:8-10).<\/p>\n<p><strong>Soli Deo Gloria<\/strong> - A salva&ccedil;&atilde;o &eacute; de Deus e foi realizada por Deus, portanto, somente a Deus pertence a gl&oacute;ria (Isa&iacute;as 42:8; Colossenses 3:17).<\/p>\n<p>&nbsp;<\/p>\n<h2>A Trindade<\/h2>\n<p>Todos n&oacute;s acreditamos com o cora&ccedil;&atilde;o e confessamos com a boca que h&aacute; um &uacute;nico ser simples e espiritual, que chamamos de Deus; e que Ele &eacute; santo, amoroso, eterno, incompreens&iacute;vel, invis&iacute;vel, imut&aacute;vel, infinito, onipotente, perfeitamente s&aacute;bio, justo, bom e a fonte abundante de todo bem.<\/p>\n<p>N&oacute;s tamb&eacute;m acreditamos em um &uacute;nico Deus, que &eacute; a &uacute;nica ess&ecirc;ncia, na qual existem tr&ecirc;s pessoas, realmente, verdadeiramente e eternamente distintas, de acordo com suas propriedades incomunic&aacute;veis; a saber, o Pai, o Filho e o Esp&iacute;rito Santo.<\/p>\n<p>O Pai nunca esteve sem seu Filho ou sem seu Esp&iacute;rito Santo. Pois todos os tr&ecirc;s s&atilde;o coeternos e coessenciais. N&atilde;o h&aacute; primeiro nem &uacute;ltimo: pois todos os tr&ecirc;s s&atilde;o realmente um, em verdade, poder, bondade e miseric&oacute;rdia. Assim, cada Pessoa na Divindade &eacute; plenamente e completamente Deus.<\/p>\n<h2>Salva&ccedil;&atilde;o e Elei&ccedil;&atilde;o Eterna<\/h2>\n<p>Acreditamos que toda a descend&ecirc;ncia de Ad&atilde;o, estando assim ca&iacute;da na perdi&ccedil;&atilde;o e na ru&iacute;na, pelo pecado de nossos primeiros pais, Deus ent&atilde;o se manifestou como Ele &eacute;; ou seja, misericordioso e justo.<\/p>\n<p>Misericordioso; pois Ele liberta e preserva dessa perdi&ccedil;&atilde;o todos aqueles que Ele, em Seu conselho eterno e imut&aacute;vel de pura bondade, elegeu em Cristo Jesus, nosso Senhor, sem levar em conta suas obras.<\/p>\n<p>Justo; ao deixar outros na queda e perdi&ccedil;&atilde;o em que se envolveram.<\/p>\n<p>Acreditamos que a elei&ccedil;&atilde;o de Deus &eacute; um ato incondicional de gra&ccedil;a livre e recebido pela f&eacute; pessoal no Senhor Jesus Cristo, cujo precioso sangue foi derramado no Calv&aacute;rio para o perd&atilde;o de nossos pecados (Ef&eacute;sios 2:8&ndash;10; Jo&atilde;o 1:12; Ef&eacute;sios 1:7; 1 Pedro 1:18&ndash;19). Por meio deste ato, Deus escolheu, antes da funda&ccedil;&atilde;o do mundo, aqueles que seriam libertos da escravid&atilde;o do pecado e trazidos ao arrependimento e f&eacute; salvadora em seu Filho Jesus Cristo.<\/p>\n<p>Acreditamos na bendita esperan&ccedil;a de que no final dos tempos Jesus Cristo voltar&aacute; pessoal, vis&iacute;vel, f&iacute;sica e repentinamente com poder e grande gl&oacute;ria a esta terra; e que Ele reunir&aacute; Seus eleitos, ressuscitar&aacute; os mortos, julgar&aacute; as na&ccedil;&otilde;es e estabelecer&aacute; Seu reino. Acreditamos que os justos entrar&atilde;o na vida eterna e receber&atilde;o a plenitude de alegria e refrig&eacute;rio que vir&aacute; da presen&ccedil;a do Senhor, mas os &iacute;mpios, que n&atilde;o conhecem a Deus e n&atilde;o obedecem ao evangelho de Jesus Cristo, ser&atilde;o lan&ccedil;ados em tormentos eternos, no fogo eterno preparado para o diabo e seus anjos ca&iacute;dos.<\/p>\n<h2>O Governo da Igreja<\/h2>\n<p>Acreditamos que a igreja, que &eacute; o corpo e a esposa prometida de Cristo, &eacute; um organismo espiritual composto por todas as pessoas nascidas de novo (Ef&eacute;sios 1:22, 23; 5:25&ndash;27; 1 Cor&iacute;ntios 12:12&ndash;14; 2 Cor&iacute;ntios 11:2). Al&eacute;m disso, &eacute; a vontade de Deus que a Igreja Universal encontre express&atilde;o em igrejas locais nas quais os crentes concordam em ouvir a Palavra de Deus proclamada, participar da adora&ccedil;&atilde;o corporativa, praticar as ordenan&ccedil;as do batismo e da Ceia do Senhor, edificar a f&eacute; uns dos outros por meio dos diversos minist&eacute;rios de amor, se responsabilizar mutuamente na obedi&ecirc;ncia da f&eacute; por meio da disciplina b&iacute;blica e se engajar na evangeliza&ccedil;&atilde;o local e mundial.<\/p>\n<p>Acreditamos que o estabelecimento e a continua&ccedil;&atilde;o das igrejas locais s&atilde;o claramente ensinados e definidos nas Escrituras do Novo Testamento (Atos 14:27; 18:22; 20:17; 1 Tim&oacute;teo 3:1&ndash;3; Tito 1:5&ndash;11). Acreditamos na autonomia das igrejas locais. Nossas sess&otilde;es de igreja (corpo de governo da igreja local) s&atilde;o compostas por presb&iacute;teros ensinantes e governantes, com cada um tendo igual representa&ccedil;&atilde;o e voto.<\/p>\n<p>As presb&iacute;teras consistem em igrejas particulares em &aacute;reas geogr&aacute;ficas nos Estados Unidos e Canad&aacute;. As igrejas s&atilde;o representadas por seus ministros e um presb&iacute;tero governante (mais para igrejas maiores) em cada reuni&atilde;o. As reuni&otilde;es da presb&iacute;tera s&atilde;o realizadas duas vezes por ano (ou at&eacute; tr&ecirc;s vezes por ano por algumas presb&iacute;teras).<\/p>\n<p>(Mateus 28:19&ndash;20; Atos 13:1&ndash;4; 15:19&ndash;31; 20:28; Romanos 16:1,4; 1 Cor&iacute;ntios 3:9, 16; 1 Cor&iacute;ntios 5:4&ndash;7, 13; 1 Pedro 5:1&ndash;4).<\/p>\n<p>Os sinais pelos quais a verdadeira Igreja &eacute; conhecida s&atilde;o os seguintes: se a doutrina pura do evangelho &eacute; pregada nela; se ela mant&eacute;m a administra&ccedil;&atilde;o pura dos sacramentos como institu&iacute;da por Cristo; se a disciplina da igreja &eacute; exercida para punir o pecado: em resumo, se todas as coisas s&atilde;o administradas de acordo com a Palavra pura de Deus, todas as coisas contr&aacute;rias s&atilde;o corrigidas, e Jesus Cristo &eacute; reconhecido como o &uacute;nico Cabe&ccedil;a da Igreja.<\/p>\n<p>Dessa forma, a verdadeira Igreja pode certamente ser conhecida, da qual ningu&eacute;m tem o direito de se separar. Em rela&ccedil;&atilde;o &agrave;queles que s&atilde;o membros da Igreja, eles podem ser conhecidos pelos sinais dos crist&atilde;os: ou seja, pela f&eacute;; e quando eles receberam Jesus Cristo, o &uacute;nico Salvador, eles evitam o pecado, seguem a justi&ccedil;a, amam o verdadeiro Deus e seu pr&oacute;ximo, n&atilde;o se desviam para a direita nem para a esquerda, e crucificam a carne com suas obras.<\/p>\n<p>Mas isso n&atilde;o deve ser entendido como se n&atilde;o houvesse grandes fraquezas neles; mas eles lutam contra elas pelo Esp&iacute;rito, todos os dias de suas vidas, continuamente se refugiando no sangue, morte, paix&atilde;o e obedi&ecirc;ncia de nosso Senhor Jesus Cristo, \"por quem t&ecirc;m remiss&atilde;o dos pecados, pela f&eacute; nele\".<\/p>\n<p>Acreditamos que deve haver uma pluralidade de presb&iacute;teros em cada igreja local. Essa pluralidade de presb&iacute;teros n&atilde;o &eacute; apenas b&iacute;blica, mas pr&aacute;tica. Ela tem o benef&iacute;cio de complementar os dons do pastor para garantir o pastoreio adequado da igreja de Deus. Cada igreja local deve reconhecer e afirmar o chamado divino de homens espiritualmente qualificados para liderar a igreja por meio do papel de pastor-presb&iacute;tero no minist&eacute;rio da Palavra e da ora&ccedil;&atilde;o. As mulheres n&atilde;o devem ocupar o papel de pastor-presb&iacute;tero na igreja local, mas s&atilde;o encorajadas a usar seus dons em fun&ccedil;&otilde;es apropriadas que edifiquem o corpo de Cristo e espalhem o evangelho.<\/p>\n<p>Essa verdadeira Igreja deve ser governada pela pol&iacute;tica espiritual que nosso Senhor nos ensinou em sua Palavra; ou seja, deve haver ministros ou pastores para pregar a Palavra de Deus e administrar os sacramentos; tamb&eacute;m presb&iacute;teros, que, juntamente com os pastores, formam o presbit&eacute;rio da Igreja: para que, por esses meios, a verdadeira religi&atilde;o seja preservada e a verdadeira doutrina seja propagada por toda parte, transgressores tamb&eacute;m sejam punidos e contidos por meios espirituais; e os di&aacute;conos, de modo que os pobres e aflitos possam ser aliviados e confortados, de acordo com suas necessidades. Por meio desses meios, tudo ser&aacute; conduzido na Igreja com boa ordem e dec&ecirc;ncia, quando homens fi&eacute;is forem escolhidos, de acordo com a regra prescrita pelo Ap&oacute;stolo Paulo em sua Ep&iacute;stola a Tim&oacute;teo.<\/p>\n<p>Buscamos ser o que pregamos e ensinamos. Desejamos que nossas vidas pessoais, estrutura organizacional e pol&iacute;ticas revelem explicitamente que valorizamos Jesus Cristo acima de todas as coisas. Buscaremos honestidade amorosa e graciosa em toda a nossa comunica&ccedil;&atilde;o.<\/p>\n<p>Nosso desejo &eacute; permanecer constantemente Nele, \"orando em todo tempo no Esp&iacute;rito\" (Ef&eacute;sios 6:18). Portanto, seremos intencionais em incluir a ora&ccedil;&atilde;o na vida vis&iacute;vel da organiza&ccedil;&atilde;o em todos os n&iacute;veis e cultivar uma vida compartilhada de viver pela f&eacute; na gra&ccedil;a futura de Deus para n&oacute;s.<\/p>\n<p>As Ep&iacute;stolas Pastorais instruem a igreja a crescer pela gra&ccedil;a de Deus por meio dos meios da gra&ccedil;a, exercitados rotineira e ordinariamente na adora&ccedil;&atilde;o do Dia do Senhor.<\/p>\n<h2>Os Sacramentos<\/h2>\n<p>Acreditamos que nosso Deus gracioso, por causa de nossa fraqueza e enfermidade, ordenou os sacramentos para n&oacute;s, e estamos satisfeitos com o n&uacute;mero de sacramentos que Cristo, nosso Senhor, instituiu, que s&atilde;o apenas dois, a saber, o sacramento do batismo e a santa ceia de nosso Senhor Jesus Cristo (Mateus 28:19, 20; Atos 2:41, 42; Atos 18:8; 1 Cor&iacute;ntios 11:23&ndash;26).<\/p>\n<h3>Acreditamos que o batismo &eacute;:<\/h3>\n<p>Um sacramento do novo testamento, ordenado por Jesus Cristo, n&atilde;o apenas para a solene admiss&atilde;o da parte batizada na igreja vis&iacute;vel, mas tamb&eacute;m como um sinal e selo para ele do pacto de gra&ccedil;a, de seu enxerto em Cristo, da regenera&ccedil;&atilde;o, da remiss&atilde;o dos pecados e de sua entrega a Deus, por meio de Jesus Cristo, para andar em novidade de vida. Esse sacramento, por nomea&ccedil;&atilde;o pr&oacute;pria de Cristo, deve continuar em sua igreja at&eacute; o fim do mundo.<br \/>O elemento exterior a ser usado neste sacramento &eacute; a &aacute;gua, com a qual a pessoa deve ser batizada, em nome do Pai, do Filho e do Esp&iacute;rito Santo, por um ministro do evangelho, devidamente chamado para isso.<br \/>Mergulhar a pessoa na &aacute;gua n&atilde;o &eacute; necess&aacute;rio, mas o batismo &eacute; administrado corretamente derramando ou aspergindo &aacute;gua sobre a pessoa.<br \/>Devem ser batizados n&atilde;o apenas aqueles que professam f&eacute; em Cristo e obedi&ecirc;ncia a ele, mas tamb&eacute;m os filhos de um ou de ambos os pais crentes.<br \/>Embora seja um grande pecado desprezar ou negligenciar esta ordenan&ccedil;a, a gra&ccedil;a e a salva&ccedil;&atilde;o n&atilde;o est&atilde;o t&atilde;o inseparavelmente ligadas a ela, que nenhuma pessoa possa ser regenerada ou salva sem ela; ou seja, que todos os batizados s&atilde;o indubitavelmente regenerados.<br \/>A efic&aacute;cia do batismo n&atilde;o est&aacute; ligada ao momento em que &eacute; administrado; no entanto, n&atilde;o obstante, pelo uso correto deste sacramento, a gra&ccedil;a prometida n&atilde;o &eacute; apenas oferecida, mas realmente &eacute; exibida e conferida pelo Esp&iacute;rito Santo, &agrave;queles (seja de idade ou crian&ccedil;as) a quem pertence essa gra&ccedil;a, de acordo com o conselho da pr&oacute;pria vontade de Deus, em seu tempo determinado.<br \/>O sacramento do batismo deve ser administrado apenas uma vez a qualquer pessoa.<br \/>Acreditamos que a Ceia do Senhor &eacute;:<\/p>\n<p>Nosso Senhor Jesus, na noite em que foi tra&iacute;do, instituiu o sacramento de seu corpo e sangue, chamado Ceia do Senhor, para ser observado em sua igreja, at&eacute; o fim do mundo, para a lembran&ccedil;a perp&eacute;tua do sacrif&iacute;cio de si mesmo em sua morte; para selar todos os benef&iacute;cios desse sacrif&iacute;cio aos verdadeiros crentes, para o seu nutrimento espiritual e crescimento nele, para seu maior engajamento em todos os deveres que devem a ele; e para ser um v&iacute;nculo e penhor de sua comunh&atilde;o com ele e uns com os outros, como membros de seu corpo m&iacute;stico.<\/p>\n<p>Neste sacramento, Cristo n&atilde;o &eacute; oferecido ao Pai; nem h&aacute; qualquer sacrif&iacute;cio real feito, de forma alguma, para a remiss&atilde;o dos pecados dos vivos ou dos mortos; mas apenas uma comemora&ccedil;&atilde;o desse &uacute;nico sacrif&iacute;cio de si mesmo, por si mesmo, na cruz, de uma vez por todas.<\/p>\n<h2>Os Credos<\/h2>\n<p>Como express&otilde;es fi&eacute;is da B&iacute;blia, acreditamos que as confiss&otilde;es reformadas hist&oacute;ricas da igreja s&atilde;o a melhor express&atilde;o do cristianismo b&iacute;blico. Portanto, o Credo dos Ap&oacute;stolos, o Credo de Niceia, as Tr&ecirc;s Formas de Unidade, um nome coletivo para a Confiss&atilde;o Belga, os C&acirc;nones de Dort, o Catecismo de Heidelberg e a Confiss&atilde;o de Westminster, que s&atilde;o nossos S&iacute;mbolos de F&eacute;, estabelecem os par&acirc;metros para n&oacute;s. Mas eles n&atilde;o devem substituir a B&iacute;blia e n&atilde;o devem ser equiparados em autoridade &agrave; B&iacute;blia. Precisamos de declara&ccedil;&otilde;es que esclare&ccedil;am exatamente o que vemos nas Escrituras: ou seja, que Cristo &eacute; Deus, que ele morreu por nossos pecados e que sem ele perecemos e entramos em tormento eterno.<\/p>\n<p>O uso de catecismos, que resumem corretamente o ensino b&iacute;blico, n&atilde;o nega nem remove o papel das Sagradas Escrituras. Como declara&ccedil;&otilde;es de resumo do que as Sagradas Escrituras ensinam sobre uma doutrina espec&iacute;fica, eles servem como um estudo da B&iacute;blia mais eficaz.<\/p>\n<h2>O Campo Mission&aacute;rio<\/h2>\n<p>Temos como objetivo fazer parte da reden&ccedil;&atilde;o global de Deus &agrave; medida que ele re&uacute;ne adoradores de todos os povos do mundo por meio do evangelho de Jesus Cristo. Levantamos nossos olhos al&eacute;m das press&otilde;es e prazeres locais e olhamos para os lugares e povos menos alcan&ccedil;ados do mundo. Apoiamos e colaboramos com a vis&atilde;o do campo mission&aacute;rio com a organiza&ccedil;&atilde;o: A Apple of God's Eyes no Nepal, e tamb&eacute;m temos um forte v&iacute;nculo com o Pastor Fikret Bocek na Igreja Protestante de Izmir na Turquia, reconhecendo seus esfor&ccedil;os para alcan&ccedil;ar as almas perdidas nesse local t&atilde;o disputado por diferentes grupos &eacute;tnicos e religiosos.<\/p>\n<h2>Autoridade Final para Assuntos de F&eacute; e Conduta<\/h2>\n<p>Esta Declara&ccedil;&atilde;o de F&eacute; n&atilde;o esgota a extens&atilde;o de nossas cren&ccedil;as. A pr&oacute;pria B&iacute;blia, como a Palavra inspirada e infal&iacute;vel de Deus que fala com autoridade final sobre a verdade, a moral e a conduta apropriada da humanidade, &eacute; a &uacute;nica e &uacute;ltima fonte de tudo o que acreditamos. Para os fins da f&eacute;, doutrina, pr&aacute;tica, pol&iacute;tica e disciplina, o ministro\/executivo\/comit&ecirc; de dire&ccedil;&atilde;o da igreja Reformed Christian Church &eacute; a autoridade interpretativa final da B&iacute;blia em rela&ccedil;&atilde;o ao seu significado e aplica&ccedil;&atilde;o.<\/p>\n<h2>A Santidade da Vida Humana<\/h2>\n<p>Acreditamos que toda a vida humana &eacute; sagrada e criada por Deus &agrave; sua imagem. A vida humana tem um valor inestim&aacute;vel em todas as suas dimens&otilde;es, incluindo beb&ecirc;s por nascer, os idosos e deficientes, pobres e ricos, homens e mulheres de todas as ra&ccedil;as e etnias. Portanto, como crist&atilde;os, nos opomos ao aborto, &agrave; eutan&aacute;sia e a todas as formas de homic&iacute;dio deliberado de seres humanos.<\/p>\n<p>Acreditamos na dignidade de todas as pessoas, independentemente de sua origem &eacute;tnica, religi&atilde;o, g&ecirc;nero, orienta&ccedil;&atilde;o sexual, idade, habilidades ou defici&ecirc;ncias. Portanto, condenamos qualquer forma de discrimina&ccedil;&atilde;o, racismo, &oacute;dio ou preconceito contra qualquer pessoa ou grupo de pessoas.<\/p>\n<p>Em resumo, as cren&ccedil;as e pr&aacute;ticas de uma igreja podem variar, mesmo dentro da tradi&ccedil;&atilde;o reformada, mas as cren&ccedil;as que voc&ecirc; descreve parecem ser consistentes com as cren&ccedil;as reformadas hist&oacute;ricas e muitas das doutrinas crist&atilde;s fundamentais. No entanto, as nuances e a &ecirc;nfase espec&iacute;fica podem variar de igreja para igreja. Se voc&ecirc; estiver considerando se juntar a uma igreja ou comunidade espec&iacute;fica, &eacute; importante conversar com os l&iacute;deres dessa igreja para entender completamente suas cren&ccedil;as e pr&aacute;ticas espec&iacute;ficas.<\/p>\n<p>&nbsp;<\/p>\n<h2>Declara&ccedil;&atilde;o sobre Casamento, G&ecirc;nero e Sexualidade<\/h2>\n<p>Acreditamos que Deus cria maravilhosamente e imutavelmente cada pessoa como homem ou mulher. Esses dois g&ecirc;neros distintos e complementares refletem juntos a imagem e a natureza de Deus (G&ecirc;n. 1:26-27). A rejei&ccedil;&atilde;o do sexo biol&oacute;gico de algu&eacute;m &eacute; uma rejei&ccedil;&atilde;o da imagem de Deus (Imago Dei) dentro dessa pessoa.<\/p>\n<p>Acreditamos que o termo \"casamento\" tem apenas um significado: a uni&atilde;o de um homem e uma mulher em uma &uacute;nica e exclusiva uni&atilde;o, conforme delineado nas Escrituras (G&ecirc;n. 2:18-25). Acreditamos que Deus pretende que a intimidade sexual ocorra apenas entre um homem e uma mulher casados um com o outro (1 Cor. 6:18; 7:2-5; Heb. 13:4). Acreditamos que Deus ordenou que nenhuma atividade sexual &iacute;ntima seja praticada fora do casamento entre um homem e uma mulher.<\/p>\n<p>Acreditamos que qualquer forma de imoralidade sexual (incluindo adult&eacute;rio, fornica&ccedil;&atilde;o, comportamento homossexual, conduta bissexual, bestialidade, incesto, pederastia, pedofilia, etc.) &eacute; pecaminosa e ofensiva a Deus (Mat. 15:18-20; 1 Cor. 6:9-10).<\/p>\n<p>Acreditamos que, a fim de preservar a fun&ccedil;&atilde;o e a integridade da Igreja Reformada Crist&atilde; como o Corpo de Cristo local e fornecer um modelo de comportamento b&iacute;blico para os membros da igreja e a comunidade, &eacute; imperativo que todas as pessoas empregadas pela Igreja Reformada Crist&atilde; em qualquer capacidade ou que sirvam como volunt&aacute;rios concordem e cumpram esta Declara&ccedil;&atilde;o sobre Casamento, G&ecirc;nero e Sexualidade (Mat. 5:16; Fil. 2:14-16; 1 Tess. 5:22).<\/p>\n<p>Acreditamos que Deus oferece reden&ccedil;&atilde;o e restaura&ccedil;&atilde;o a todos que confessam e abandonam seu pecado, buscando Sua miseric&oacute;rdia e perd&atilde;o por meio de Jesus Cristo (Atos 3:19-21; Rom. 10:9-10; 1 Cor. 6:9-11).<\/p>\n<p>Acreditamos que toda pessoa deve ser tratada com compaix&atilde;o, amor, bondade, respeito e dignidade (Marcos 12:28-31; Lucas 6:31). Comportamentos ou atitudes odiosas e hostis dirigidos a qualquer indiv&iacute;duo devem ser repudiados e n&atilde;o est&atilde;o de acordo com as Escrituras nem com os ensinamentos da Igreja Reformada Crist&atilde;.<\/p>\n<h2>Pol&iacute;tica de Casamento<\/h2>\n<p>Porque Deus ordenou o casamento e o definiu como o relacionamento de alian&ccedil;a entre um homem, uma mulher e Ele mesmo, a Igreja Reformada Crist&atilde; s&oacute; reconhecer&aacute; casamentos entre um homem biol&oacute;gico e uma mulher biol&oacute;gica. Al&eacute;m disso, os pastores\/ministros\/cl&eacute;rigos e funcion&aacute;rios da Igreja Reformada Crist&atilde; s&oacute; participar&atilde;o de casamentos e solenizar&atilde;o casamentos entre um homem e uma mulher. Por fim, as instala&ccedil;&otilde;es e propriedades da Igreja Reformada Crist&atilde; s&oacute; hospedar&atilde;o casamentos entre um homem e uma mulher.<\/p>\n<h2>Membros da Igreja<\/h2>\n<p>A membresia da Igreja Reformada Crist&atilde; ser&aacute; composta por indiv&iacute;duos que s&atilde;o crentes no Senhor Jesus Cristo e afirmam os princ&iacute;pios da Constitui&ccedil;&atilde;o da Igreja (BPC - Constitui&ccedil;&atilde;o), e que oferecem evid&ecirc;ncias, por meio de sua confiss&atilde;o e conduta, de que est&atilde;o vivendo de acordo com suas afirma&ccedil;&otilde;es e esta Constitui&ccedil;&atilde;o e Estatutos, e est&atilde;o buscando ativamente e mantendo uma comunh&atilde;o vital com o Senhor Jesus Cristo. O ministro\/comit&ecirc; executivo\/conselho de administra&ccedil;&atilde;o da Igreja Reformada Crist&atilde; ter&aacute; autoridade final em todos os assuntos de governo da igreja, conforme estabelecido e descrito nos Estatutos.<\/p><\/h2>\t\t\t\t<\/div>\n\t\t\t\t<\/div>\n\t\t\t\t\t<\/div>\n\t\t\t\t<\/div>\n\t\t\t\t<\/div>\n\t\t<\/div>\t\t\t<\/div>\n\t\t<\/div>\n\t\t\t\t\t\t<\/div>\n\t\t\t\t<\/div>\n\t\t\t\t<\/div>\n\t\t<div class=\"elementor-element elementor-element-6193857 e-con-full elementor-hidden-desktop elementor-hidden-tablet e-flex e-con e-parent\" data-id=\"6193857\" data-element_type=\"container\" data-e-type=\"container\" data-settings=\"{&quot;jet_parallax_layout_list&quot;:[]}\">\n\t\t\t\t<div class=\"elementor-element elementor-element-9aa4e77 elementor-widget__width-inherit elementor-widget elementor-widget-jet-tabs\" data-id=\"9aa4e77\" data-element_type=\"widget\" data-e-type=\"widget\" data-settings=\"{&quot;no_active_tabs&quot;:&quot;yes&quot;,&quot;tabs_position&quot;:&quot;top&quot;}\" data-widget_type=\"jet-tabs.default\">\n\t\t\t\t<div class=\"elementor-widget-container\">\n\t\t\t\t\t\t\t<div class=\"jet-tabs jet-tabs-position-top jet-tabs-fade-effect \" data-settings=\"{&quot;activeIndex&quot;:-1,&quot;event&quot;:&quot;click&quot;,&quot;autoSwitch&quot;:false,&quot;autoSwitchDelay&quot;:3000,&quot;ajaxTemplate&quot;:false,&quot;tabsPosition&quot;:&quot;top&quot;,&quot;switchScrolling&quot;:false,&quot;switchScrollingOffset&quot;:0}\" role=\"tablist\">\n\t\t\t<div class=\"jet-tabs__control-wrapper\">\n\t\t\t\t<div id=\"jet-tabs-control-1621\" class=\"jet-tabs__control jet-tabs__control-icon-left elementor-menu-anchor \" data-tab=\"1\" tabindex=\"0\" role=\"tab\" aria-controls=\"jet-tabs-content-1621\" aria-expanded=\"true\" data-template-id=\"476\"><div class=\"jet-tabs__control-inner\"><img decoding=\"async\" class=\"jet-tabs__label-image\" src=\"https:\/\/igrejapresbiteriana.com\/wp-content\/uploads\/2025\/10\/doe.png\" alt=\"\"><\/div><\/div>\t\t\t<\/div>\n\t\t\t<div class=\"jet-tabs__content-wrapper\">\n\t\t\t\t<div id=\"jet-tabs-content-1621\" class=\"jet-tabs__content \" data-tab=\"1\" role=\"tabpanel\" aria-hidden=\"false\" data-template-id=\"476\">\t\t<div data-elementor-type=\"page\" data-elementor-id=\"476\" class=\"elementor elementor-476\" data-elementor-post-type=\"elementor_library\">\n\t\t\t\t<div class=\"elementor-element elementor-element-15c2a48b e-flex e-con-boxed e-con e-parent\" data-id=\"15c2a48b\" data-element_type=\"container\" data-e-type=\"container\" data-settings=\"{&quot;jet_parallax_layout_list&quot;:[]}\">\n\t\t\t\t\t<div class=\"e-con-inner\">\n\t\t<div class=\"elementor-element elementor-element-46d7a8fb e-con-full e-flex e-con e-child\" data-id=\"46d7a8fb\" data-element_type=\"container\" data-e-type=\"container\" data-settings=\"{&quot;jet_parallax_layout_list&quot;:[]}\">\n\t\t\t\t<div class=\"elementor-element elementor-element-1ad03265 elementor-widget elementor-widget-image\" data-id=\"1ad03265\" data-element_type=\"widget\" data-e-type=\"widget\" data-widget_type=\"image.default\">\n\t\t\t\t<div class=\"elementor-widget-container\">\n\t\t\t\t\t\t\t\t\t\t\t\t\t\t\t<img decoding=\"async\" width=\"375\" height=\"47\" src=\"https:\/\/igrejapresbiteriana.com\/wp-content\/uploads\/2023\/09\/logo.png\" class=\"attachment-large size-large wp-image-24\" alt=\"\" srcset=\"https:\/\/igrejapresbiteriana.com\/wp-content\/uploads\/2023\/09\/logo.png 375w, https:\/\/igrejapresbiteriana.com\/wp-content\/uploads\/2023\/09\/logo-300x38.png 300w\" sizes=\"(max-width: 375px) 100vw, 375px\" \/>\t\t\t\t\t\t\t\t\t\t\t\t\t\t\t<\/div>\n\t\t\t\t<\/div>\n\t\t\t\t<\/div>\n\t\t\t\t\t<\/div>\n\t\t\t\t<\/div>\n\t\t<div class=\"elementor-element elementor-element-2a6bd752 e-flex e-con-boxed e-con e-parent\" data-id=\"2a6bd752\" data-element_type=\"container\" data-e-type=\"container\" data-settings=\"{&quot;jet_parallax_layout_list&quot;:[]}\">\n\t\t\t\t\t<div class=\"e-con-inner\">\n\t\t<div class=\"elementor-element elementor-element-3e5cdde7 e-con-full e-flex e-con e-child\" data-id=\"3e5cdde7\" data-element_type=\"container\" data-e-type=\"container\" data-settings=\"{&quot;jet_parallax_layout_list&quot;:[]}\">\n\t\t\t\t<div class=\"elementor-element elementor-element-46b38e29 elementor-widget elementor-widget-text-editor\" data-id=\"46b38e29\" data-element_type=\"widget\" data-e-type=\"widget\" data-widget_type=\"text-editor.default\">\n\t\t\t\t<div class=\"elementor-widget-container\">\n\t\t\t\t\t\t\t\t\t<h3>P\u00e1gina para D\u00edzimos e Ofertas da Igreja Presbiteriana de Winter Garden.<\/h3><h6><em>&#8220;Cada um contribua segundo tiver proposto no cora\u00e7\u00e3o, n\u00e3o com tristeza ou por necessidade; porque Deus ama a quem d\u00e1 com alegria.&#8221;<br \/><\/em>2 Cor\u00edntios 9:7<\/h6>\t\t\t\t\t\t\t\t<\/div>\n\t\t\t\t<\/div>\n\t\t\t\t<\/div>\n\t\t\t\t<div class=\"elementor-element elementor-element-2d2bfd02 elementor-widget elementor-widget-html\" data-id=\"2d2bfd02\" data-element_type=\"widget\" data-e-type=\"widget\" data-widget_type=\"html.default\">\n\t\t\t\t<div class=\"elementor-widget-container\">\n\t\t\t\t\t<a href=\"https:\/\/igrejapresbiteriana.churchcenter.com\/giving?open-in-church-center-modal=true\" target=\"popup\" onclick=\"window.open('https:\/\/igrejapresbiteriana.churchcenter.com\/giving?open-in-church-center-modal=true','popup','width=600,height=600,scrollbars=no,resizable=no'); return false;\" title=\"Oferte Agora\" style=\"display:inline-block; padding:8px 14px; background:#007AB8; color:#fff; border:1px solid #005078; border-radius:4px; text-decoration:none; font-weight:bold;\">Oferte Agora<\/a>\n\t\t\t\t<\/div>\n\t\t\t\t<\/div>\n\t\t\t\t\t<\/div>\n\t\t\t\t<\/div>\n\t\t\t\t<\/div>\n\t\t<\/div>\t\t\t<\/div>\n\t\t<\/div>\n\t\t\t\t\t\t<\/div>\n\t\t\t\t<\/div>\n\t\t\t\t<\/div>\n\t\t<div class=\"elementor-element elementor-element-92b18c7 e-con-full elementor-hidden-mobile e-flex e-con e-parent\" data-id=\"92b18c7\" data-element_type=\"container\" data-e-type=\"container\" data-settings=\"{&quot;jet_parallax_layout_list&quot;:[]}\">\n\t\t\t\t<div class=\"elementor-element elementor-element-c8e73a9 elementor-widget elementor-widget-spacer\" data-id=\"c8e73a9\" data-element_type=\"widget\" data-e-type=\"widget\" data-widget_type=\"spacer.default\">\n\t\t\t\t<div class=\"elementor-widget-container\">\n\t\t\t\t\t\t\t<div class=\"elementor-spacer\">\n\t\t\t<div class=\"elementor-spacer-inner\"><\/div>\n\t\t<\/div>\n\t\t\t\t\t\t<\/div>\n\t\t\t\t<\/div>\n\t\t\t\t<div class=\"elementor-element elementor-element-8f8a1b4 elementor-widget__width-inherit elementor-widget elementor-widget-jet-tabs\" data-id=\"8f8a1b4\" data-element_type=\"widget\" data-e-type=\"widget\" data-settings=\"{&quot;no_active_tabs&quot;:&quot;yes&quot;,&quot;tabs_position&quot;:&quot;top&quot;}\" data-widget_type=\"jet-tabs.default\">\n\t\t\t\t<div class=\"elementor-widget-container\">\n\t\t\t\t\t\t\t<div class=\"jet-tabs jet-tabs-position-top jet-tabs-fade-effect \" data-settings=\"{&quot;activeIndex&quot;:-1,&quot;event&quot;:&quot;click&quot;,&quot;autoSwitch&quot;:false,&quot;autoSwitchDelay&quot;:3000,&quot;ajaxTemplate&quot;:false,&quot;tabsPosition&quot;:&quot;top&quot;,&quot;switchScrolling&quot;:false,&quot;switchScrollingOffset&quot;:0}\" role=\"tablist\">\n\t\t\t<div class=\"jet-tabs__control-wrapper\">\n\t\t\t\t<div id=\"jet-tabs-control-1501\" class=\"jet-tabs__control jet-tabs__control-icon-left elementor-menu-anchor \" data-tab=\"1\" tabindex=\"0\" role=\"tab\" aria-controls=\"jet-tabs-content-1501\" aria-expanded=\"true\" data-template-id=\"222\"><div class=\"jet-tabs__control-inner\"><img decoding=\"async\" class=\"jet-tabs__label-image\" src=\"https:\/\/igrejapresbiteriana.com\/wp-content\/uploads\/2023\/10\/quem-somos_.png\" alt=\"\"><\/div><\/div><div id=\"jet-tabs-control-1502\" class=\"jet-tabs__control jet-tabs__control-icon-left elementor-menu-anchor \" data-tab=\"2\" tabindex=\"0\" role=\"tab\" aria-controls=\"jet-tabs-content-1502\" aria-expanded=\"false\" data-template-id=\"265\"><div class=\"jet-tabs__control-inner\"><img decoding=\"async\" class=\"jet-tabs__label-image\" src=\"https:\/\/igrejapresbiteriana.com\/wp-content\/uploads\/2023\/10\/nossa-lideranca-2_.png\" alt=\"\"><\/div><\/div><div id=\"jet-tabs-control-1503\" class=\"jet-tabs__control jet-tabs__control-icon-left elementor-menu-anchor \" data-tab=\"3\" tabindex=\"0\" role=\"tab\" aria-controls=\"jet-tabs-content-1503\" aria-expanded=\"false\" data-template-id=\"232\"><div class=\"jet-tabs__control-inner\"><img decoding=\"async\" class=\"jet-tabs__label-image\" src=\"https:\/\/igrejapresbiteriana.com\/wp-content\/uploads\/2023\/10\/declaracao-de-fe_.png\" alt=\"\"><\/div><\/div><div id=\"jet-tabs-control-1504\" class=\"jet-tabs__control jet-tabs__control-icon-left elementor-menu-anchor \" data-tab=\"4\" tabindex=\"0\" role=\"tab\" aria-controls=\"jet-tabs-content-1504\" aria-expanded=\"false\" data-template-id=\"476\"><div class=\"jet-tabs__control-inner\"><img decoding=\"async\" class=\"jet-tabs__label-image\" src=\"https:\/\/igrejapresbiteriana.com\/wp-content\/uploads\/2025\/10\/doe.png\" alt=\"\"><\/div><\/div>\t\t\t<\/div>\n\t\t\t<div class=\"jet-tabs__content-wrapper\">\n\t\t\t\t<div id=\"jet-tabs-content-1501\" class=\"jet-tabs__content \" data-tab=\"1\" role=\"tabpanel\" aria-hidden=\"false\" data-template-id=\"222\">\t\t<div data-elementor-type=\"container\" data-elementor-id=\"222\" class=\"elementor elementor-222\" data-elementor-post-type=\"elementor_library\">\n\t\t\t\t<div class=\"elementor-element elementor-element-5084e65 e-flex e-con-boxed e-con e-parent\" data-id=\"5084e65\" data-element_type=\"container\" data-e-type=\"container\" data-settings=\"{&quot;jet_parallax_layout_list&quot;:[]}\">\n\t\t\t\t\t<div class=\"e-con-inner\">\n\t\t\t\t<div class=\"elementor-element elementor-element-d67fc94 elementor-widget__width-initial elementor-widget elementor-widget-heading\" data-id=\"d67fc94\" data-element_type=\"widget\" data-e-type=\"widget\" data-widget_type=\"heading.default\">\n\t\t\t\t<div class=\"elementor-widget-container\">\n\t\t\t\t\t<h2 class=\"elementor-heading-title elementor-size-default\">Nossa Hist\u00f3ria<\/h2>\t\t\t\t<\/div>\n\t\t\t\t<\/div>\n\t\t\t\t\t<\/div>\n\t\t\t\t<\/div>\n\t\t<div class=\"elementor-element elementor-element-5619f6a e-flex e-con-boxed e-con e-parent\" data-id=\"5619f6a\" data-element_type=\"container\" data-e-type=\"container\" data-settings=\"{&quot;jet_parallax_layout_list&quot;:[]}\">\n\t\t\t\t\t<div class=\"e-con-inner\">\n\t\t\t\t<div class=\"elementor-element elementor-element-9be819a elementor-widget elementor-widget-heading\" data-id=\"9be819a\" data-element_type=\"widget\" data-e-type=\"widget\" data-widget_type=\"heading.default\">\n\t\t\t\t<div class=\"elementor-widget-container\">\n\t\t\t\t\t<h2 class=\"elementor-heading-title elementor-size-default\">Nossa igreja nasceu em abril de 2006 sob o nome Christian Church of Orlando quando o Pastor Roberto Boselli \ne sua fam\u00edlia come\u00e7aram a se reunir em Orlando. Em um ano, \u00e0 medida que a congrega\u00e7\u00e3o cresceu, foram aben\u00e7oados por adquirir um pr\u00e9dio \nna mesma regi\u00e3o, fornecendo um lar permanente para suas reuni\u00f5es. <p><p>\nDesde ent\u00e3o, nosso caminho tem sido guiado pelo desejo de formar uma comunidade dedicada a viver vidas com prop\u00f3sito por meio \nde um relacionamento com Jesus Cristo.\n<p><p>\nEm 2010, a equipe de lideran\u00e7a composta pelo Pastor Roberto Boselli e pelos di\u00e1conos Jose Pestana e Rafael Boselli come\u00e7ou a se conectar com \na f\u00e9 Reformada Hist\u00f3rica. Conforme aprofundavam seu estudo da B\u00edblia, Teologia e Hist\u00f3ria da Igreja, sua compreens\u00e3o da Justifica\u00e7\u00e3o pela \nF\u00e9 Somente se tornou mais profunda. Eles reconheceram que o \u00fanico m\u00e9rito de Jesus Cristo forma a base exclusiva de nossa justifica\u00e7\u00e3o. Em 2013,\n esse compromisso gerou uma mudan\u00e7a transformadora na identidade da igreja, levando \u00e0 ado\u00e7\u00e3o \ndo nome \"Reformed Christian Church of Orlando\" (Igreja Crist\u00e3 Reformada de Orlando).\n\n<p><p>\nEm 2023, alinhado com o amadurecimento de nossas convic\u00e7\u00f5es teol\u00f3gicas e para fortalecer esse compromisso, enfatizamos ainda mais nossa \ndedica\u00e7\u00e3o em atender ao chamado b\u00edblico para a unidade da igreja, conforme destacado em Jo\u00e3o 17:21: \"Para que todos sejam um, como tu, \u00f3 Pai, \no \u00e9s em mim, e eu, em ti; que tamb\u00e9m eles sejam um em n\u00f3s, para que o mundo creia que tu me enviaste\". Esse processo culminou em nossa decis\u00e3o r\nesoluta de mudar o nome da igreja para \"Presbyterian Church in Winter Garden\" (Igreja Presbiteriana em Winter Garden).<\/h2>\t\t\t\t<\/div>\n\t\t\t\t<\/div>\n\t\t\t\t<div class=\"elementor-element elementor-element-56f2382 elementor-widget elementor-widget-image\" data-id=\"56f2382\" data-element_type=\"widget\" data-e-type=\"widget\" data-widget_type=\"image.default\">\n\t\t\t\t<div class=\"elementor-widget-container\">\n\t\t\t\t\t\t\t\t\t\t\t\t\t\t\t<img loading=\"lazy\" decoding=\"async\" width=\"800\" height=\"367\" src=\"https:\/\/igrejapresbiteriana.com\/wp-content\/uploads\/2023\/09\/LOGO-GRAFICA-19-1024x470.png\" class=\"attachment-large size-large wp-image-223\" alt=\"\" srcset=\"https:\/\/igrejapresbiteriana.com\/wp-content\/uploads\/2023\/09\/LOGO-GRAFICA-19-1024x470.png 1024w, https:\/\/igrejapresbiteriana.com\/wp-content\/uploads\/2023\/09\/LOGO-GRAFICA-19-300x138.png 300w, https:\/\/igrejapresbiteriana.com\/wp-content\/uploads\/2023\/09\/LOGO-GRAFICA-19-768x352.png 768w, https:\/\/igrejapresbiteriana.com\/wp-content\/uploads\/2023\/09\/LOGO-GRAFICA-19.png 1251w\" sizes=\"(max-width: 800px) 100vw, 800px\" \/>\t\t\t\t\t\t\t\t\t\t\t\t\t\t\t<\/div>\n\t\t\t\t<\/div>\n\t\t\t\t<div class=\"elementor-element elementor-element-a98b638 elementor-view-default elementor-widget elementor-widget-icon\" data-id=\"a98b638\" data-element_type=\"widget\" data-e-type=\"widget\" data-widget_type=\"icon.default\">\n\t\t\t\t<div class=\"elementor-widget-container\">\n\t\t\t\t\t\t\t<div class=\"elementor-icon-wrapper\">\n\t\t\t<div class=\"elementor-icon\">\n\t\t\t<i aria-hidden=\"true\" class=\"fas fa-arrow-down\"><\/i>\t\t\t<\/div>\n\t\t<\/div>\n\t\t\t\t\t\t<\/div>\n\t\t\t\t<\/div>\n\t\t\t\t\t<\/div>\n\t\t\t\t<\/div>\n\t\t\t\t<\/div>\n\t\t<\/div><div id=\"jet-tabs-content-1502\" class=\"jet-tabs__content \" data-tab=\"2\" role=\"tabpanel\" aria-hidden=\"true\" data-template-id=\"265\">\t\t<div data-elementor-type=\"container\" data-elementor-id=\"265\" class=\"elementor elementor-265\" data-elementor-post-type=\"elementor_library\">\n\t\t\t\t<div class=\"elementor-element elementor-element-29b820c e-flex e-con-boxed e-con e-parent\" data-id=\"29b820c\" data-element_type=\"container\" data-e-type=\"container\" data-settings=\"{&quot;jet_parallax_layout_list&quot;:[]}\">\n\t\t\t\t\t<div class=\"e-con-inner\">\n\t\t\t\t<div class=\"elementor-element elementor-element-a8d74f7 elementor-widget__width-initial elementor-widget elementor-widget-heading\" data-id=\"a8d74f7\" data-element_type=\"widget\" data-e-type=\"widget\" data-widget_type=\"heading.default\">\n\t\t\t\t<div class=\"elementor-widget-container\">\n\t\t\t\t\t<h2 class=\"elementor-heading-title elementor-size-default\">Nossa Lideran\u00e7a<\/h2>\t\t\t\t<\/div>\n\t\t\t\t<\/div>\n\t\t\t\t\t<\/div>\n\t\t\t\t<\/div>\n\t\t<div class=\"elementor-element elementor-element-86038f0 e-flex e-con-boxed e-con e-parent\" data-id=\"86038f0\" data-element_type=\"container\" data-e-type=\"container\" data-settings=\"{&quot;jet_parallax_layout_list&quot;:[]}\">\n\t\t\t\t\t<div class=\"e-con-inner\">\n\t\t<div class=\"elementor-element elementor-element-49bbc6b e-con-full e-flex e-con e-child\" data-id=\"49bbc6b\" data-element_type=\"container\" data-e-type=\"container\" data-settings=\"{&quot;jet_parallax_layout_list&quot;:[]}\">\n\t\t\t\t<div class=\"elementor-element elementor-element-31d03af elementor-widget elementor-widget-image\" data-id=\"31d03af\" data-element_type=\"widget\" data-e-type=\"widget\" data-widget_type=\"image.default\">\n\t\t\t\t<div class=\"elementor-widget-container\">\n\t\t\t\t\t\t\t\t\t\t\t\t\t\t\t<img loading=\"lazy\" decoding=\"async\" width=\"683\" height=\"1024\" src=\"https:\/\/igrejapresbiteriana.com\/wp-content\/uploads\/2023\/09\/MG_1795-683x1024.jpg\" class=\"attachment-large size-large wp-image-501\" alt=\"\" srcset=\"https:\/\/igrejapresbiteriana.com\/wp-content\/uploads\/2023\/09\/MG_1795-683x1024.jpg 683w, https:\/\/igrejapresbiteriana.com\/wp-content\/uploads\/2023\/09\/MG_1795-200x300.jpg 200w, https:\/\/igrejapresbiteriana.com\/wp-content\/uploads\/2023\/09\/MG_1795-768x1152.jpg 768w, https:\/\/igrejapresbiteriana.com\/wp-content\/uploads\/2023\/09\/MG_1795-1024x1536.jpg 1024w, https:\/\/igrejapresbiteriana.com\/wp-content\/uploads\/2023\/09\/MG_1795-1365x2048.jpg 1365w, https:\/\/igrejapresbiteriana.com\/wp-content\/uploads\/2023\/09\/MG_1795-scaled.jpg 1707w\" sizes=\"(max-width: 683px) 100vw, 683px\" \/>\t\t\t\t\t\t\t\t\t\t\t\t\t\t\t<\/div>\n\t\t\t\t<\/div>\n\t\t\t\t<div class=\"elementor-element elementor-element-fcd79ec elementor-widget__width-initial elementor-widget elementor-widget-heading\" data-id=\"fcd79ec\" data-element_type=\"widget\" data-e-type=\"widget\" data-widget_type=\"heading.default\">\n\t\t\t\t<div class=\"elementor-widget-container\">\n\t\t\t\t\t<h2 class=\"elementor-heading-title elementor-size-default\">Pastor (CPT)<\/h2>\t\t\t\t<\/div>\n\t\t\t\t<\/div>\n\t\t\t\t<div class=\"elementor-element elementor-element-cf6fe66 elementor-widget__width-initial elementor-widget elementor-widget-heading\" data-id=\"cf6fe66\" data-element_type=\"widget\" data-e-type=\"widget\" data-widget_type=\"heading.default\">\n\t\t\t\t<div class=\"elementor-widget-container\">\n\t\t\t\t\t<h2 class=\"elementor-heading-title elementor-size-default\">Celso Berwanger<\/h2>\t\t\t\t<\/div>\n\t\t\t\t<\/div>\n\t\t\t\t<\/div>\n\t\t<div class=\"elementor-element elementor-element-77094d3 e-con-full e-flex e-con e-child\" data-id=\"77094d3\" data-element_type=\"container\" data-e-type=\"container\" data-settings=\"{&quot;jet_parallax_layout_list&quot;:[]}\">\n\t\t\t\t<div class=\"elementor-element elementor-element-2d57927 elementor-widget elementor-widget-image\" data-id=\"2d57927\" data-element_type=\"widget\" data-e-type=\"widget\" data-widget_type=\"image.default\">\n\t\t\t\t<div class=\"elementor-widget-container\">\n\t\t\t\t\t\t\t\t\t\t\t\t\t\t\t<img loading=\"lazy\" decoding=\"async\" width=\"683\" height=\"1024\" src=\"https:\/\/igrejapresbiteriana.com\/wp-content\/uploads\/2023\/09\/MG_1789-683x1024.jpg\" class=\"attachment-large size-large wp-image-503\" alt=\"\" srcset=\"https:\/\/igrejapresbiteriana.com\/wp-content\/uploads\/2023\/09\/MG_1789-683x1024.jpg 683w, https:\/\/igrejapresbiteriana.com\/wp-content\/uploads\/2023\/09\/MG_1789-200x300.jpg 200w, https:\/\/igrejapresbiteriana.com\/wp-content\/uploads\/2023\/09\/MG_1789-768x1152.jpg 768w, https:\/\/igrejapresbiteriana.com\/wp-content\/uploads\/2023\/09\/MG_1789-1024x1536.jpg 1024w, https:\/\/igrejapresbiteriana.com\/wp-content\/uploads\/2023\/09\/MG_1789-1365x2048.jpg 1365w, https:\/\/igrejapresbiteriana.com\/wp-content\/uploads\/2023\/09\/MG_1789-scaled.jpg 1707w\" sizes=\"(max-width: 683px) 100vw, 683px\" \/>\t\t\t\t\t\t\t\t\t\t\t\t\t\t\t<\/div>\n\t\t\t\t<\/div>\n\t\t\t\t<div class=\"elementor-element elementor-element-ceb843f elementor-widget__width-initial elementor-widget elementor-widget-heading\" data-id=\"ceb843f\" data-element_type=\"widget\" data-e-type=\"widget\" data-widget_type=\"heading.default\">\n\t\t\t\t<div class=\"elementor-widget-container\">\n\t\t\t\t\t<h2 class=\"elementor-heading-title elementor-size-default\">Presb\u00edtero Regente<\/h2>\t\t\t\t<\/div>\n\t\t\t\t<\/div>\n\t\t\t\t<div class=\"elementor-element elementor-element-abc7161 elementor-widget__width-initial elementor-widget elementor-widget-heading\" data-id=\"abc7161\" data-element_type=\"widget\" data-e-type=\"widget\" data-widget_type=\"heading.default\">\n\t\t\t\t<div class=\"elementor-widget-container\">\n\t\t\t\t\t<h2 class=\"elementor-heading-title elementor-size-default\">Vinicius Lara<\/h2>\t\t\t\t<\/div>\n\t\t\t\t<\/div>\n\t\t\t\t<\/div>\n\t\t<div class=\"elementor-element elementor-element-d231a5b e-con-full e-flex e-con e-child\" data-id=\"d231a5b\" data-element_type=\"container\" data-e-type=\"container\" data-settings=\"{&quot;jet_parallax_layout_list&quot;:[]}\">\n\t\t\t\t<div class=\"elementor-element elementor-element-b0b3f09 elementor-widget elementor-widget-image\" data-id=\"b0b3f09\" data-element_type=\"widget\" data-e-type=\"widget\" data-widget_type=\"image.default\">\n\t\t\t\t<div class=\"elementor-widget-container\">\n\t\t\t\t\t\t\t\t\t\t\t\t\t\t\t<img loading=\"lazy\" decoding=\"async\" width=\"683\" height=\"1024\" src=\"https:\/\/igrejapresbiteriana.com\/wp-content\/uploads\/2023\/09\/MG_1793-683x1024.jpg\" class=\"attachment-large size-large wp-image-502\" alt=\"\" srcset=\"https:\/\/igrejapresbiteriana.com\/wp-content\/uploads\/2023\/09\/MG_1793-683x1024.jpg 683w, https:\/\/igrejapresbiteriana.com\/wp-content\/uploads\/2023\/09\/MG_1793-200x300.jpg 200w, https:\/\/igrejapresbiteriana.com\/wp-content\/uploads\/2023\/09\/MG_1793-768x1152.jpg 768w, https:\/\/igrejapresbiteriana.com\/wp-content\/uploads\/2023\/09\/MG_1793-1024x1536.jpg 1024w, https:\/\/igrejapresbiteriana.com\/wp-content\/uploads\/2023\/09\/MG_1793-1365x2048.jpg 1365w, https:\/\/igrejapresbiteriana.com\/wp-content\/uploads\/2023\/09\/MG_1793-scaled.jpg 1707w\" sizes=\"(max-width: 683px) 100vw, 683px\" \/>\t\t\t\t\t\t\t\t\t\t\t\t\t\t\t<\/div>\n\t\t\t\t<\/div>\n\t\t\t\t<div class=\"elementor-element elementor-element-e3a4849 elementor-widget__width-initial elementor-widget elementor-widget-heading\" data-id=\"e3a4849\" data-element_type=\"widget\" data-e-type=\"widget\" data-widget_type=\"heading.default\">\n\t\t\t\t<div class=\"elementor-widget-container\">\n\t\t\t\t\t<h2 class=\"elementor-heading-title elementor-size-default\">Presb\u00edtero Regente<\/h2>\t\t\t\t<\/div>\n\t\t\t\t<\/div>\n\t\t\t\t<div class=\"elementor-element elementor-element-2e32422 elementor-widget__width-initial elementor-widget elementor-widget-heading\" data-id=\"2e32422\" data-element_type=\"widget\" data-e-type=\"widget\" data-widget_type=\"heading.default\">\n\t\t\t\t<div class=\"elementor-widget-container\">\n\t\t\t\t\t<h2 class=\"elementor-heading-title elementor-size-default\">Andre Carvalho<\/h2>\t\t\t\t<\/div>\n\t\t\t\t<\/div>\n\t\t\t\t<\/div>\n\t\t\t\t\t<\/div>\n\t\t\t\t<\/div>\n\t\t<div class=\"elementor-element elementor-element-f0b5055 e-flex e-con-boxed e-con e-parent\" data-id=\"f0b5055\" data-element_type=\"container\" data-e-type=\"container\" data-settings=\"{&quot;jet_parallax_layout_list&quot;:[]}\">\n\t\t\t\t\t<div class=\"e-con-inner\">\n\t\t<div class=\"elementor-element elementor-element-43c5d9b e-con-full e-flex e-con e-child\" data-id=\"43c5d9b\" data-element_type=\"container\" data-e-type=\"container\" data-settings=\"{&quot;jet_parallax_layout_list&quot;:[]}\">\n\t\t\t\t<div class=\"elementor-element elementor-element-4f27263 elementor-widget elementor-widget-image\" data-id=\"4f27263\" data-element_type=\"widget\" data-e-type=\"widget\" data-widget_type=\"image.default\">\n\t\t\t\t<div class=\"elementor-widget-container\">\n\t\t\t\t\t\t\t\t\t\t\t\t\t\t\t<img loading=\"lazy\" decoding=\"async\" width=\"576\" height=\"1024\" src=\"https:\/\/igrejapresbiteriana.com\/wp-content\/uploads\/2023\/09\/WhatsApp-Image-2026-01-28-at-15.59.54-576x1024.jpeg\" class=\"attachment-large size-large wp-image-509\" alt=\"\" srcset=\"https:\/\/igrejapresbiteriana.com\/wp-content\/uploads\/2023\/09\/WhatsApp-Image-2026-01-28-at-15.59.54-576x1024.jpeg 576w, https:\/\/igrejapresbiteriana.com\/wp-content\/uploads\/2023\/09\/WhatsApp-Image-2026-01-28-at-15.59.54-169x300.jpeg 169w, https:\/\/igrejapresbiteriana.com\/wp-content\/uploads\/2023\/09\/WhatsApp-Image-2026-01-28-at-15.59.54-768x1365.jpeg 768w, https:\/\/igrejapresbiteriana.com\/wp-content\/uploads\/2023\/09\/WhatsApp-Image-2026-01-28-at-15.59.54-864x1536.jpeg 864w, https:\/\/igrejapresbiteriana.com\/wp-content\/uploads\/2023\/09\/WhatsApp-Image-2026-01-28-at-15.59.54.jpeg 900w\" sizes=\"(max-width: 576px) 100vw, 576px\" \/>\t\t\t\t\t\t\t\t\t\t\t\t\t\t\t<\/div>\n\t\t\t\t<\/div>\n\t\t\t\t<div class=\"elementor-element elementor-element-43adf29 elementor-widget__width-initial elementor-widget elementor-widget-heading\" data-id=\"43adf29\" data-element_type=\"widget\" data-e-type=\"widget\" data-widget_type=\"heading.default\">\n\t\t\t\t<div class=\"elementor-widget-container\">\n\t\t\t\t\t<h2 class=\"elementor-heading-title elementor-size-default\">Di\u00e1cono<\/h2>\t\t\t\t<\/div>\n\t\t\t\t<\/div>\n\t\t\t\t<div class=\"elementor-element elementor-element-7aa2ace elementor-widget__width-initial elementor-widget elementor-widget-heading\" data-id=\"7aa2ace\" data-element_type=\"widget\" data-e-type=\"widget\" data-widget_type=\"heading.default\">\n\t\t\t\t<div class=\"elementor-widget-container\">\n\t\t\t\t\t<h2 class=\"elementor-heading-title elementor-size-default\">Guilherme Morais<\/h2>\t\t\t\t<\/div>\n\t\t\t\t<\/div>\n\t\t\t\t<\/div>\n\t\t<div class=\"elementor-element elementor-element-837eb58 e-con-full e-flex e-con e-child\" data-id=\"837eb58\" data-element_type=\"container\" data-e-type=\"container\" data-settings=\"{&quot;jet_parallax_layout_list&quot;:[]}\">\n\t\t\t\t<div class=\"elementor-element elementor-element-f64bf22 elementor-widget elementor-widget-image\" data-id=\"f64bf22\" data-element_type=\"widget\" data-e-type=\"widget\" data-widget_type=\"image.default\">\n\t\t\t\t<div class=\"elementor-widget-container\">\n\t\t\t\t\t\t\t\t\t\t\t\t\t\t\t<img loading=\"lazy\" decoding=\"async\" width=\"576\" height=\"1024\" src=\"https:\/\/igrejapresbiteriana.com\/wp-content\/uploads\/2023\/09\/WhatsApp-Image-2026-01-28-at-15.59.54-1-576x1024.jpeg\" class=\"attachment-large size-large wp-image-508\" alt=\"Marcelo\" srcset=\"https:\/\/igrejapresbiteriana.com\/wp-content\/uploads\/2023\/09\/WhatsApp-Image-2026-01-28-at-15.59.54-1-576x1024.jpeg 576w, https:\/\/igrejapresbiteriana.com\/wp-content\/uploads\/2023\/09\/WhatsApp-Image-2026-01-28-at-15.59.54-1-169x300.jpeg 169w, https:\/\/igrejapresbiteriana.com\/wp-content\/uploads\/2023\/09\/WhatsApp-Image-2026-01-28-at-15.59.54-1-768x1365.jpeg 768w, https:\/\/igrejapresbiteriana.com\/wp-content\/uploads\/2023\/09\/WhatsApp-Image-2026-01-28-at-15.59.54-1-864x1536.jpeg 864w, https:\/\/igrejapresbiteriana.com\/wp-content\/uploads\/2023\/09\/WhatsApp-Image-2026-01-28-at-15.59.54-1.jpeg 900w\" sizes=\"(max-width: 576px) 100vw, 576px\" \/>\t\t\t\t\t\t\t\t\t\t\t\t\t\t\t<\/div>\n\t\t\t\t<\/div>\n\t\t\t\t<div class=\"elementor-element elementor-element-fd0ad13 elementor-widget__width-initial elementor-widget elementor-widget-heading\" data-id=\"fd0ad13\" data-element_type=\"widget\" data-e-type=\"widget\" data-widget_type=\"heading.default\">\n\t\t\t\t<div class=\"elementor-widget-container\">\n\t\t\t\t\t<h2 class=\"elementor-heading-title elementor-size-default\">Di\u00e1cono<\/h2>\t\t\t\t<\/div>\n\t\t\t\t<\/div>\n\t\t\t\t<div class=\"elementor-element elementor-element-1636b41 elementor-widget__width-initial elementor-widget elementor-widget-heading\" data-id=\"1636b41\" data-element_type=\"widget\" data-e-type=\"widget\" data-widget_type=\"heading.default\">\n\t\t\t\t<div class=\"elementor-widget-container\">\n\t\t\t\t\t<h2 class=\"elementor-heading-title elementor-size-default\">Marcelo Comelli<\/h2>\t\t\t\t<\/div>\n\t\t\t\t<\/div>\n\t\t\t\t<\/div>\n\t\t\t\t\t<\/div>\n\t\t\t\t<\/div>\n\t\t<div class=\"elementor-element elementor-element-756e9ff e-flex e-con-boxed e-con e-parent\" data-id=\"756e9ff\" data-element_type=\"container\" data-e-type=\"container\" data-settings=\"{&quot;jet_parallax_layout_list&quot;:[]}\">\n\t\t\t\t\t<div class=\"e-con-inner\">\n\t\t<div class=\"elementor-element elementor-element-2ab27e6 e-con-full e-flex e-con e-child\" data-id=\"2ab27e6\" data-element_type=\"container\" data-e-type=\"container\" data-settings=\"{&quot;jet_parallax_layout_list&quot;:[]}\">\n\t\t\t\t<div class=\"elementor-element elementor-element-445d8ce elementor-widget elementor-widget-image\" data-id=\"445d8ce\" data-element_type=\"widget\" data-e-type=\"widget\" data-widget_type=\"image.default\">\n\t\t\t\t<div class=\"elementor-widget-container\">\n\t\t\t\t\t\t\t\t\t\t\t\t\t\t\t<img loading=\"lazy\" decoding=\"async\" width=\"800\" height=\"600\" src=\"https:\/\/igrejapresbiteriana.com\/wp-content\/uploads\/2023\/09\/WhatsApp-Image-2023-09-11-at-8.30.29-PM-1024x768.jpeg\" class=\"attachment-large size-large wp-image-266\" alt=\"\" srcset=\"https:\/\/igrejapresbiteriana.com\/wp-content\/uploads\/2023\/09\/WhatsApp-Image-2023-09-11-at-8.30.29-PM-1024x768.jpeg 1024w, https:\/\/igrejapresbiteriana.com\/wp-content\/uploads\/2023\/09\/WhatsApp-Image-2023-09-11-at-8.30.29-PM-300x225.jpeg 300w, https:\/\/igrejapresbiteriana.com\/wp-content\/uploads\/2023\/09\/WhatsApp-Image-2023-09-11-at-8.30.29-PM-768x576.jpeg 768w, https:\/\/igrejapresbiteriana.com\/wp-content\/uploads\/2023\/09\/WhatsApp-Image-2023-09-11-at-8.30.29-PM.jpeg 1200w\" sizes=\"(max-width: 800px) 100vw, 800px\" \/>\t\t\t\t\t\t\t\t\t\t\t\t\t\t\t<\/div>\n\t\t\t\t<\/div>\n\t\t\t\t<div class=\"elementor-element elementor-element-72e201f elementor-widget__width-initial elementor-widget elementor-widget-heading\" data-id=\"72e201f\" data-element_type=\"widget\" data-e-type=\"widget\" data-widget_type=\"heading.default\">\n\t\t\t\t<div class=\"elementor-widget-container\">\n\t\t\t\t\t<h2 class=\"elementor-heading-title elementor-size-default\">Pastor Em\u00e9rito<\/h2>\t\t\t\t<\/div>\n\t\t\t\t<\/div>\n\t\t\t\t<div class=\"elementor-element elementor-element-df1320d elementor-widget__width-initial elementor-widget elementor-widget-heading\" data-id=\"df1320d\" data-element_type=\"widget\" data-e-type=\"widget\" data-widget_type=\"heading.default\">\n\t\t\t\t<div class=\"elementor-widget-container\">\n\t\t\t\t\t<h2 class=\"elementor-heading-title elementor-size-default\">Roberto Boselli<\/h2>\t\t\t\t<\/div>\n\t\t\t\t<\/div>\n\t\t\t\t<\/div>\n\t\t\t\t\t<\/div>\n\t\t\t\t<\/div>\n\t\t\t\t<\/div>\n\t\t<\/div><div id=\"jet-tabs-content-1503\" class=\"jet-tabs__content \" data-tab=\"3\" role=\"tabpanel\" aria-hidden=\"true\" data-template-id=\"232\">\t\t<div data-elementor-type=\"container\" data-elementor-id=\"232\" class=\"elementor elementor-232\" data-elementor-post-type=\"elementor_library\">\n\t\t\t\t<div class=\"elementor-element elementor-element-732cd62 e-flex e-con-boxed e-con e-parent\" data-id=\"732cd62\" data-element_type=\"container\" data-e-type=\"container\" data-settings=\"{&quot;jet_parallax_layout_list&quot;:[]}\">\n\t\t\t\t\t<div class=\"e-con-inner\">\n\t\t\t\t<div class=\"elementor-element elementor-element-73c60fa elementor-widget__width-initial elementor-widget elementor-widget-heading\" data-id=\"73c60fa\" data-element_type=\"widget\" data-e-type=\"widget\" data-widget_type=\"heading.default\">\n\t\t\t\t<div class=\"elementor-widget-container\">\n\t\t\t\t\t<h2 class=\"elementor-heading-title elementor-size-default\">Declara\u00e7\u00e3o de F\u00e9<\/h2>\t\t\t\t<\/div>\n\t\t\t\t<\/div>\n\t\t\t\t<div class=\"elementor-element elementor-element-875aec9 elementor-widget elementor-widget-spacer\" data-id=\"875aec9\" data-element_type=\"widget\" data-e-type=\"widget\" data-widget_type=\"spacer.default\">\n\t\t\t\t<div class=\"elementor-widget-container\">\n\t\t\t\t\t\t\t<div class=\"elementor-spacer\">\n\t\t\t<div class=\"elementor-spacer-inner\"><\/div>\n\t\t<\/div>\n\t\t\t\t\t\t<\/div>\n\t\t\t\t<\/div>\n\t\t\t\t<div class=\"elementor-element elementor-element-1a11385 elementor-widget elementor-widget-heading\" data-id=\"1a11385\" data-element_type=\"widget\" data-e-type=\"widget\" data-widget_type=\"heading.default\">\n\t\t\t\t<div class=\"elementor-widget-container\">\n\t\t\t\t\t<h2 class=\"elementor-heading-title elementor-size-default\"><h2>As Escrituras<\/h2>\n<p>N&oacute;s estamos comprometidos com a suprema autoridade e completa veracidade da Palavra de Deus e acreditamos que as Sagradas Escrituras do Antigo e Novo Testamento s&atilde;o a Palavra de Deus verbalmente inspirada, a autoridade final para a f&eacute; e a vida, sem erros nos escritos originais, infal&iacute;vel e inspirada por Deus (2 Tim&oacute;teo 3:16, 17; 2 Pedro 1:20, 21; Mateus 5:18; Jo&atilde;o 16:12, 13).<\/p>\n<p>Acreditamos que as inten&ccedil;&otilde;es de Deus, reveladas na B&iacute;blia, s&atilde;o a suprema e final autoridade para testar todas as reivindica&ccedil;&otilde;es sobre o que &eacute; verdadeiro e correto. Em assuntos n&atilde;o abordados pela B&iacute;blia, o que &eacute; verdadeiro e correto &eacute; avaliado de acordo com crit&eacute;rios consistentes com os ensinamentos das Escrituras.<\/p>\n<p>Portanto, o processo de descobrir a inten&ccedil;&atilde;o de Deus na B&iacute;blia - que &eacute; seu significado mais completo, &eacute; um esfor&ccedil;o humilde e cuidadoso para encontrar na linguagem das Escrituras o que os autores humanos pretendiam comunicar. Limita&ccedil;&otilde;es, vi&eacute;s tradicional, pecado pessoal e pressupostos culturais muitas vezes obscurecem os textos b&iacute;blicos. Por essa raz&atilde;o, o trabalho do Esp&iacute;rito Santo &eacute; essencial para a compreens&atilde;o correta da B&iacute;blia, e a ora&ccedil;&atilde;o por Sua assist&ecirc;ncia faz parte de um esfor&ccedil;o adequado para entender e aplicar a Palavra de Deus.<\/p>\n<p>Central para nossa adora&ccedil;&atilde;o est&aacute; a proclama&ccedil;&atilde;o da Palavra de Deus por meio da exposi&ccedil;&atilde;o b&iacute;blica, na tradi&ccedil;&atilde;o da f&eacute; e pr&aacute;tica da Reforma. Nossa Teologia &eacute; evang&eacute;lica ao afirmar, com o protestantismo hist&oacute;rico, doutrinas vitais como Sola Scriptura e Sola Fide.<\/p>\n<p>Acreditamos que a Palavra de Deus fornece instru&ccedil;&otilde;es claras n&atilde;o apenas para o caminho da salva&ccedil;&atilde;o, mas tamb&eacute;m para a vida cotidiana do homem no mundo, Sua cura divina e o Esp&iacute;rito Santo nos auxiliando na perseveran&ccedil;a. Acreditamos que todas as esferas e dom&iacute;nios da vida, inclusive a educa&ccedil;&atilde;o, devem estar sujeitos &agrave;s ordenan&ccedil;as e &agrave; gl&oacute;ria de Deus. \"Portanto, quer comais, quer bebais ou fa&ccedil;ais qualquer outra coisa, fazei tudo para a gl&oacute;ria de Deus\" (1 Cor&iacute;ntios 10:31).<\/p>\n<h3>As cren&ccedil;as teol&oacute;gicas b&aacute;sicas dos Reformadores no s&eacute;culo XVI<\/h3>\n<p><strong>Sola Scriptura<\/strong> - A B&iacute;blia &eacute; a &uacute;nica revela&ccedil;&atilde;o divina escrita, nossa &uacute;nica regra infal&iacute;vel para f&eacute; e vida, e sozinha pode vincular a consci&ecirc;ncia dos crentes de forma absoluta (Mateus 4:4; 2 Tim&oacute;teo 3:16).<\/p>\n<p><strong>Sola Fide<\/strong> - A justifica&ccedil;&atilde;o &eacute; somente pela f&eacute;. Pela gra&ccedil;a gratuita de Deus, a justi&ccedil;a de Jesus Cristo &eacute; imputada a n&oacute;s pela f&eacute; e &eacute; a &uacute;nica base de nossa aceita&ccedil;&atilde;o por Deus, pela qual nossos pecados s&atilde;o perdoados (Romanos 5:1; G&aacute;latas 2:16; Ef&eacute;sios 2:8-10).<\/p>\n<p><strong>Solus Christus<\/strong> - Jesus Cristo &eacute; o &uacute;nico mediador por meio de cuja obra somos redimidos (Jo&atilde;o 14:6; Jo&atilde;o 3:16).<\/p>\n<p><strong>Sola Gratia<\/strong> - Nossa salva&ccedil;&atilde;o repousa unicamente na obra da gra&ccedil;a de Deus por n&oacute;s (Romanos 2:4; Ef&eacute;sios 2:8-10).<\/p>\n<p><strong>Soli Deo Gloria<\/strong> - A salva&ccedil;&atilde;o &eacute; de Deus e foi realizada por Deus, portanto, somente a Deus pertence a gl&oacute;ria (Isa&iacute;as 42:8; Colossenses 3:17).<\/p>\n<p>&nbsp;<\/p>\n<h2>A Trindade<\/h2>\n<p>Todos n&oacute;s acreditamos com o cora&ccedil;&atilde;o e confessamos com a boca que h&aacute; um &uacute;nico ser simples e espiritual, que chamamos de Deus; e que Ele &eacute; santo, amoroso, eterno, incompreens&iacute;vel, invis&iacute;vel, imut&aacute;vel, infinito, onipotente, perfeitamente s&aacute;bio, justo, bom e a fonte abundante de todo bem.<\/p>\n<p>N&oacute;s tamb&eacute;m acreditamos em um &uacute;nico Deus, que &eacute; a &uacute;nica ess&ecirc;ncia, na qual existem tr&ecirc;s pessoas, realmente, verdadeiramente e eternamente distintas, de acordo com suas propriedades incomunic&aacute;veis; a saber, o Pai, o Filho e o Esp&iacute;rito Santo.<\/p>\n<p>O Pai nunca esteve sem seu Filho ou sem seu Esp&iacute;rito Santo. Pois todos os tr&ecirc;s s&atilde;o coeternos e coessenciais. N&atilde;o h&aacute; primeiro nem &uacute;ltimo: pois todos os tr&ecirc;s s&atilde;o realmente um, em verdade, poder, bondade e miseric&oacute;rdia. Assim, cada Pessoa na Divindade &eacute; plenamente e completamente Deus.<\/p>\n<h2>Salva&ccedil;&atilde;o e Elei&ccedil;&atilde;o Eterna<\/h2>\n<p>Acreditamos que toda a descend&ecirc;ncia de Ad&atilde;o, estando assim ca&iacute;da na perdi&ccedil;&atilde;o e na ru&iacute;na, pelo pecado de nossos primeiros pais, Deus ent&atilde;o se manifestou como Ele &eacute;; ou seja, misericordioso e justo.<\/p>\n<p>Misericordioso; pois Ele liberta e preserva dessa perdi&ccedil;&atilde;o todos aqueles que Ele, em Seu conselho eterno e imut&aacute;vel de pura bondade, elegeu em Cristo Jesus, nosso Senhor, sem levar em conta suas obras.<\/p>\n<p>Justo; ao deixar outros na queda e perdi&ccedil;&atilde;o em que se envolveram.<\/p>\n<p>Acreditamos que a elei&ccedil;&atilde;o de Deus &eacute; um ato incondicional de gra&ccedil;a livre e recebido pela f&eacute; pessoal no Senhor Jesus Cristo, cujo precioso sangue foi derramado no Calv&aacute;rio para o perd&atilde;o de nossos pecados (Ef&eacute;sios 2:8&ndash;10; Jo&atilde;o 1:12; Ef&eacute;sios 1:7; 1 Pedro 1:18&ndash;19). Por meio deste ato, Deus escolheu, antes da funda&ccedil;&atilde;o do mundo, aqueles que seriam libertos da escravid&atilde;o do pecado e trazidos ao arrependimento e f&eacute; salvadora em seu Filho Jesus Cristo.<\/p>\n<p>Acreditamos na bendita esperan&ccedil;a de que no final dos tempos Jesus Cristo voltar&aacute; pessoal, vis&iacute;vel, f&iacute;sica e repentinamente com poder e grande gl&oacute;ria a esta terra; e que Ele reunir&aacute; Seus eleitos, ressuscitar&aacute; os mortos, julgar&aacute; as na&ccedil;&otilde;es e estabelecer&aacute; Seu reino. Acreditamos que os justos entrar&atilde;o na vida eterna e receber&atilde;o a plenitude de alegria e refrig&eacute;rio que vir&aacute; da presen&ccedil;a do Senhor, mas os &iacute;mpios, que n&atilde;o conhecem a Deus e n&atilde;o obedecem ao evangelho de Jesus Cristo, ser&atilde;o lan&ccedil;ados em tormentos eternos, no fogo eterno preparado para o diabo e seus anjos ca&iacute;dos.<\/p>\n<h2>O Governo da Igreja<\/h2>\n<p>Acreditamos que a igreja, que &eacute; o corpo e a esposa prometida de Cristo, &eacute; um organismo espiritual composto por todas as pessoas nascidas de novo (Ef&eacute;sios 1:22, 23; 5:25&ndash;27; 1 Cor&iacute;ntios 12:12&ndash;14; 2 Cor&iacute;ntios 11:2). Al&eacute;m disso, &eacute; a vontade de Deus que a Igreja Universal encontre express&atilde;o em igrejas locais nas quais os crentes concordam em ouvir a Palavra de Deus proclamada, participar da adora&ccedil;&atilde;o corporativa, praticar as ordenan&ccedil;as do batismo e da Ceia do Senhor, edificar a f&eacute; uns dos outros por meio dos diversos minist&eacute;rios de amor, se responsabilizar mutuamente na obedi&ecirc;ncia da f&eacute; por meio da disciplina b&iacute;blica e se engajar na evangeliza&ccedil;&atilde;o local e mundial.<\/p>\n<p>Acreditamos que o estabelecimento e a continua&ccedil;&atilde;o das igrejas locais s&atilde;o claramente ensinados e definidos nas Escrituras do Novo Testamento (Atos 14:27; 18:22; 20:17; 1 Tim&oacute;teo 3:1&ndash;3; Tito 1:5&ndash;11). Acreditamos na autonomia das igrejas locais. Nossas sess&otilde;es de igreja (corpo de governo da igreja local) s&atilde;o compostas por presb&iacute;teros ensinantes e governantes, com cada um tendo igual representa&ccedil;&atilde;o e voto.<\/p>\n<p>As presb&iacute;teras consistem em igrejas particulares em &aacute;reas geogr&aacute;ficas nos Estados Unidos e Canad&aacute;. As igrejas s&atilde;o representadas por seus ministros e um presb&iacute;tero governante (mais para igrejas maiores) em cada reuni&atilde;o. As reuni&otilde;es da presb&iacute;tera s&atilde;o realizadas duas vezes por ano (ou at&eacute; tr&ecirc;s vezes por ano por algumas presb&iacute;teras).<\/p>\n<p>(Mateus 28:19&ndash;20; Atos 13:1&ndash;4; 15:19&ndash;31; 20:28; Romanos 16:1,4; 1 Cor&iacute;ntios 3:9, 16; 1 Cor&iacute;ntios 5:4&ndash;7, 13; 1 Pedro 5:1&ndash;4).<\/p>\n<p>Os sinais pelos quais a verdadeira Igreja &eacute; conhecida s&atilde;o os seguintes: se a doutrina pura do evangelho &eacute; pregada nela; se ela mant&eacute;m a administra&ccedil;&atilde;o pura dos sacramentos como institu&iacute;da por Cristo; se a disciplina da igreja &eacute; exercida para punir o pecado: em resumo, se todas as coisas s&atilde;o administradas de acordo com a Palavra pura de Deus, todas as coisas contr&aacute;rias s&atilde;o corrigidas, e Jesus Cristo &eacute; reconhecido como o &uacute;nico Cabe&ccedil;a da Igreja.<\/p>\n<p>Dessa forma, a verdadeira Igreja pode certamente ser conhecida, da qual ningu&eacute;m tem o direito de se separar. Em rela&ccedil;&atilde;o &agrave;queles que s&atilde;o membros da Igreja, eles podem ser conhecidos pelos sinais dos crist&atilde;os: ou seja, pela f&eacute;; e quando eles receberam Jesus Cristo, o &uacute;nico Salvador, eles evitam o pecado, seguem a justi&ccedil;a, amam o verdadeiro Deus e seu pr&oacute;ximo, n&atilde;o se desviam para a direita nem para a esquerda, e crucificam a carne com suas obras.<\/p>\n<p>Mas isso n&atilde;o deve ser entendido como se n&atilde;o houvesse grandes fraquezas neles; mas eles lutam contra elas pelo Esp&iacute;rito, todos os dias de suas vidas, continuamente se refugiando no sangue, morte, paix&atilde;o e obedi&ecirc;ncia de nosso Senhor Jesus Cristo, \"por quem t&ecirc;m remiss&atilde;o dos pecados, pela f&eacute; nele\".<\/p>\n<p>Acreditamos que deve haver uma pluralidade de presb&iacute;teros em cada igreja local. Essa pluralidade de presb&iacute;teros n&atilde;o &eacute; apenas b&iacute;blica, mas pr&aacute;tica. Ela tem o benef&iacute;cio de complementar os dons do pastor para garantir o pastoreio adequado da igreja de Deus. Cada igreja local deve reconhecer e afirmar o chamado divino de homens espiritualmente qualificados para liderar a igreja por meio do papel de pastor-presb&iacute;tero no minist&eacute;rio da Palavra e da ora&ccedil;&atilde;o. As mulheres n&atilde;o devem ocupar o papel de pastor-presb&iacute;tero na igreja local, mas s&atilde;o encorajadas a usar seus dons em fun&ccedil;&otilde;es apropriadas que edifiquem o corpo de Cristo e espalhem o evangelho.<\/p>\n<p>Essa verdadeira Igreja deve ser governada pela pol&iacute;tica espiritual que nosso Senhor nos ensinou em sua Palavra; ou seja, deve haver ministros ou pastores para pregar a Palavra de Deus e administrar os sacramentos; tamb&eacute;m presb&iacute;teros, que, juntamente com os pastores, formam o presbit&eacute;rio da Igreja: para que, por esses meios, a verdadeira religi&atilde;o seja preservada e a verdadeira doutrina seja propagada por toda parte, transgressores tamb&eacute;m sejam punidos e contidos por meios espirituais; e os di&aacute;conos, de modo que os pobres e aflitos possam ser aliviados e confortados, de acordo com suas necessidades. Por meio desses meios, tudo ser&aacute; conduzido na Igreja com boa ordem e dec&ecirc;ncia, quando homens fi&eacute;is forem escolhidos, de acordo com a regra prescrita pelo Ap&oacute;stolo Paulo em sua Ep&iacute;stola a Tim&oacute;teo.<\/p>\n<p>Buscamos ser o que pregamos e ensinamos. Desejamos que nossas vidas pessoais, estrutura organizacional e pol&iacute;ticas revelem explicitamente que valorizamos Jesus Cristo acima de todas as coisas. Buscaremos honestidade amorosa e graciosa em toda a nossa comunica&ccedil;&atilde;o.<\/p>\n<p>Nosso desejo &eacute; permanecer constantemente Nele, \"orando em todo tempo no Esp&iacute;rito\" (Ef&eacute;sios 6:18). Portanto, seremos intencionais em incluir a ora&ccedil;&atilde;o na vida vis&iacute;vel da organiza&ccedil;&atilde;o em todos os n&iacute;veis e cultivar uma vida compartilhada de viver pela f&eacute; na gra&ccedil;a futura de Deus para n&oacute;s.<\/p>\n<p>As Ep&iacute;stolas Pastorais instruem a igreja a crescer pela gra&ccedil;a de Deus por meio dos meios da gra&ccedil;a, exercitados rotineira e ordinariamente na adora&ccedil;&atilde;o do Dia do Senhor.<\/p>\n<h2>Os Sacramentos<\/h2>\n<p>Acreditamos que nosso Deus gracioso, por causa de nossa fraqueza e enfermidade, ordenou os sacramentos para n&oacute;s, e estamos satisfeitos com o n&uacute;mero de sacramentos que Cristo, nosso Senhor, instituiu, que s&atilde;o apenas dois, a saber, o sacramento do batismo e a santa ceia de nosso Senhor Jesus Cristo (Mateus 28:19, 20; Atos 2:41, 42; Atos 18:8; 1 Cor&iacute;ntios 11:23&ndash;26).<\/p>\n<h3>Acreditamos que o batismo &eacute;:<\/h3>\n<p>Um sacramento do novo testamento, ordenado por Jesus Cristo, n&atilde;o apenas para a solene admiss&atilde;o da parte batizada na igreja vis&iacute;vel, mas tamb&eacute;m como um sinal e selo para ele do pacto de gra&ccedil;a, de seu enxerto em Cristo, da regenera&ccedil;&atilde;o, da remiss&atilde;o dos pecados e de sua entrega a Deus, por meio de Jesus Cristo, para andar em novidade de vida. Esse sacramento, por nomea&ccedil;&atilde;o pr&oacute;pria de Cristo, deve continuar em sua igreja at&eacute; o fim do mundo.<br \/>O elemento exterior a ser usado neste sacramento &eacute; a &aacute;gua, com a qual a pessoa deve ser batizada, em nome do Pai, do Filho e do Esp&iacute;rito Santo, por um ministro do evangelho, devidamente chamado para isso.<br \/>Mergulhar a pessoa na &aacute;gua n&atilde;o &eacute; necess&aacute;rio, mas o batismo &eacute; administrado corretamente derramando ou aspergindo &aacute;gua sobre a pessoa.<br \/>Devem ser batizados n&atilde;o apenas aqueles que professam f&eacute; em Cristo e obedi&ecirc;ncia a ele, mas tamb&eacute;m os filhos de um ou de ambos os pais crentes.<br \/>Embora seja um grande pecado desprezar ou negligenciar esta ordenan&ccedil;a, a gra&ccedil;a e a salva&ccedil;&atilde;o n&atilde;o est&atilde;o t&atilde;o inseparavelmente ligadas a ela, que nenhuma pessoa possa ser regenerada ou salva sem ela; ou seja, que todos os batizados s&atilde;o indubitavelmente regenerados.<br \/>A efic&aacute;cia do batismo n&atilde;o est&aacute; ligada ao momento em que &eacute; administrado; no entanto, n&atilde;o obstante, pelo uso correto deste sacramento, a gra&ccedil;a prometida n&atilde;o &eacute; apenas oferecida, mas realmente &eacute; exibida e conferida pelo Esp&iacute;rito Santo, &agrave;queles (seja de idade ou crian&ccedil;as) a quem pertence essa gra&ccedil;a, de acordo com o conselho da pr&oacute;pria vontade de Deus, em seu tempo determinado.<br \/>O sacramento do batismo deve ser administrado apenas uma vez a qualquer pessoa.<br \/>Acreditamos que a Ceia do Senhor &eacute;:<\/p>\n<p>Nosso Senhor Jesus, na noite em que foi tra&iacute;do, instituiu o sacramento de seu corpo e sangue, chamado Ceia do Senhor, para ser observado em sua igreja, at&eacute; o fim do mundo, para a lembran&ccedil;a perp&eacute;tua do sacrif&iacute;cio de si mesmo em sua morte; para selar todos os benef&iacute;cios desse sacrif&iacute;cio aos verdadeiros crentes, para o seu nutrimento espiritual e crescimento nele, para seu maior engajamento em todos os deveres que devem a ele; e para ser um v&iacute;nculo e penhor de sua comunh&atilde;o com ele e uns com os outros, como membros de seu corpo m&iacute;stico.<\/p>\n<p>Neste sacramento, Cristo n&atilde;o &eacute; oferecido ao Pai; nem h&aacute; qualquer sacrif&iacute;cio real feito, de forma alguma, para a remiss&atilde;o dos pecados dos vivos ou dos mortos; mas apenas uma comemora&ccedil;&atilde;o desse &uacute;nico sacrif&iacute;cio de si mesmo, por si mesmo, na cruz, de uma vez por todas.<\/p>\n<h2>Os Credos<\/h2>\n<p>Como express&otilde;es fi&eacute;is da B&iacute;blia, acreditamos que as confiss&otilde;es reformadas hist&oacute;ricas da igreja s&atilde;o a melhor express&atilde;o do cristianismo b&iacute;blico. Portanto, o Credo dos Ap&oacute;stolos, o Credo de Niceia, as Tr&ecirc;s Formas de Unidade, um nome coletivo para a Confiss&atilde;o Belga, os C&acirc;nones de Dort, o Catecismo de Heidelberg e a Confiss&atilde;o de Westminster, que s&atilde;o nossos S&iacute;mbolos de F&eacute;, estabelecem os par&acirc;metros para n&oacute;s. Mas eles n&atilde;o devem substituir a B&iacute;blia e n&atilde;o devem ser equiparados em autoridade &agrave; B&iacute;blia. Precisamos de declara&ccedil;&otilde;es que esclare&ccedil;am exatamente o que vemos nas Escrituras: ou seja, que Cristo &eacute; Deus, que ele morreu por nossos pecados e que sem ele perecemos e entramos em tormento eterno.<\/p>\n<p>O uso de catecismos, que resumem corretamente o ensino b&iacute;blico, n&atilde;o nega nem remove o papel das Sagradas Escrituras. Como declara&ccedil;&otilde;es de resumo do que as Sagradas Escrituras ensinam sobre uma doutrina espec&iacute;fica, eles servem como um estudo da B&iacute;blia mais eficaz.<\/p>\n<h2>O Campo Mission&aacute;rio<\/h2>\n<p>Temos como objetivo fazer parte da reden&ccedil;&atilde;o global de Deus &agrave; medida que ele re&uacute;ne adoradores de todos os povos do mundo por meio do evangelho de Jesus Cristo. Levantamos nossos olhos al&eacute;m das press&otilde;es e prazeres locais e olhamos para os lugares e povos menos alcan&ccedil;ados do mundo. Apoiamos e colaboramos com a vis&atilde;o do campo mission&aacute;rio com a organiza&ccedil;&atilde;o: A Apple of God's Eyes no Nepal, e tamb&eacute;m temos um forte v&iacute;nculo com o Pastor Fikret Bocek na Igreja Protestante de Izmir na Turquia, reconhecendo seus esfor&ccedil;os para alcan&ccedil;ar as almas perdidas nesse local t&atilde;o disputado por diferentes grupos &eacute;tnicos e religiosos.<\/p>\n<h2>Autoridade Final para Assuntos de F&eacute; e Conduta<\/h2>\n<p>Esta Declara&ccedil;&atilde;o de F&eacute; n&atilde;o esgota a extens&atilde;o de nossas cren&ccedil;as. A pr&oacute;pria B&iacute;blia, como a Palavra inspirada e infal&iacute;vel de Deus que fala com autoridade final sobre a verdade, a moral e a conduta apropriada da humanidade, &eacute; a &uacute;nica e &uacute;ltima fonte de tudo o que acreditamos. Para os fins da f&eacute;, doutrina, pr&aacute;tica, pol&iacute;tica e disciplina, o ministro\/executivo\/comit&ecirc; de dire&ccedil;&atilde;o da igreja Reformed Christian Church &eacute; a autoridade interpretativa final da B&iacute;blia em rela&ccedil;&atilde;o ao seu significado e aplica&ccedil;&atilde;o.<\/p>\n<h2>A Santidade da Vida Humana<\/h2>\n<p>Acreditamos que toda a vida humana &eacute; sagrada e criada por Deus &agrave; sua imagem. A vida humana tem um valor inestim&aacute;vel em todas as suas dimens&otilde;es, incluindo beb&ecirc;s por nascer, os idosos e deficientes, pobres e ricos, homens e mulheres de todas as ra&ccedil;as e etnias. Portanto, como crist&atilde;os, nos opomos ao aborto, &agrave; eutan&aacute;sia e a todas as formas de homic&iacute;dio deliberado de seres humanos.<\/p>\n<p>Acreditamos na dignidade de todas as pessoas, independentemente de sua origem &eacute;tnica, religi&atilde;o, g&ecirc;nero, orienta&ccedil;&atilde;o sexual, idade, habilidades ou defici&ecirc;ncias. Portanto, condenamos qualquer forma de discrimina&ccedil;&atilde;o, racismo, &oacute;dio ou preconceito contra qualquer pessoa ou grupo de pessoas.<\/p>\n<p>Em resumo, as cren&ccedil;as e pr&aacute;ticas de uma igreja podem variar, mesmo dentro da tradi&ccedil;&atilde;o reformada, mas as cren&ccedil;as que voc&ecirc; descreve parecem ser consistentes com as cren&ccedil;as reformadas hist&oacute;ricas e muitas das doutrinas crist&atilde;s fundamentais. No entanto, as nuances e a &ecirc;nfase espec&iacute;fica podem variar de igreja para igreja. Se voc&ecirc; estiver considerando se juntar a uma igreja ou comunidade espec&iacute;fica, &eacute; importante conversar com os l&iacute;deres dessa igreja para entender completamente suas cren&ccedil;as e pr&aacute;ticas espec&iacute;ficas.<\/p>\n<p>&nbsp;<\/p>\n<h2>Declara&ccedil;&atilde;o sobre Casamento, G&ecirc;nero e Sexualidade<\/h2>\n<p>Acreditamos que Deus cria maravilhosamente e imutavelmente cada pessoa como homem ou mulher. Esses dois g&ecirc;neros distintos e complementares refletem juntos a imagem e a natureza de Deus (G&ecirc;n. 1:26-27). A rejei&ccedil;&atilde;o do sexo biol&oacute;gico de algu&eacute;m &eacute; uma rejei&ccedil;&atilde;o da imagem de Deus (Imago Dei) dentro dessa pessoa.<\/p>\n<p>Acreditamos que o termo \"casamento\" tem apenas um significado: a uni&atilde;o de um homem e uma mulher em uma &uacute;nica e exclusiva uni&atilde;o, conforme delineado nas Escrituras (G&ecirc;n. 2:18-25). Acreditamos que Deus pretende que a intimidade sexual ocorra apenas entre um homem e uma mulher casados um com o outro (1 Cor. 6:18; 7:2-5; Heb. 13:4). Acreditamos que Deus ordenou que nenhuma atividade sexual &iacute;ntima seja praticada fora do casamento entre um homem e uma mulher.<\/p>\n<p>Acreditamos que qualquer forma de imoralidade sexual (incluindo adult&eacute;rio, fornica&ccedil;&atilde;o, comportamento homossexual, conduta bissexual, bestialidade, incesto, pederastia, pedofilia, etc.) &eacute; pecaminosa e ofensiva a Deus (Mat. 15:18-20; 1 Cor. 6:9-10).<\/p>\n<p>Acreditamos que, a fim de preservar a fun&ccedil;&atilde;o e a integridade da Igreja Reformada Crist&atilde; como o Corpo de Cristo local e fornecer um modelo de comportamento b&iacute;blico para os membros da igreja e a comunidade, &eacute; imperativo que todas as pessoas empregadas pela Igreja Reformada Crist&atilde; em qualquer capacidade ou que sirvam como volunt&aacute;rios concordem e cumpram esta Declara&ccedil;&atilde;o sobre Casamento, G&ecirc;nero e Sexualidade (Mat. 5:16; Fil. 2:14-16; 1 Tess. 5:22).<\/p>\n<p>Acreditamos que Deus oferece reden&ccedil;&atilde;o e restaura&ccedil;&atilde;o a todos que confessam e abandonam seu pecado, buscando Sua miseric&oacute;rdia e perd&atilde;o por meio de Jesus Cristo (Atos 3:19-21; Rom. 10:9-10; 1 Cor. 6:9-11).<\/p>\n<p>Acreditamos que toda pessoa deve ser tratada com compaix&atilde;o, amor, bondade, respeito e dignidade (Marcos 12:28-31; Lucas 6:31). Comportamentos ou atitudes odiosas e hostis dirigidos a qualquer indiv&iacute;duo devem ser repudiados e n&atilde;o est&atilde;o de acordo com as Escrituras nem com os ensinamentos da Igreja Reformada Crist&atilde;.<\/p>\n<h2>Pol&iacute;tica de Casamento<\/h2>\n<p>Porque Deus ordenou o casamento e o definiu como o relacionamento de alian&ccedil;a entre um homem, uma mulher e Ele mesmo, a Igreja Reformada Crist&atilde; s&oacute; reconhecer&aacute; casamentos entre um homem biol&oacute;gico e uma mulher biol&oacute;gica. Al&eacute;m disso, os pastores\/ministros\/cl&eacute;rigos e funcion&aacute;rios da Igreja Reformada Crist&atilde; s&oacute; participar&atilde;o de casamentos e solenizar&atilde;o casamentos entre um homem e uma mulher. Por fim, as instala&ccedil;&otilde;es e propriedades da Igreja Reformada Crist&atilde; s&oacute; hospedar&atilde;o casamentos entre um homem e uma mulher.<\/p>\n<h2>Membros da Igreja<\/h2>\n<p>A membresia da Igreja Reformada Crist&atilde; ser&aacute; composta por indiv&iacute;duos que s&atilde;o crentes no Senhor Jesus Cristo e afirmam os princ&iacute;pios da Constitui&ccedil;&atilde;o da Igreja (BPC - Constitui&ccedil;&atilde;o), e que oferecem evid&ecirc;ncias, por meio de sua confiss&atilde;o e conduta, de que est&atilde;o vivendo de acordo com suas afirma&ccedil;&otilde;es e esta Constitui&ccedil;&atilde;o e Estatutos, e est&atilde;o buscando ativamente e mantendo uma comunh&atilde;o vital com o Senhor Jesus Cristo. O ministro\/comit&ecirc; executivo\/conselho de administra&ccedil;&atilde;o da Igreja Reformada Crist&atilde; ter&aacute; autoridade final em todos os assuntos de governo da igreja, conforme estabelecido e descrito nos Estatutos.<\/p><\/h2>\t\t\t\t<\/div>\n\t\t\t\t<\/div>\n\t\t\t\t\t<\/div>\n\t\t\t\t<\/div>\n\t\t\t\t<\/div>\n\t\t<\/div><div id=\"jet-tabs-content-1504\" class=\"jet-tabs__content \" data-tab=\"4\" role=\"tabpanel\" aria-hidden=\"true\" data-template-id=\"476\">\t\t<div data-elementor-type=\"page\" data-elementor-id=\"476\" class=\"elementor elementor-476\" data-elementor-post-type=\"elementor_library\">\n\t\t\t\t<div class=\"elementor-element elementor-element-15c2a48b e-flex e-con-boxed e-con e-parent\" data-id=\"15c2a48b\" data-element_type=\"container\" data-e-type=\"container\" data-settings=\"{&quot;jet_parallax_layout_list&quot;:[]}\">\n\t\t\t\t\t<div class=\"e-con-inner\">\n\t\t<div class=\"elementor-element elementor-element-46d7a8fb e-con-full e-flex e-con e-child\" data-id=\"46d7a8fb\" data-element_type=\"container\" data-e-type=\"container\" data-settings=\"{&quot;jet_parallax_layout_list&quot;:[]}\">\n\t\t\t\t<div class=\"elementor-element elementor-element-1ad03265 elementor-widget elementor-widget-image\" data-id=\"1ad03265\" data-element_type=\"widget\" data-e-type=\"widget\" data-widget_type=\"image.default\">\n\t\t\t\t<div class=\"elementor-widget-container\">\n\t\t\t\t\t\t\t\t\t\t\t\t\t\t\t<img decoding=\"async\" width=\"375\" height=\"47\" src=\"https:\/\/igrejapresbiteriana.com\/wp-content\/uploads\/2023\/09\/logo.png\" class=\"attachment-large size-large wp-image-24\" alt=\"\" srcset=\"https:\/\/igrejapresbiteriana.com\/wp-content\/uploads\/2023\/09\/logo.png 375w, https:\/\/igrejapresbiteriana.com\/wp-content\/uploads\/2023\/09\/logo-300x38.png 300w\" sizes=\"(max-width: 375px) 100vw, 375px\" \/>\t\t\t\t\t\t\t\t\t\t\t\t\t\t\t<\/div>\n\t\t\t\t<\/div>\n\t\t\t\t<\/div>\n\t\t\t\t\t<\/div>\n\t\t\t\t<\/div>\n\t\t<div class=\"elementor-element elementor-element-2a6bd752 e-flex e-con-boxed e-con e-parent\" data-id=\"2a6bd752\" data-element_type=\"container\" data-e-type=\"container\" data-settings=\"{&quot;jet_parallax_layout_list&quot;:[]}\">\n\t\t\t\t\t<div class=\"e-con-inner\">\n\t\t<div class=\"elementor-element elementor-element-3e5cdde7 e-con-full e-flex e-con e-child\" data-id=\"3e5cdde7\" data-element_type=\"container\" data-e-type=\"container\" data-settings=\"{&quot;jet_parallax_layout_list&quot;:[]}\">\n\t\t\t\t<div class=\"elementor-element elementor-element-46b38e29 elementor-widget elementor-widget-text-editor\" data-id=\"46b38e29\" data-element_type=\"widget\" data-e-type=\"widget\" data-widget_type=\"text-editor.default\">\n\t\t\t\t<div class=\"elementor-widget-container\">\n\t\t\t\t\t\t\t\t\t<h3>P\u00e1gina para D\u00edzimos e Ofertas da Igreja Presbiteriana de Winter Garden.<\/h3><h6><em>&#8220;Cada um contribua segundo tiver proposto no cora\u00e7\u00e3o, n\u00e3o com tristeza ou por necessidade; porque Deus ama a quem d\u00e1 com alegria.&#8221;<br \/><\/em>2 Cor\u00edntios 9:7<\/h6>\t\t\t\t\t\t\t\t<\/div>\n\t\t\t\t<\/div>\n\t\t\t\t<\/div>\n\t\t\t\t<div class=\"elementor-element elementor-element-2d2bfd02 elementor-widget elementor-widget-html\" data-id=\"2d2bfd02\" data-element_type=\"widget\" data-e-type=\"widget\" data-widget_type=\"html.default\">\n\t\t\t\t<div class=\"elementor-widget-container\">\n\t\t\t\t\t<a href=\"https:\/\/igrejapresbiteriana.churchcenter.com\/giving?open-in-church-center-modal=true\" target=\"popup\" onclick=\"window.open('https:\/\/igrejapresbiteriana.churchcenter.com\/giving?open-in-church-center-modal=true','popup','width=600,height=600,scrollbars=no,resizable=no'); return false;\" title=\"Oferte Agora\" style=\"display:inline-block; padding:8px 14px; background:#007AB8; color:#fff; border:1px solid #005078; border-radius:4px; text-decoration:none; font-weight:bold;\">Oferte Agora<\/a>\n\t\t\t\t<\/div>\n\t\t\t\t<\/div>\n\t\t\t\t\t<\/div>\n\t\t\t\t<\/div>\n\t\t\t\t<\/div>\n\t\t<\/div>\t\t\t<\/div>\n\t\t<\/div>\n\t\t\t\t\t\t<\/div>\n\t\t\t\t<\/div>\n\t\t\t\t<\/div>\n\t\t<div class=\"elementor-element elementor-element-64e37b1 e-flex e-con-boxed e-con e-parent\" data-id=\"64e37b1\" data-element_type=\"container\" data-e-type=\"container\" data-settings=\"{&quot;jet_parallax_layout_list&quot;:[]}\">\n\t\t\t\t\t<div class=\"e-con-inner\">\n\t\t<div class=\"elementor-element elementor-element-38d4bf3 e-con-full e-flex e-con e-child\" data-id=\"38d4bf3\" data-element_type=\"container\" data-e-type=\"container\" data-settings=\"{&quot;jet_parallax_layout_list&quot;:[]}\">\n\t\t\t\t<div class=\"elementor-element elementor-element-52db7a1 elementor-widget elementor-widget-spacer\" data-id=\"52db7a1\" data-element_type=\"widget\" data-e-type=\"widget\" data-widget_type=\"spacer.default\">\n\t\t\t\t<div class=\"elementor-widget-container\">\n\t\t\t\t\t\t\t<div class=\"elementor-spacer\">\n\t\t\t<div class=\"elementor-spacer-inner\"><\/div>\n\t\t<\/div>\n\t\t\t\t\t\t<\/div>\n\t\t\t\t<\/div>\n\t\t\t\t<div class=\"elementor-element elementor-element-6960919 elementor-widget elementor-widget-heading\" data-id=\"6960919\" data-element_type=\"widget\" data-e-type=\"widget\" data-widget_type=\"heading.default\">\n\t\t\t\t<div class=\"elementor-widget-container\">\n\t\t\t\t\t<h2 class=\"elementor-heading-title elementor-size-default\">Nossa<br>Localiza\u00e7\u00e3o<\/h2>\t\t\t\t<\/div>\n\t\t\t\t<\/div>\n\t\t\t\t<div class=\"elementor-element elementor-element-005134d elementor-widget elementor-widget-heading\" data-id=\"005134d\" data-element_type=\"widget\" data-e-type=\"widget\" data-widget_type=\"heading.default\">\n\t\t\t\t<div class=\"elementor-widget-container\">\n\t\t\t\t\t<h2 class=\"elementor-heading-title elementor-size-default\">671 Beulah Rd,\nWinter Garden,  FL 34787<\/h2>\t\t\t\t<\/div>\n\t\t\t\t<\/div>\n\t\t\t\t<div class=\"elementor-element elementor-element-ae71581 elementor-widget elementor-widget-spacer\" data-id=\"ae71581\" data-element_type=\"widget\" data-e-type=\"widget\" data-widget_type=\"spacer.default\">\n\t\t\t\t<div class=\"elementor-widget-container\">\n\t\t\t\t\t\t\t<div class=\"elementor-spacer\">\n\t\t\t<div class=\"elementor-spacer-inner\"><\/div>\n\t\t<\/div>\n\t\t\t\t\t\t<\/div>\n\t\t\t\t<\/div>\n\t\t\t\t<div class=\"elementor-element elementor-element-1f20cab elementor-widget elementor-widget-heading\" data-id=\"1f20cab\" data-element_type=\"widget\" data-e-type=\"widget\" data-widget_type=\"heading.default\">\n\t\t\t\t<div class=\"elementor-widget-container\">\n\t\t\t\t\t<h2 class=\"elementor-heading-title elementor-size-default\">Nosso<br>Contato<\/h2>\t\t\t\t<\/div>\n\t\t\t\t<\/div>\n\t\t\t\t<div class=\"elementor-element elementor-element-1f69b3e elementor-widget elementor-widget-heading\" data-id=\"1f69b3e\" data-element_type=\"widget\" data-e-type=\"widget\" data-widget_type=\"heading.default\">\n\t\t\t\t<div class=\"elementor-widget-container\">\n\t\t\t\t\t<h2 class=\"elementor-heading-title elementor-size-default\">contato@igrejapresbiteriana.com<\/h2>\t\t\t\t<\/div>\n\t\t\t\t<\/div>\n\t\t\t\t<\/div>\n\t\t<div class=\"elementor-element elementor-element-ca2553a e-con-full e-flex e-con e-child\" data-id=\"ca2553a\" data-element_type=\"container\" data-e-type=\"container\" data-settings=\"{&quot;jet_parallax_layout_list&quot;:[]}\">\n\t\t\t\t<div class=\"elementor-element elementor-element-62c3c69 elementor-widget elementor-widget-image\" data-id=\"62c3c69\" data-element_type=\"widget\" data-e-type=\"widget\" data-widget_type=\"image.default\">\n\t\t\t\t<div class=\"elementor-widget-container\">\n\t\t\t\t\t\t\t\t\t\t\t\t\t\t\t<img loading=\"lazy\" decoding=\"async\" width=\"800\" height=\"742\" src=\"https:\/\/igrejapresbiteriana.com\/wp-content\/uploads\/2023\/09\/imagem-final-igreja_.png\" class=\"attachment-large size-large wp-image-163\" alt=\"\" srcset=\"https:\/\/igrejapresbiteriana.com\/wp-content\/uploads\/2023\/09\/imagem-final-igreja_.png 1015w, https:\/\/igrejapresbiteriana.com\/wp-content\/uploads\/2023\/09\/imagem-final-igreja_-300x278.png 300w, https:\/\/igrejapresbiteriana.com\/wp-content\/uploads\/2023\/09\/imagem-final-igreja_-768x712.png 768w\" sizes=\"(max-width: 800px) 100vw, 800px\" \/>\t\t\t\t\t\t\t\t\t\t\t\t\t\t\t<\/div>\n\t\t\t\t<\/div>\n\t\t\t\t<\/div>\n\t\t\t\t\t<\/div>\n\t\t\t\t<\/div>\n\t\t<div class=\"elementor-element elementor-element-56fc0b3 e-flex e-con-boxed e-con e-parent\" data-id=\"56fc0b3\" data-element_type=\"container\" data-e-type=\"container\" data-settings=\"{&quot;background_background&quot;:&quot;classic&quot;,&quot;jet_parallax_layout_list&quot;:[]}\">\n\t\t\t\t\t<div class=\"e-con-inner\">\n\t\t<div class=\"elementor-element elementor-element-0186be6 e-con-full e-flex e-con e-child\" data-id=\"0186be6\" data-element_type=\"container\" data-e-type=\"container\" data-settings=\"{&quot;jet_parallax_layout_list&quot;:[]}\">\n\t\t\t\t<div class=\"elementor-element elementor-element-0e2c650 elementor-view-default elementor-widget elementor-widget-icon\" data-id=\"0e2c650\" data-element_type=\"widget\" data-e-type=\"widget\" data-widget_type=\"icon.default\">\n\t\t\t\t<div class=\"elementor-widget-container\">\n\t\t\t\t\t\t\t<div class=\"elementor-icon-wrapper\">\n\t\t\t<div class=\"elementor-icon\">\n\t\t\t<svg xmlns=\"http:\/\/www.w3.org\/2000\/svg\" xmlns:xlink=\"http:\/\/www.w3.org\/1999\/xlink\" id=\"Layer_2\" data-name=\"Layer 2\" viewBox=\"0 0 300 137.38\"><defs><style>      .cls-1 {        clip-path: url(#clippath);      }      .cls-2, .cls-3 {        fill: #fff;      }      .cls-3 {        stroke-width: 0px;      }    <\/style><clipPath id=\"clippath\"><path class=\"cls-3\" d=\"m116.59,10.57l-1.17.05c-1.89.09-3.75.21-5.58.36l-1.03.09c-1.74.16-3.47.34-5.15.56l-.58.07c-1.81.24-3.58.51-5.34.8l-1.11.19c-1.73.3-3.44.63-5.12.98l-.7.16c-1.57.34-3.11.7-4.64,1.08l-.78.19c-1.62.41-3.21.85-4.77,1.31l-.98.29c-1.58.47-3.15.96-4.67,1.47l-.22.08c-1.5.5-2.96,1.02-4.4,1.56l-.8.29c-1.45.54-2.87,1.1-4.25,1.67l-.74.31c-1.4.58-2.77,1.17-4.22,1.81-1.38.62-2.72,1.25-4.05,1.89l-.68.33c-1.29.63-2.55,1.26-3.79,1.91l-.41.22c-1.21.63-2.39,1.27-3.55,1.91l-.26.14c-1.19.67-2.36,1.33-3.49,2l-.49.29c-.82.48-1.63.98-2.44,1.48,7.48,8.63,16.27,16.14,25.01,23.6.7-.34,1.4-.68,2.12-1.02l1.16-.54c.64-.29,1.3-.58,1.96-.87.5-.22,1.01-.43,1.52-.64.68-.29,1.28-.54,1.9-.78,1.05-.42,2.13-.83,3.22-1.23.35-.13.71-.25,1.07-.38l.55-.19c.75-.26,1.5-.52,2.26-.76.56-.18,1.13-.37,1.71-.54.87-.27,1.76-.53,2.66-.79l1.35-.39c1.33-.36,2.67-.7,4.03-1.02l1.35-.3c1.04-.23,2.08-.45,3.14-.65.5-.1,1-.19,1.5-.28,1.27-.23,2.55-.43,3.85-.62l.74-.11c1.54-.21,3.11-.39,4.7-.55l1.36-.12c1.23-.11,2.46-.19,3.7-.26l1.47-.08c2.63-.11,5.25-.17,8.13-.04l1.02.06c.73.04,1.46.09,2.22.15l1.23.11c.73.07,1.47.15,2.22.24.42.05.85.1,1.28.16.82.11,1.67.23,2.52.37l1.06.16c1.16.19,2.36.4,3.56.64l1.32.27c.79.16,1.6.33,2.41.51.56.13,1.13.26,1.69.4.71.17,1.42.34,2.14.52.6.15,1.21.31,1.81.47.7.19,1.4.38,2.11.58l.34.1c.49.14.99.28,1.49.43.79.23,1.57.48,2.37.73,1.04.33,2.02.65,2.99.98l.31.1c.63.22,1.27.43,1.9.66.66.24,1.33.49,1.99.74.64.24,1.28.48,1.92.73.68.27,1.36.54,2.04.82.62.25,1.24.52,1.86.79.67.29,1.35.58,2.02.88.58.26,1.16.53,1.74.8l.65.3c.48.22.96.44,1.43.68,4.23,2.07,8.17,4.29,11.72,6.62l4.35,2.87,30.55-24.26c-4.02-2.72-7.99-5.36-11.82-7.88-23.57-15.44-57.16-25.82-83.59-25.82-1.81,0-3.76.04-5.94.13\"><\/path><\/clipPath><\/defs><g id=\"Layer_1-2\" data-name=\"Layer 1\"><g><g><path class=\"cls-3\" d=\"m183.03,71.85c-20.13,13.19-47.64,20.09-64.41,20.09-30.52,0-53.6-11.47-67.58-21.1l-3.14-2.16,3.14-2.16c4.02-2.77,8.32-5.34,12.77-7.66,1.45-.75,2.96-1.49,4.51-2.22l1.16-.54c.64-.29,1.3-.58,1.96-.87.5-.22,1.01-.43,1.52-.64.68-.29,1.28-.54,1.9-.78,1.05-.42,2.12-.83,3.22-1.23.35-.13.71-.25,1.07-.38l.55-.19c.75-.26,1.5-.52,2.26-.76.56-.18,1.13-.37,1.71-.54.87-.27,1.76-.53,2.66-.79l1.35-.39c1.33-.36,2.67-.7,4.03-1.01l1.35-.3c1.04-.23,2.08-.45,3.14-.65.5-.1,1-.19,1.5-.28,1.27-.23,2.55-.43,3.85-.62l.74-.11c1.54-.21,3.11-.39,4.7-.55l1.36-.12c1.22-.11,2.46-.19,3.7-.26l1.47-.08c2.63-.11,5.25-.17,8.13-.04l1.02.06c.73.04,1.46.09,2.22.15l1.23.11c.73.07,1.47.15,2.22.24.42.05.85.1,1.28.16.82.11,1.67.23,2.52.37l1.06.16c1.16.19,2.36.41,3.56.64l1.32.27c.8.16,1.6.33,2.41.51.56.13,1.13.26,1.69.4.71.17,1.42.34,2.14.52.61.15,1.21.31,1.81.47.7.19,1.4.38,2.11.58l.34.1c.49.14.99.28,1.49.43.79.23,1.57.48,2.37.73,1.05.33,2.02.65,2.99.98l.31.1c.63.22,1.27.43,1.9.66.66.24,1.33.49,1.99.74.64.24,1.28.48,1.92.73.68.27,1.36.54,2.04.82.62.25,1.24.52,1.87.79.67.29,1.35.58,2.02.88.58.26,1.16.53,1.74.8l.65.3c.48.22.96.45,1.43.68,4.23,2.07,8.17,4.29,11.72,6.62l4.8,3.16-4.8,3.16ZM274.08,0l-2.01,1.68c-.29.25-29.18,24.39-54.13,42.45-4.02-2.72-7.99-5.37-11.82-7.88-23.57-15.44-57.16-25.82-83.59-25.82-1.81,0-3.76.04-5.94.13l-1.18.05c-1.89.09-3.75.21-5.58.36l-1.03.09c-1.74.16-3.47.34-5.15.56l-.58.07c-1.81.24-3.58.51-5.34.8l-1.11.19c-1.73.3-3.44.63-5.12.98l-.7.16c-1.57.34-3.11.7-4.64,1.08l-.78.19c-1.62.41-3.21.85-4.77,1.31l-.98.29c-1.58.47-3.14.96-4.67,1.47l-.22.07c-1.5.5-2.96,1.02-4.4,1.56l-.8.29c-1.45.54-2.87,1.1-4.25,1.67l-.74.31c-1.4.58-2.77,1.17-4.22,1.81-1.38.62-2.72,1.25-4.05,1.89l-.68.33c-1.29.63-2.55,1.26-3.79,1.91l-.41.22c-1.21.63-2.39,1.27-3.55,1.91l-.26.14c-1.19.67-2.36,1.33-3.49,2l-.49.29c-4.92,2.91-9.66,6.03-14.49,9.53C12.49,54.16,1.93,66.41,1.49,66.92l-1.49,1.74,1.52,1.71c.46.51,11.36,12.72,27.6,24.87,19.33,14.46,51.22,31.69,93.42,31.69,26.43,0,60.02-10.38,83.59-25.82,4.59-3.01,13.33-8.9,13.38-8.93,19.76-13.9,77.78-59.17,78.36-59.62l2.14-1.67L274.08,0Z\"><\/path><polygon class=\"cls-3\" points=\"274.07 137.38 228.08 99.96 262.5 75.4 299.94 106.56 274.07 137.38\"><\/polygon><\/g><g><path class=\"cls-2\" d=\"m116.59,10.57l-1.17.05c-1.89.09-3.75.21-5.58.36l-1.03.09c-1.74.16-3.47.34-5.15.56l-.58.07c-1.81.24-3.58.51-5.34.8l-1.11.19c-1.73.3-3.44.63-5.12.98l-.7.16c-1.57.34-3.11.7-4.64,1.08l-.78.19c-1.62.41-3.21.85-4.77,1.31l-.98.29c-1.58.47-3.15.96-4.67,1.47l-.22.08c-1.5.5-2.96,1.02-4.4,1.56l-.8.29c-1.45.54-2.87,1.1-4.25,1.67l-.74.31c-1.4.58-2.77,1.17-4.22,1.81-1.38.62-2.72,1.25-4.05,1.89l-.68.33c-1.29.63-2.55,1.26-3.79,1.91l-.41.22c-1.21.63-2.39,1.27-3.55,1.91l-.26.14c-1.19.67-2.36,1.33-3.49,2l-.49.29c-.82.48-1.63.98-2.44,1.48,7.48,8.63,16.27,16.14,25.01,23.6.7-.34,1.4-.68,2.12-1.02l1.16-.54c.64-.29,1.3-.58,1.96-.87.5-.22,1.01-.43,1.52-.64.68-.29,1.28-.54,1.9-.78,1.05-.42,2.13-.83,3.22-1.23.35-.13.71-.25,1.07-.38l.55-.19c.75-.26,1.5-.52,2.26-.76.56-.18,1.13-.37,1.71-.54.87-.27,1.76-.53,2.66-.79l1.35-.39c1.33-.36,2.67-.7,4.03-1.02l1.35-.3c1.04-.23,2.08-.45,3.14-.65.5-.1,1-.19,1.5-.28,1.27-.23,2.55-.43,3.85-.62l.74-.11c1.54-.21,3.11-.39,4.7-.55l1.36-.12c1.23-.11,2.46-.19,3.7-.26l1.47-.08c2.63-.11,5.25-.17,8.13-.04l1.02.06c.73.04,1.46.09,2.22.15l1.23.11c.73.07,1.47.15,2.22.24.42.05.85.1,1.28.16.82.11,1.67.23,2.52.37l1.06.16c1.16.19,2.36.4,3.56.64l1.32.27c.79.16,1.6.33,2.41.51.56.13,1.13.26,1.69.4.71.17,1.42.34,2.14.52.6.15,1.21.31,1.81.47.7.19,1.4.38,2.11.58l.34.1c.49.14.99.28,1.49.43.79.23,1.57.48,2.37.73,1.04.33,2.02.65,2.99.98l.31.1c.63.22,1.27.43,1.9.66.66.24,1.33.49,1.99.74.64.24,1.28.48,1.92.73.68.27,1.36.54,2.04.82.62.25,1.24.52,1.86.79.67.29,1.35.58,2.02.88.58.26,1.16.53,1.74.8l.65.3c.48.22.96.44,1.43.68,4.23,2.07,8.17,4.29,11.72,6.62l4.35,2.87,30.55-24.26c-4.02-2.72-7.99-5.36-11.82-7.88-23.57-15.44-57.16-25.82-83.59-25.82-1.81,0-3.76.04-5.94.13\"><\/path><g class=\"cls-1\"><rect class=\"cls-3\" x=\"41.2\" y=\"10.44\" width=\"176.74\" height=\"57.95\"><\/rect><\/g><\/g><\/g><\/g><\/svg>\t\t\t<\/div>\n\t\t<\/div>\n\t\t\t\t\t\t<\/div>\n\t\t\t\t<\/div>\n\t\t\t\t<\/div>\n\t\t<div class=\"elementor-element elementor-element-ed07689 e-con-full e-flex e-con e-child\" data-id=\"ed07689\" data-element_type=\"container\" data-e-type=\"container\" data-settings=\"{&quot;jet_parallax_layout_list&quot;:[]}\">\n\t\t\t\t<div class=\"elementor-element elementor-element-46d0f41 elementor-shape-rounded elementor-grid-0 e-grid-align-center elementor-widget elementor-widget-social-icons\" data-id=\"46d0f41\" data-element_type=\"widget\" data-e-type=\"widget\" data-widget_type=\"social-icons.default\">\n\t\t\t\t<div class=\"elementor-widget-container\">\n\t\t\t\t\t\t\t<div class=\"elementor-social-icons-wrapper elementor-grid\" role=\"list\">\n\t\t\t\t\t\t\t<span class=\"elementor-grid-item\" role=\"listitem\">\n\t\t\t\t\t<a class=\"elementor-icon elementor-social-icon elementor-social-icon-facebook elementor-repeater-item-2eeba96\" target=\"_blank\">\n\t\t\t\t\t\t<span class=\"elementor-screen-only\">Facebook<\/span>\n\t\t\t\t\t\t<i aria-hidden=\"true\" class=\"fab fa-facebook\"><\/i>\t\t\t\t\t<\/a>\n\t\t\t\t<\/span>\n\t\t\t\t\t\t\t<span class=\"elementor-grid-item\" role=\"listitem\">\n\t\t\t\t\t<a class=\"elementor-icon elementor-social-icon elementor-social-icon-instagram elementor-repeater-item-b105270\" href=\"https:\/\/www.instagram.com\/presbiterianawintergarden\/\" target=\"_blank\">\n\t\t\t\t\t\t<span class=\"elementor-screen-only\">Instagram<\/span>\n\t\t\t\t\t\t<i aria-hidden=\"true\" class=\"fab fa-instagram\"><\/i>\t\t\t\t\t<\/a>\n\t\t\t\t<\/span>\n\t\t\t\t\t\t\t<span class=\"elementor-grid-item\" role=\"listitem\">\n\t\t\t\t\t<a class=\"elementor-icon elementor-social-icon elementor-social-icon-youtube elementor-repeater-item-d5a812d\" target=\"_blank\">\n\t\t\t\t\t\t<span class=\"elementor-screen-only\">Youtube<\/span>\n\t\t\t\t\t\t<i aria-hidden=\"true\" class=\"fab fa-youtube\"><\/i>\t\t\t\t\t<\/a>\n\t\t\t\t<\/span>\n\t\t\t\t\t<\/div>\n\t\t\t\t\t\t<\/div>\n\t\t\t\t<\/div>\n\t\t\t\t<\/div>\n\t\t<div class=\"elementor-element elementor-element-13c4a54 e-con-full e-flex e-con e-child\" data-id=\"13c4a54\" data-element_type=\"container\" data-e-type=\"container\" data-settings=\"{&quot;jet_parallax_layout_list&quot;:[]}\">\n\t\t\t\t<div class=\"elementor-element elementor-element-4110131 elementor-widget elementor-widget-heading\" data-id=\"4110131\" data-element_type=\"widget\" data-e-type=\"widget\" data-widget_type=\"heading.default\">\n\t\t\t\t<div class=\"elementor-widget-container\">\n\t\t\t\t\t<h2 class=\"elementor-heading-title elementor-size-default\"><b>Igreja Presbiteriana<\/b> <br> de Winter Garden<\/h2>\t\t\t\t<\/div>\n\t\t\t\t<\/div>\n\t\t\t\t<\/div>\n\t\t\t\t\t<\/div>\n\t\t\t\t<\/div>\n\t\t\t\t<\/div>\n\t\t","protected":false},"excerpt":{"rendered":"<p>Bem-vindo a Igreja Presbiteriana de Winter Garden Facebook Instagram Youtube Domingo, Caf\u00e9 da manh\u00e3 \u00e0s 9:30 am Domingo, Culto \u00e0s 10:30 am Domingo, Escola B\u00edblica\u00e0s 12 pm Nossa Agenda Domingo, Almo\u00e7o\u00e0s 12 pm TODO O PRIMEIRO DOMINGO DO M\u00caS Sexta, Encontrodos Jovens e adolescentes\u00e0s 7:30 pm TODAS AS SEXTAS-FEIRAS DO M\u00caS Ter\u00e7a, Reuni\u00e3o das Mulheres\u00e0s [&hellip;]<\/p>\n","protected":false},"author":1,"featured_media":0,"parent":0,"menu_order":0,"comment_status":"closed","ping_status":"closed","template":"elementor_canvas","meta":{"footnotes":""},"class_list":["post-12","page","type-page","status-publish","hentry"],"_links":{"self":[{"href":"https:\/\/igrejapresbiteriana.com\/index.php\/wp-json\/wp\/v2\/pages\/12","targetHints":{"allow":["GET"]}}],"collection":[{"href":"https:\/\/igrejapresbiteriana.com\/index.php\/wp-json\/wp\/v2\/pages"}],"about":[{"href":"https:\/\/igrejapresbiteriana.com\/index.php\/wp-json\/wp\/v2\/types\/page"}],"author":[{"embeddable":true,"href":"https:\/\/igrejapresbiteriana.com\/index.php\/wp-json\/wp\/v2\/users\/1"}],"replies":[{"embeddable":true,"href":"https:\/\/igrejapresbiteriana.com\/index.php\/wp-json\/wp\/v2\/comments?post=12"}],"version-history":[{"count":314,"href":"https:\/\/igrejapresbiteriana.com\/index.php\/wp-json\/wp\/v2\/pages\/12\/revisions"}],"predecessor-version":[{"id":500,"href":"https:\/\/igrejapresbiteriana.com\/index.php\/wp-json\/wp\/v2\/pages\/12\/revisions\/500"}],"wp:attachment":[{"href":"https:\/\/igrejapresbiteriana.com\/index.php\/wp-json\/wp\/v2\/media?parent=12"}],"curies":[{"name":"wp","href":"https:\/\/api.w.org\/{rel}","templated":true}]}}